{"version":"1.0","provider_name":"Av. Deniz Can K\u0131z\u0131l","provider_url":"https:\/\/denizcankizil.tr\/de","author_name":"admin","author_url":"https:\/\/denizcankizil.tr\/de\/author\/admin\/","title":"Vali Masatl\u0131\u2019dan 6 \u015eubat\u0131 Anma Mesaj\u0131\u2026","type":"rich","width":600,"height":338,"html":"<blockquote class=\"wp-embedded-content\" data-secret=\"7mTcObQ8fQ\"><a href=\"https:\/\/denizcankizil.tr\/de\/haberler\/gundem\/vali-masatlidan-6-subati-anma-mesaji\/\">Vali Masatl\u0131\u2019dan 6 \u015eubat\u0131 Anma Mesaj\u0131\u2026<\/a><\/blockquote><iframe sandbox=\"allow-scripts\" security=\"restricted\" src=\"https:\/\/denizcankizil.tr\/de\/haberler\/gundem\/vali-masatlidan-6-subati-anma-mesaji\/embed\/#?secret=7mTcObQ8fQ\" width=\"600\" height=\"338\" title=\"&#8222;Vali Masatl\u0131\u2019dan 6 \u015eubat\u0131 Anma Mesaj\u0131\u2026&#8220; &#8211; Av. Deniz Can K\u0131z\u0131l\" data-secret=\"7mTcObQ8fQ\" frameborder=\"0\" marginwidth=\"0\" marginheight=\"0\" scrolling=\"no\" class=\"wp-embedded-content\"><\/iframe><script>\n\/*! This file is auto-generated *\/\n!function(d,l){\"use strict\";l.querySelector&&d.addEventListener&&\"undefined\"!=typeof URL&&(d.wp=d.wp||{},d.wp.receiveEmbedMessage||(d.wp.receiveEmbedMessage=function(e){var t=e.data;if((t||t.secret||t.message||t.value)&&!\/[^a-zA-Z0-9]\/.test(t.secret)){for(var s,r,n,a=l.querySelectorAll('iframe[data-secret=\"'+t.secret+'\"]'),o=l.querySelectorAll('blockquote[data-secret=\"'+t.secret+'\"]'),c=new RegExp(\"^https?:$\",\"i\"),i=0;i<o.length;i++)o[i].style.display=\"none\";for(i=0;i<a.length;i++)s=a[i],e.source===s.contentWindow&&(s.removeAttribute(\"style\"),\"height\"===t.message?(1e3<(r=parseInt(t.value,10))?r=1e3:~~r<200&&(r=200),s.height=r):\"link\"===t.message&&(r=new URL(s.getAttribute(\"src\")),n=new URL(t.value),c.test(n.protocol))&&n.host===r.host&&l.activeElement===s&&(d.top.location.href=t.value))}},d.addEventListener(\"message\",d.wp.receiveEmbedMessage,!1),l.addEventListener(\"DOMContentLoaded\",function(){for(var e,t,s=l.querySelectorAll(\"iframe.wp-embedded-content\"),r=0;r<s.length;r++)(t=(e=s[r]).getAttribute(\"data-secret\"))||(t=Math.random().toString(36).substring(2,12),e.src+=\"#?secret=\"+t,e.setAttribute(\"data-secret\",t)),e.contentWindow.postMessage({message:\"ready\",secret:t},\"*\")},!1)))}(window,document);\n\/\/# sourceURL=https:\/\/denizcankizil.tr\/wp-includes\/js\/wp-embed.min.js\n<\/script>","description":"Vali Masatl\u0131, bu b\u00fcy\u00fck felaketin on binlerce can kayb\u0131na ve maddi-manevi b\u00fcy\u00fck y\u0131k\u0131mlara neden oldu\u011funu belirterek, \u201cAc\u0131 h\u00e2l\u00e2 taze. Unutmad\u0131k! Aziz Milletimizin birlik ve beraberlik ruhu bu felaketin ard\u0131ndan en g\u00fc\u00e7l\u00fc \u015fekilde sergilendi. Depremin ilk anlar\u0131ndan itibaren g\u00f6sterilen dayan\u0131\u015fman\u0131n, T\u00fcrk milletinin zor zamanlarda birbirine nas\u0131l kenetlendi\u011finin bir kan\u0131t\u0131\u201d dedi. YEN\u0130DEN \u0130N\u015eA S\u00dcREC\u0130 VE DEVLET\u0130N DESTEKLER\u0130 Hatay\u2019\u0131n yeniden in\u015fas\u0131 i\u00e7in uzun soluklu bir s\u00fcrecin y\u00fcr\u00fct\u00fcld\u00fc\u011f\u00fcne dikkat \u00e7eken Vali Masatl\u0131, &#8220;Bu s\u00fcre\u00e7te en b\u00fcy\u00fck g\u00fcc\u00fcm\u00fcz, birlik ve beraberli\u011fimizdir&#8221; dedi. Cumhurba\u015fkan\u0131 Recep Tayyip Erdo\u011fan\u2019\u0131n liderli\u011finde, G\u00fc\u00e7l\u00fc Devlet anlay\u0131\u015f\u0131yla b\u00f6lgede D\u00fcnyan\u0131n En B\u00fcy\u00fck \u0130yile\u015ftirme Operasyonunun y\u00fcr\u00fct\u00fcld\u00fc\u011f\u00fcn\u00fc hat\u0131rlatan vali Masatl\u0131 deprem sonras\u0131 ba\u015flat\u0131lan \u00e7al\u0131\u015fmalar kapsam\u0131nda; Ge\u00e7ici bar\u0131nmadan kal\u0131c\u0131 konutlara, Altyap\u0131dan e\u011fitime, Sa\u011fl\u0131ktan sanayiye, K\u00fclt\u00fcrel ve sosyal projelerden \u00e7evre d\u00fczenlemelerine kadar geni\u015f bir yelpazede ad\u0131mlar at\u0131ld\u0131\u011f\u0131na vurgu yapt\u0131. Masatl\u0131, iki y\u0131l gibi k\u0131sa bir s\u00fcrede b\u00fcy\u00fck ilerlemeler kaydedildi\u011fini belirterek, &#8220;\u0130nsan\u0131 ya\u015fat ki devlet ya\u015fas\u0131n&#8221; anlay\u0131\u015f\u0131yla \u015fehirde hayat\u0131n sa\u011fl\u0131kl\u0131 bir \u015fekilde s\u00fcrd\u00fcr\u00fclebilmesi i\u00e7in \u00e7al\u0131\u015fmalar\u0131n h\u0131z kesmeden devam etti\u011fini ifade etti. GELECE\u011eE DAHA G\u00dc\u00c7L\u00dc B\u0130R HATAY BIRAKACA\u011eIZ Deprem b\u00f6lgesinde yap\u0131lan \u00e7al\u0131\u015fmalardan ders \u00e7\u0131karman\u0131n \u00f6nemine de\u011finen Vali Masatl\u0131, &#8220;Gelece\u011fimizi daha sa\u011flam temeller \u00fczerine in\u015fa etmek zorunday\u0131z, Hatay eskisinden daha g\u00fc\u00e7l\u00fc bir \u015fehir olarak aya\u011fa kalkacak. Tarihin her d\u00f6neminde b\u00fcy\u00fck ac\u0131lar ya\u015famas\u0131na ra\u011fmen k\u00fcllerinden yeniden do\u011fmay\u0131 ba\u015farm\u0131\u015f bir \u015fehrin emanet\u00e7ileriyiz. &hellip;"}