{"version":"1.0","provider_name":"Av. Deniz Can K\u0131z\u0131l","provider_url":"https:\/\/denizcankizil.tr\/de","author_name":"admin","author_url":"https:\/\/denizcankizil.tr\/de\/author\/admin\/","title":"Vali g\u00f6revini Ali Kemal Co\u015fkun\u2019a devretti...","type":"rich","width":600,"height":338,"html":"<blockquote class=\"wp-embedded-content\" data-secret=\"Ai20DPYWEw\"><a href=\"https:\/\/denizcankizil.tr\/de\/haberler\/gundem\/vali-gorevini-ali-kemal-coskuna-devretti\/\">Vali g\u00f6revini Ali Kemal Co\u015fkun\u2019a devretti&#8230;<\/a><\/blockquote><iframe sandbox=\"allow-scripts\" security=\"restricted\" src=\"https:\/\/denizcankizil.tr\/de\/haberler\/gundem\/vali-gorevini-ali-kemal-coskuna-devretti\/embed\/#?secret=Ai20DPYWEw\" width=\"600\" height=\"338\" title=\"&#8222;Vali g\u00f6revini Ali Kemal Co\u015fkun\u2019a devretti&#8230;&#8220; &#8211; Av. Deniz Can K\u0131z\u0131l\" data-secret=\"Ai20DPYWEw\" frameborder=\"0\" marginwidth=\"0\" marginheight=\"0\" scrolling=\"no\" class=\"wp-embedded-content\"><\/iframe><script>\n\/*! This file is auto-generated *\/\n!function(d,l){\"use strict\";l.querySelector&&d.addEventListener&&\"undefined\"!=typeof URL&&(d.wp=d.wp||{},d.wp.receiveEmbedMessage||(d.wp.receiveEmbedMessage=function(e){var t=e.data;if((t||t.secret||t.message||t.value)&&!\/[^a-zA-Z0-9]\/.test(t.secret)){for(var s,r,n,a=l.querySelectorAll('iframe[data-secret=\"'+t.secret+'\"]'),o=l.querySelectorAll('blockquote[data-secret=\"'+t.secret+'\"]'),c=new RegExp(\"^https?:$\",\"i\"),i=0;i<o.length;i++)o[i].style.display=\"none\";for(i=0;i<a.length;i++)s=a[i],e.source===s.contentWindow&&(s.removeAttribute(\"style\"),\"height\"===t.message?(1e3<(r=parseInt(t.value,10))?r=1e3:~~r<200&&(r=200),s.height=r):\"link\"===t.message&&(r=new URL(s.getAttribute(\"src\")),n=new URL(t.value),c.test(n.protocol))&&n.host===r.host&&l.activeElement===s&&(d.top.location.href=t.value))}},d.addEventListener(\"message\",d.wp.receiveEmbedMessage,!1),l.addEventListener(\"DOMContentLoaded\",function(){for(var e,t,s=l.querySelectorAll(\"iframe.wp-embedded-content\"),r=0;r<s.length;r++)(t=(e=s[r]).getAttribute(\"data-secret\"))||(t=Math.random().toString(36).substring(2,12),e.src+=\"#?secret=\"+t,e.setAttribute(\"data-secret\",t)),e.contentWindow.postMessage({message:\"ready\",secret:t},\"*\")},!1)))}(window,document);\n\/\/# sourceURL=https:\/\/denizcankizil.tr\/wp-includes\/js\/wp-embed.min.js\n<\/script>","description":"Ziyarette \u00f6\u011frencilerle sohbet eden Vali Masatl\u0131, makam koltu\u011funu temsili olarak 3. s\u0131n\u0131f \u00f6\u011frencisi Ali Kemal Co\u015fkun\u2019a devretti. Hatay Valili\u011fi g\u00f6revini devralan Ali Kemal Co\u015fkun ya\u015fanan deprem felaketinin ard\u0131ndan ilin yeniden aya\u011fa kalkmas\u0131 i\u00e7in devlet b\u00fcy\u00fcklerinin destekleriyle Vali Masatl\u0131\u2019n\u0131n \u00f6zveriyle \u00e7al\u0131\u015ft\u0131\u011f\u0131n\u0131 belirterek, \u201cValimize te\u015fekk\u00fcr ediyor, g\u00fczel g\u00fcnlerin yak\u0131nda oldu\u011funa inan\u0131yoruz\u201d diye konu\u015ftu. Vali Masatl\u0131, t\u00fcm \u00e7ocuklar\u0131n 23 Nisan Ulusal Egemenlik ve \u00c7ocuk Bayram\u0131\u2019n\u0131 kutlayarak, \u00e7ocuklar\u0131n sa\u011fl\u0131kl\u0131, mutlu ve donan\u0131ml\u0131 bireyler olarak yeti\u015fmesi ad\u0131na devletin t\u00fcm imk\u00e2nlar\u0131yla sahada oldu\u011funu vurgulayarak \u201c\u00c7ocuklar\u0131m\u0131z, \u0130stiklal ve \u0130stikbalimizin Teminat\u0131d\u0131r\u201d dedi. Ayr\u0131ca Afette Hatay Modeli kapsam\u0131nda il genelinde s\u00fcrd\u00fcr\u00fclen e\u011fitim-\u00f6\u011fretim faaliyetlerine ili\u015fkin bilgi verdi. \u200bHatay Valisi Mustafa Masatl\u0131, 23 Nisan Ulusal Egemenlik ve \u00c7ocuk Bayram\u0131 etkinlikleri kapsam\u0131nda Antakya Haydar Mursalo\u011flu \u0130lkokulu idareci, \u00f6\u011fretmen ve \u00f6\u011frencilerini makam\u0131nda a\u011f\u0131rlad\u0131.\u00a0 \u200bHaberin Al\u0131nt\u0131land\u0131\u011f\u0131 Kaynak: www.iskenderun.org"}