{"version":"1.0","provider_name":"Av. Deniz Can K\u0131z\u0131l","provider_url":"https:\/\/denizcankizil.tr\/de","author_name":"admin","author_url":"https:\/\/denizcankizil.tr\/de\/author\/admin\/","title":"\u00dcst\u00fcn: \u201cPop\u00fclizmle De\u011fil, Hizmetle Yola Devam Ediyoruz\u201d","type":"rich","width":600,"height":338,"html":"<blockquote class=\"wp-embedded-content\" data-secret=\"308a7NMJyi\"><a href=\"https:\/\/denizcankizil.tr\/de\/haberler\/gundem\/ustun-populizmle-degil-hizmetle-yola-devam-ediyoruz\/\">\u00dcst\u00fcn: \u201cPop\u00fclizmle De\u011fil, Hizmetle Yola Devam Ediyoruz\u201d<\/a><\/blockquote><iframe sandbox=\"allow-scripts\" security=\"restricted\" src=\"https:\/\/denizcankizil.tr\/de\/haberler\/gundem\/ustun-populizmle-degil-hizmetle-yola-devam-ediyoruz\/embed\/#?secret=308a7NMJyi\" width=\"600\" height=\"338\" title=\"&#8222;\u00dcst\u00fcn: \u201cPop\u00fclizmle De\u011fil, Hizmetle Yola Devam Ediyoruz\u201d&#8220; &#8211; Av. Deniz Can K\u0131z\u0131l\" data-secret=\"308a7NMJyi\" frameborder=\"0\" marginwidth=\"0\" marginheight=\"0\" scrolling=\"no\" class=\"wp-embedded-content\"><\/iframe><script>\n\/*! This file is auto-generated *\/\n!function(d,l){\"use strict\";l.querySelector&&d.addEventListener&&\"undefined\"!=typeof URL&&(d.wp=d.wp||{},d.wp.receiveEmbedMessage||(d.wp.receiveEmbedMessage=function(e){var t=e.data;if((t||t.secret||t.message||t.value)&&!\/[^a-zA-Z0-9]\/.test(t.secret)){for(var s,r,n,a=l.querySelectorAll('iframe[data-secret=\"'+t.secret+'\"]'),o=l.querySelectorAll('blockquote[data-secret=\"'+t.secret+'\"]'),c=new RegExp(\"^https?:$\",\"i\"),i=0;i<o.length;i++)o[i].style.display=\"none\";for(i=0;i<a.length;i++)s=a[i],e.source===s.contentWindow&&(s.removeAttribute(\"style\"),\"height\"===t.message?(1e3<(r=parseInt(t.value,10))?r=1e3:~~r<200&&(r=200),s.height=r):\"link\"===t.message&&(r=new URL(s.getAttribute(\"src\")),n=new URL(t.value),c.test(n.protocol))&&n.host===r.host&&l.activeElement===s&&(d.top.location.href=t.value))}},d.addEventListener(\"message\",d.wp.receiveEmbedMessage,!1),l.addEventListener(\"DOMContentLoaded\",function(){for(var e,t,s=l.querySelectorAll(\"iframe.wp-embedded-content\"),r=0;r<s.length;r++)(t=(e=s[r]).getAttribute(\"data-secret\"))||(t=Math.random().toString(36).substring(2,12),e.src+=\"#?secret=\"+t,e.setAttribute(\"data-secret\",t)),e.contentWindow.postMessage({message:\"ready\",secret:t},\"*\")},!1)))}(window,document);\n\/\/# sourceURL=https:\/\/denizcankizil.tr\/wp-includes\/js\/wp-embed.min.js\n<\/script>","description":"\u0130l\u00e7enin geli\u015fimi ve belediyenin \u00e7al\u0131\u015fmalar\u0131 hakk\u0131nda kamuoyunu bilgilendirmek amac\u0131yla Arsuz Belediye Ba\u015fkan\u0131 Sami \u00dcst\u00fcn&#8217;\u00fcn bas\u0131nla bulu\u015fma toplant\u0131s\u0131na belediye meclis \u00fcyeleri ve daire m\u00fcd\u00fcrleri de kat\u0131ld\u0131. Arsuz Belediye Ba\u015fkan\u0131 Sami \u00dcst\u00fcn, d\u00fczenledi\u011fi bas\u0131n toplant\u0131s\u0131nda g\u00f6rev s\u00fcresi boyunca izledi\u011fi y\u00f6netim anlay\u0131\u015f\u0131n\u0131 ve gelece\u011fe dair planlar\u0131n\u0131 kamuoyuyla payla\u015ft\u0131. G\u00f6reve geldikleri ilk g\u00fcnden itibaren programl\u0131 bir \u00e7al\u0131\u015fma y\u00fcr\u00fctt\u00fcklerini vurgulayan Ba\u015fkan \u00dcst\u00fcn, \u201cGeldi\u011fimiz bu temsiliyet noktas\u0131nda, memleketimizin ihtiya\u00e7lar\u0131 do\u011frultusunda yine be\u015f y\u0131ll\u0131k bir programlamayla yola \u00e7\u0131k\u0131yoruz. Biz hi\u00e7bir zaman vatanda\u015f\u0131n g\u00f6z\u00fcn\u00fc boyayan, kand\u0131rmacalarla siyaset yapan bir anlay\u0131\u015f\u0131 benimsemedik\u201d diye konu\u015ftu. \u201cS\u0130YASET \u0130\u00c7\u0130N DE\u011e\u0130L, H\u0130ZMET \u0130\u00c7\u0130N BURADAYIZ\u201d Kendisinin hem siyaset\u00e7i hem de bir e\u011fitimci kimli\u011fi oldu\u011funa dikkat \u00e7eken Arsuz Belediye Ba\u015fkan\u0131 Sami \u00dcst\u00fcn, \u201cSami Ba\u015fkan\u2019\u0131n, Sami Hoca\u2019ya zarar vermesine asla m\u00fcsaade etmem. Kendime olan sayg\u0131m\u0131 hi\u00e7bir makam, hi\u00e7bir z\u00fcmreyle g\u00f6lgelemem. Ele\u015ftirilerin, iyi niyetli ele\u015ftiriler ile y\u0131pratma ama\u00e7l\u0131 yaz\u0131lar\u0131n birbirine kar\u0131\u015ft\u0131r\u0131lmamas\u0131 gerekir. Demokratik bir ortamda herkesin fikirlerini dile getirme hakk\u0131 var, ancak bu \u00f6zg\u00fcrl\u00fc\u011f\u00fcn k\u00f6t\u00fcye kullan\u0131lmamas\u0131 gerekti\u011fini d\u00fc\u015f\u00fcn\u00fcyorum. O y\u00fczden Kalemi silah gibi kullananlar var. Ama biz bu il\u00e7enin ger\u00e7eklerini bilen, siyaset de\u011fil hizmet i\u00e7in gelen insanlar\u0131z. Bu y\u00fczden kimsenin endi\u015fesi olmas\u0131n; gece g\u00fcnd\u00fcz demeden \u00e7al\u0131\u015faca\u011f\u0131z\u201d \u015feklinde konu\u015ftu. \u201cKOLTUK SEVDALILARI \u0130\u00c7\u0130N D\u00d6NEM KAPANDI\u201d Baz\u0131 ki\u015filerin kendisinin ba\u015far\u0131s\u0131z olmas\u0131n\u0131 umarak siyaset \u00fcretmeye \u00e7al\u0131\u015ft\u0131\u011f\u0131n\u0131 ifade eden \u00dcst\u00fcn \u201cBu koltu\u011fu &hellip;"}