{"version":"1.0","provider_name":"Av. Deniz Can K\u0131z\u0131l","provider_url":"https:\/\/denizcankizil.tr\/de","author_name":"Antalya K\u00f6rfez","author_url":"https:\/\/denizcankizil.tr\/de\/author\/www-antalyakorfez-com\/","title":"Twitter \u00e7\u00f6kt\u00fc m\u00fc? Bakanl\u0131ktan a\u00e7\u0131klama geldi","type":"rich","width":600,"height":338,"html":"<blockquote class=\"wp-embedded-content\" data-secret=\"1sBmRKMx8r\"><a href=\"https:\/\/denizcankizil.tr\/de\/haberler\/gundem\/twitter-coktu-mu-bakanliktan-aciklama-geldi\/\">Twitter \u00e7\u00f6kt\u00fc m\u00fc? Bakanl\u0131ktan a\u00e7\u0131klama geldi<\/a><\/blockquote><iframe sandbox=\"allow-scripts\" security=\"restricted\" src=\"https:\/\/denizcankizil.tr\/de\/haberler\/gundem\/twitter-coktu-mu-bakanliktan-aciklama-geldi\/embed\/#?secret=1sBmRKMx8r\" width=\"600\" height=\"338\" title=\"&#8222;Twitter \u00e7\u00f6kt\u00fc m\u00fc? Bakanl\u0131ktan a\u00e7\u0131klama geldi&#8220; &#8211; Av. Deniz Can K\u0131z\u0131l\" data-secret=\"1sBmRKMx8r\" frameborder=\"0\" marginwidth=\"0\" marginheight=\"0\" scrolling=\"no\" class=\"wp-embedded-content\"><\/iframe><script>\n\/*! This file is auto-generated *\/\n!function(d,l){\"use strict\";l.querySelector&&d.addEventListener&&\"undefined\"!=typeof URL&&(d.wp=d.wp||{},d.wp.receiveEmbedMessage||(d.wp.receiveEmbedMessage=function(e){var t=e.data;if((t||t.secret||t.message||t.value)&&!\/[^a-zA-Z0-9]\/.test(t.secret)){for(var s,r,n,a=l.querySelectorAll('iframe[data-secret=\"'+t.secret+'\"]'),o=l.querySelectorAll('blockquote[data-secret=\"'+t.secret+'\"]'),c=new RegExp(\"^https?:$\",\"i\"),i=0;i<o.length;i++)o[i].style.display=\"none\";for(i=0;i<a.length;i++)s=a[i],e.source===s.contentWindow&&(s.removeAttribute(\"style\"),\"height\"===t.message?(1e3<(r=parseInt(t.value,10))?r=1e3:~~r<200&&(r=200),s.height=r):\"link\"===t.message&&(r=new URL(s.getAttribute(\"src\")),n=new URL(t.value),c.test(n.protocol))&&n.host===r.host&&l.activeElement===s&&(d.top.location.href=t.value))}},d.addEventListener(\"message\",d.wp.receiveEmbedMessage,!1),l.addEventListener(\"DOMContentLoaded\",function(){for(var e,t,s=l.querySelectorAll(\"iframe.wp-embedded-content\"),r=0;r<s.length;r++)(t=(e=s[r]).getAttribute(\"data-secret\"))||(t=Math.random().toString(36).substring(2,12),e.src+=\"#?secret=\"+t,e.setAttribute(\"data-secret\",t)),e.contentWindow.postMessage({message:\"ready\",secret:t},\"*\")},!1)))}(window,document);\n\/\/# sourceURL=https:\/\/denizcankizil.tr\/wp-includes\/js\/wp-embed.min.js\n<\/script>","description":"T\u00fcrkiye&#8217;de ve d\u00fcnyada milyonlarca kullan\u0131c\u0131s\u0131 olan sosyal medya platformu X \u00e7\u00f6kt\u00fc. Platforma saatlerdir eri\u015fim sa\u011flanamazken, sorunun k\u00fcresel \u00e7apta ya\u015fand\u0131\u011f\u0131 \u00f6\u011frenildi. BAKANLIKTAN A\u00c7IKLAMA GELD\u0130 Konuya ili\u015fkin X&#8217;ten resmi bir a\u00e7\u0131klama gelmedi. Ula\u015ft\u0131rma ve Altyap\u0131 Bakan Yard\u0131mc\u0131s\u0131 \u00d6mer Fatih Sayan ise X (Twitter) servislerinde global bir hizmet kesintisi meydana geldi\u011fini belirterek, &#8220;Ulusal Siber Olaylara M\u00fcdahale Merkezimiz (USOM) taraf\u0131ndan da raporlanan kesinti ile ilgili X&#8217;den bilgi talep edildi, ekiplerimiz s\u00fcreci takip ediyor.&#8221; ifadesini kulland\u0131. Sayan, sosyal medya hesab\u0131ndan, X&#8217;de ya\u015fanan kesintiye ili\u015fkin payla\u015f\u0131m\u0131nda, \u015fu bilgilere yer verdi: &#8220;X servislerinde global bir hizmet kesintisi meydana geldi. USOM taraf\u0131ndan da raporlanan kesinti ile ilgili X&#8217;den bilgi talep edildi. USOM ekiplerimiz s\u00fcreci takip ediyorlar.&#8221; \u00a0 \u200bMilyonlarca kullan\u0131c\u0131s\u0131 olan Twitter (X) platformuna saatlerdi eri\u015filemiyor. Konuyla alakal\u0131 a\u00e7\u0131klama yapan Ula\u015ft\u0131rma ve Altyap\u0131 Bakan Yard\u0131mc\u0131s\u0131 \u00d6mer Fatih Sayan \u201cUlusal Siber Olaylara M\u00fcdahale Merkezimiz (USOM) taraf\u0131ndan da raporlanan kesinti ile ilgili X&#8217;den bilgi talep edildi, ekiplerimiz s\u00fcreci takip ediyor&#8221; dedi.\u00a0 \u200bHaberin Al\u0131nt\u0131land\u0131\u011f\u0131 Kaynak: www.antalyakorfez.com"}