{"version":"1.0","provider_name":"Av. Deniz Can K\u0131z\u0131l","provider_url":"https:\/\/denizcankizil.tr\/de","author_name":"Antalya K\u00f6rfez","author_url":"https:\/\/denizcankizil.tr\/de\/author\/www-antalyakorfez-com\/","title":"T\u00fcrkiye, \u00c7in-Avrupa ta\u015f\u0131mac\u0131l\u0131\u011f\u0131nda kilit \u00fclke olacak","type":"rich","width":600,"height":338,"html":"<blockquote class=\"wp-embedded-content\" data-secret=\"Fok4GG0EzX\"><a href=\"https:\/\/denizcankizil.tr\/de\/haberler\/gundem\/turkiye-cin-avrupa-tasimaciliginda-kilit-ulke-olacak\/\">T\u00fcrkiye, \u00c7in-Avrupa ta\u015f\u0131mac\u0131l\u0131\u011f\u0131nda kilit \u00fclke olacak<\/a><\/blockquote><iframe sandbox=\"allow-scripts\" security=\"restricted\" src=\"https:\/\/denizcankizil.tr\/de\/haberler\/gundem\/turkiye-cin-avrupa-tasimaciliginda-kilit-ulke-olacak\/embed\/#?secret=Fok4GG0EzX\" width=\"600\" height=\"338\" title=\"&#8222;T\u00fcrkiye, \u00c7in-Avrupa ta\u015f\u0131mac\u0131l\u0131\u011f\u0131nda kilit \u00fclke olacak&#8220; &#8211; Av. Deniz Can K\u0131z\u0131l\" data-secret=\"Fok4GG0EzX\" frameborder=\"0\" marginwidth=\"0\" marginheight=\"0\" scrolling=\"no\" class=\"wp-embedded-content\"><\/iframe><script>\n\/*! This file is auto-generated *\/\n!function(d,l){\"use strict\";l.querySelector&&d.addEventListener&&\"undefined\"!=typeof URL&&(d.wp=d.wp||{},d.wp.receiveEmbedMessage||(d.wp.receiveEmbedMessage=function(e){var t=e.data;if((t||t.secret||t.message||t.value)&&!\/[^a-zA-Z0-9]\/.test(t.secret)){for(var s,r,n,a=l.querySelectorAll('iframe[data-secret=\"'+t.secret+'\"]'),o=l.querySelectorAll('blockquote[data-secret=\"'+t.secret+'\"]'),c=new RegExp(\"^https?:$\",\"i\"),i=0;i<o.length;i++)o[i].style.display=\"none\";for(i=0;i<a.length;i++)s=a[i],e.source===s.contentWindow&&(s.removeAttribute(\"style\"),\"height\"===t.message?(1e3<(r=parseInt(t.value,10))?r=1e3:~~r<200&&(r=200),s.height=r):\"link\"===t.message&&(r=new URL(s.getAttribute(\"src\")),n=new URL(t.value),c.test(n.protocol))&&n.host===r.host&&l.activeElement===s&&(d.top.location.href=t.value))}},d.addEventListener(\"message\",d.wp.receiveEmbedMessage,!1),l.addEventListener(\"DOMContentLoaded\",function(){for(var e,t,s=l.querySelectorAll(\"iframe.wp-embedded-content\"),r=0;r<s.length;r++)(t=(e=s[r]).getAttribute(\"data-secret\"))||(t=Math.random().toString(36).substring(2,12),e.src+=\"#?secret=\"+t,e.setAttribute(\"data-secret\",t)),e.contentWindow.postMessage({message:\"ready\",secret:t},\"*\")},!1)))}(window,document);\n\/\/# sourceURL=https:\/\/denizcankizil.tr\/wp-includes\/js\/wp-embed.min.js\n<\/script>","description":"Ula\u015ft\u0131rma ve Altyap\u0131 Bakan\u0131 Abdulkadir Uralo\u011flu, 9. \u0130pek Yolu Uluslararas\u0131 Fuar\u0131 \u00c7in-Avrupa Demiryolu Ekspresi K\u00fcresel Ortaklar E\u015fle\u015ftirme Oturumu\u2019nda konu\u015ftu. Burada \u00f6nemli a\u00e7\u0131klamalarda bulunan Bakan Uralo\u011flu, T\u00fcrkiye\u2019nin Asya ve Avrupa aras\u0131ndaki k\u00f6pr\u00fc g\u00f6revi g\u00f6rmesinin b\u00f6lge i\u00e7in ne kadar \u00f6nemli oldu\u011funa dikkat \u00e7ekti. T\u00dcRK\u0130YE B\u0130R K\u00d6PR\u00dc T\u00fcrkiye\u2019nin jeopolitik konumuna vurgu yapan Bakan Uralo\u011flu, \u201c\u00c7in-Avrupa Demiryolu Ekspresi, bu kadim kenti, modern lojistik a\u011flar\u0131n \u00f6nc\u00fcs\u00fc haline getirirken; T\u00fcrkiye olarak bizler de Asya ile Avrupa aras\u0131ndaki bu yeni \u00c7elik \u0130pek Yolu\u2019nun \u00f6nemli bir bile\u015feniyiz. T\u00fcrkiye, Asya ile Avrupa aras\u0131ndaki k\u00f6pr\u00fc i\u015flevini yerine getiren stratejik konumuyla, Ku\u015fak Yol Giri\u015fiminin modern d\u00fcnyadaki en \u00f6nemli ba\u011flant\u0131 noktalar\u0131ndan birini olu\u015fturmaktad\u0131r\u201d dedi. SON YILLARDA LOJ\u0130ST\u0130K ADINA \u00d6NEML\u0130 HAMLELER YAPILDI Bakan Uralo\u011flu, Orta Koridor\u2019un kilit par\u00e7as\u0131 T\u00fcrkiye\u2019nin hem kara hem demiryolu hem de deniz yoluyla sa\u011flad\u0131\u011f\u0131 g\u00fc\u00e7l\u00fc altyap\u0131 ile \u00c7in-Avrupa ta\u015f\u0131mac\u0131l\u0131\u011f\u0131nda \u00f6nemli bir ge\u00e7i\u015f noktas\u0131 oldu\u011funu belirterek, \u201cT\u00fcrkiye olarak son y\u0131llarda lojistik altyap\u0131m\u0131za b\u00fcy\u00fck yat\u0131r\u0131mlar yapt\u0131\u011f\u0131m\u0131z\u0131 hat\u0131rlatmak isterim. Bak\u00fc-Tiflis-Kars Demir Yolu Hatt\u0131, Marmaray T\u00fcneli gibi mega projelerimizle Asya ve Avrupa aras\u0131nda kesintisiz ula\u015f\u0131m\u0131 sa\u011flamak i\u00e7in gereken altyap\u0131y\u0131 tamamlad\u0131k. Bu yat\u0131r\u0131mlar, Xi\u2019an&#8217;dan T\u00fcrkiye&#8217;ye ve oradan da Avrupa&#8217;ya giden y\u00fcklerin daha verimli ve h\u0131zl\u0131 bir \u015fekilde ta\u015f\u0131nmas\u0131n\u0131 sa\u011flamaktad\u0131r\u201d diye konu\u015ftu. T\u00dcRK\u0130YE K\u0130L\u0130T B\u0130R ROL ALACAK Bakan Uralo\u011flu ayr\u0131ca, ta\u015f\u0131mac\u0131l\u0131\u011f\u0131 daha verimli hale getirebilmek &hellip;"}