{"version":"1.0","provider_name":"Av. Deniz Can K\u0131z\u0131l","provider_url":"https:\/\/denizcankizil.tr\/de","author_name":"admin","author_url":"https:\/\/denizcankizil.tr\/de\/author\/admin\/","title":"Turizmin Oscar\u0131 'Alt\u0131n Elma' Tarsus kentine veriliyor","type":"rich","width":600,"height":338,"html":"<blockquote class=\"wp-embedded-content\" data-secret=\"RMpqwGjAT7\"><a href=\"https:\/\/denizcankizil.tr\/de\/haberler\/gundem\/turizmin-oscari-altin-elma-tarsus-kentine-veriliyor\/\">Turizmin Oscar\u0131 &#8216;Alt\u0131n Elma&#8217; Tarsus kentine veriliyor<\/a><\/blockquote><iframe sandbox=\"allow-scripts\" security=\"restricted\" src=\"https:\/\/denizcankizil.tr\/de\/haberler\/gundem\/turizmin-oscari-altin-elma-tarsus-kentine-veriliyor\/embed\/#?secret=RMpqwGjAT7\" width=\"600\" height=\"338\" title=\"&#8222;Turizmin Oscar\u0131 &#8216;Alt\u0131n Elma&#8217; Tarsus kentine veriliyor&#8220; &#8211; Av. Deniz Can K\u0131z\u0131l\" data-secret=\"RMpqwGjAT7\" frameborder=\"0\" marginwidth=\"0\" marginheight=\"0\" scrolling=\"no\" class=\"wp-embedded-content\"><\/iframe><script>\n\/*! This file is auto-generated *\/\n!function(d,l){\"use strict\";l.querySelector&&d.addEventListener&&\"undefined\"!=typeof URL&&(d.wp=d.wp||{},d.wp.receiveEmbedMessage||(d.wp.receiveEmbedMessage=function(e){var t=e.data;if((t||t.secret||t.message||t.value)&&!\/[^a-zA-Z0-9]\/.test(t.secret)){for(var s,r,n,a=l.querySelectorAll('iframe[data-secret=\"'+t.secret+'\"]'),o=l.querySelectorAll('blockquote[data-secret=\"'+t.secret+'\"]'),c=new RegExp(\"^https?:$\",\"i\"),i=0;i<o.length;i++)o[i].style.display=\"none\";for(i=0;i<a.length;i++)s=a[i],e.source===s.contentWindow&&(s.removeAttribute(\"style\"),\"height\"===t.message?(1e3<(r=parseInt(t.value,10))?r=1e3:~~r<200&&(r=200),s.height=r):\"link\"===t.message&&(r=new URL(s.getAttribute(\"src\")),n=new URL(t.value),c.test(n.protocol))&&n.host===r.host&&l.activeElement===s&&(d.top.location.href=t.value))}},d.addEventListener(\"message\",d.wp.receiveEmbedMessage,!1),l.addEventListener(\"DOMContentLoaded\",function(){for(var e,t,s=l.querySelectorAll(\"iframe.wp-embedded-content\"),r=0;r<s.length;r++)(t=(e=s[r]).getAttribute(\"data-secret\"))||(t=Math.random().toString(36).substring(2,12),e.src+=\"#?secret=\"+t,e.setAttribute(\"data-secret\",t)),e.contentWindow.postMessage({message:\"ready\",secret:t},\"*\")},!1)))}(window,document);\n\/\/# sourceURL=https:\/\/denizcankizil.tr\/wp-includes\/js\/wp-embed.min.js\n<\/script>","description":"D\u00fcnya turizm yazarlar\u0131 ve gazetecileri federasyonu FIJET taraf\u0131ndan d\u00fcnya turizmine katk\u0131 sa\u011flayan destinasyonlara sunulan geleneksel \u201cAlt\u0131n Elma\u201d \u00f6d\u00fcl\u00fc bu y\u0131l 22-24 Nisan 2025 tarihleri aras\u0131nda Tarsus\u2019a Tarsus\u2019ta d\u00fczenlenecek \u00f6d\u00fcl t\u00f6reni ile Tarsus\u2019a\u00a0 verilecek. \u200bD\u00fcnya turizm yazarlar\u0131 ve gazetecileri federasyonu FIJET taraf\u0131ndan d\u00fcnya turizmine katk\u0131 sa\u011flayan destinasyonlara sunulan geleneksel \u201cAlt\u0131n Elma\u201d \u00f6d\u00fcl\u00fc bu y\u0131l 22-24 Nisan 2025 tarihleri aras\u0131nda Tarsus\u2019a Tarsus\u2019ta d\u00fczenlenecek \u00f6d\u00fcl t\u00f6reni ile Tarsus\u2019a\u00a0 verilecek.\u00a0 \u200bHaberin Al\u0131nt\u0131land\u0131\u011f\u0131 Kaynak: www.iskenderun.org"}