{"version":"1.0","provider_name":"Av. Deniz Can K\u0131z\u0131l","provider_url":"https:\/\/denizcankizil.tr\/de","author_name":"admin","author_url":"https:\/\/denizcankizil.tr\/de\/author\/admin\/","title":"S\u00fcne m\u00fccadelesi faydal\u0131 canl\u0131lar\u0131 tehdit ediyor","type":"rich","width":600,"height":338,"html":"<blockquote class=\"wp-embedded-content\" data-secret=\"e4vT0dVxMS\"><a href=\"https:\/\/denizcankizil.tr\/de\/haberler\/gundem\/sune-mucadelesi-faydali-canlilari-tehdit-ediyor\/\">S\u00fcne m\u00fccadelesi faydal\u0131 canl\u0131lar\u0131 tehdit ediyor<\/a><\/blockquote><iframe sandbox=\"allow-scripts\" security=\"restricted\" src=\"https:\/\/denizcankizil.tr\/de\/haberler\/gundem\/sune-mucadelesi-faydali-canlilari-tehdit-ediyor\/embed\/#?secret=e4vT0dVxMS\" width=\"600\" height=\"338\" title=\"&#8222;S\u00fcne m\u00fccadelesi faydal\u0131 canl\u0131lar\u0131 tehdit ediyor&#8220; &#8211; Av. Deniz Can K\u0131z\u0131l\" data-secret=\"e4vT0dVxMS\" frameborder=\"0\" marginwidth=\"0\" marginheight=\"0\" scrolling=\"no\" class=\"wp-embedded-content\"><\/iframe><script>\n\/*! This file is auto-generated *\/\n!function(d,l){\"use strict\";l.querySelector&&d.addEventListener&&\"undefined\"!=typeof URL&&(d.wp=d.wp||{},d.wp.receiveEmbedMessage||(d.wp.receiveEmbedMessage=function(e){var t=e.data;if((t||t.secret||t.message||t.value)&&!\/[^a-zA-Z0-9]\/.test(t.secret)){for(var s,r,n,a=l.querySelectorAll('iframe[data-secret=\"'+t.secret+'\"]'),o=l.querySelectorAll('blockquote[data-secret=\"'+t.secret+'\"]'),c=new RegExp(\"^https?:$\",\"i\"),i=0;i<o.length;i++)o[i].style.display=\"none\";for(i=0;i<a.length;i++)s=a[i],e.source===s.contentWindow&&(s.removeAttribute(\"style\"),\"height\"===t.message?(1e3<(r=parseInt(t.value,10))?r=1e3:~~r<200&&(r=200),s.height=r):\"link\"===t.message&&(r=new URL(s.getAttribute(\"src\")),n=new URL(t.value),c.test(n.protocol))&&n.host===r.host&&l.activeElement===s&&(d.top.location.href=t.value))}},d.addEventListener(\"message\",d.wp.receiveEmbedMessage,!1),l.addEventListener(\"DOMContentLoaded\",function(){for(var e,t,s=l.querySelectorAll(\"iframe.wp-embedded-content\"),r=0;r<s.length;r++)(t=(e=s[r]).getAttribute(\"data-secret\"))||(t=Math.random().toString(36).substring(2,12),e.src+=\"#?secret=\"+t,e.setAttribute(\"data-secret\",t)),e.contentWindow.postMessage({message:\"ready\",secret:t},\"*\")},!1)))}(window,document);\n\/\/# sourceURL=https:\/\/denizcankizil.tr\/wp-includes\/js\/wp-embed.min.js\n<\/script>","description":"Ke\u015fan Bal Birli\u011fi Ba\u015fkan\u0131 Murat Y\u0131lmaz, tarlalarda yap\u0131lacak s\u00fcne m\u00fccadelesine hi\u00e7bir faydas\u0131 bulunmamakta oldu\u011funu ve ayn\u0131 zamanda ar\u0131lara ve faydal\u0131 canl\u0131lara zarar verdi\u011fini belirten yaz\u0131l\u0131 bir a\u00e7\u0131klama yapt\u0131.Erdo\u011fan DEM\u0130R \/ ED\u0130RNE (\u0130GFA) &#8211; Y\u0131lmaz, \u00e7ift\u00e7ilerin ve ar\u0131c\u0131lar\u0131n birbirine muhta\u00e7 oldu\u011funu vurgulayarak, ila\u00e7laman\u0131n ak\u015fam saatlerinde yap\u0131lmas\u0131n\u0131n ar\u0131lar i\u00e7in daha g\u00fcvenli olaca\u011f\u0131n\u0131 ifade etti. \u00c7ift\u00e7inin ar\u0131ya, ar\u0131c\u0131n\u0131n da \u00e7ift\u00e7iye ihtiyac\u0131 oldu\u011funu dile getiren Y\u0131lmaz, &#8220;Mutlaka ila\u00e7lama yap\u0131lacaksa ak\u015fam saatlerinde yap\u0131l\u0131rsa bizim i\u00e7in daha iyi olur. \u00d6\u011fle vakti ar\u0131n\u0131n u\u00e7um zaman\u0131 ila\u00e7 at\u0131l\u0131rsa ar\u0131ya \u00e7ok zarar\u0131 var. Mutlaka ar\u0131 olmazsa hayat olmaz, bu bir ger\u00e7ek. Meyvelerin, bitkilerin her \u015feyin tozlanmas\u0131 i\u00e7in ar\u0131 \u015fart. Ar\u0131s\u0131z bir ya\u015fam d\u00fc\u015f\u00fcn\u00fclemez. Her ikisinin de birbirini kollamas\u0131, birbirini idare etmesi gerekiyor. \u00c7ift\u00e7ilerimizin il\u00e7e tar\u0131m m\u00fcd\u00fcrl\u00fcklerine sorarak ne zaman ila\u00e7lama yapmas\u0131 gerekti\u011fini \u00f6\u011frenerek yapmas\u0131 daha uygun olur&#8221; dedi. Zamans\u0131z ila\u00e7lamadan dolay\u0131 ar\u0131lar\u0131n zarar g\u00f6rd\u00fc\u011f\u00fcn\u00fc ifade eden Y\u0131lmaz, &#8220;T\u00fcrkiye genelinde G\u0131da Tar\u0131m ve Hayvanc\u0131l\u0131k M\u00fcd\u00fcrl\u00fckleri ve muhtarl\u0131klar taraf\u0131ndan \u00e7ift\u00e7iler uyar\u0131lmas\u0131na ra\u011fmen sabah saat 9&#8217;da tar\u0131m ilac\u0131 at\u0131yor. Ar\u0131 havadayken \u00f6l\u00fcyor, vatanda\u015flar\u0131m\u0131z\u0131n biraz duyarl\u0131 davranmas\u0131n\u0131 bekliyoruz.&#8221; diye konu\u015ftu. Y\u0131lmaz a\u00e7\u0131klamas\u0131n\u0131 \u015f\u00f6yle tamamlad\u0131.&#8221;E\u011fer ila\u00e7laman\u0131n bitkiye de faydal\u0131 olmas\u0131n\u0131 istiyorsa g\u00fcnd\u00fcz vakti ila\u00e7lama yapmak do\u011fru de\u011fil. \u0130la\u00e7laman\u0131n ak\u015fam saat 20:00&#8217;dan sonra yap\u0131lmas\u0131 gerekiyor. Bu da ar\u0131n\u0131n kovan\u0131na \u00e7ekildi\u011fi zamanlara denk geliyor. G\u00fcnd\u00fcz 2&#8217;de &hellip;"}