{"version":"1.0","provider_name":"Av. Deniz Can K\u0131z\u0131l","provider_url":"https:\/\/denizcankizil.tr\/de","author_name":"admin","author_url":"https:\/\/denizcankizil.tr\/de\/author\/admin\/","title":"Sivas Belediye Meclisi'nde \u00f6\u011frencilerle \u00f6zel oturum","type":"rich","width":600,"height":338,"html":"<blockquote class=\"wp-embedded-content\" data-secret=\"23rPUHRcMW\"><a href=\"https:\/\/denizcankizil.tr\/de\/haberler\/gundem\/sivas-belediye-meclisinde-ogrencilerle-ozel-oturum\/\">Sivas Belediye Meclisi&#8217;nde \u00f6\u011frencilerle \u00f6zel oturum<\/a><\/blockquote><iframe sandbox=\"allow-scripts\" security=\"restricted\" src=\"https:\/\/denizcankizil.tr\/de\/haberler\/gundem\/sivas-belediye-meclisinde-ogrencilerle-ozel-oturum\/embed\/#?secret=23rPUHRcMW\" width=\"600\" height=\"338\" title=\"&#8222;Sivas Belediye Meclisi&#8217;nde \u00f6\u011frencilerle \u00f6zel oturum&#8220; &#8211; Av. Deniz Can K\u0131z\u0131l\" data-secret=\"23rPUHRcMW\" frameborder=\"0\" marginwidth=\"0\" marginheight=\"0\" scrolling=\"no\" class=\"wp-embedded-content\"><\/iframe><script>\n\/*! This file is auto-generated *\/\n!function(d,l){\"use strict\";l.querySelector&&d.addEventListener&&\"undefined\"!=typeof URL&&(d.wp=d.wp||{},d.wp.receiveEmbedMessage||(d.wp.receiveEmbedMessage=function(e){var t=e.data;if((t||t.secret||t.message||t.value)&&!\/[^a-zA-Z0-9]\/.test(t.secret)){for(var s,r,n,a=l.querySelectorAll('iframe[data-secret=\"'+t.secret+'\"]'),o=l.querySelectorAll('blockquote[data-secret=\"'+t.secret+'\"]'),c=new RegExp(\"^https?:$\",\"i\"),i=0;i<o.length;i++)o[i].style.display=\"none\";for(i=0;i<a.length;i++)s=a[i],e.source===s.contentWindow&&(s.removeAttribute(\"style\"),\"height\"===t.message?(1e3<(r=parseInt(t.value,10))?r=1e3:~~r<200&&(r=200),s.height=r):\"link\"===t.message&&(r=new URL(s.getAttribute(\"src\")),n=new URL(t.value),c.test(n.protocol))&&n.host===r.host&&l.activeElement===s&&(d.top.location.href=t.value))}},d.addEventListener(\"message\",d.wp.receiveEmbedMessage,!1),l.addEventListener(\"DOMContentLoaded\",function(){for(var e,t,s=l.querySelectorAll(\"iframe.wp-embedded-content\"),r=0;r<s.length;r++)(t=(e=s[r]).getAttribute(\"data-secret\"))||(t=Math.random().toString(36).substring(2,12),e.src+=\"#?secret=\"+t,e.setAttribute(\"data-secret\",t)),e.contentWindow.postMessage({message:\"ready\",secret:t},\"*\")},!1)))}(window,document);\n\/\/# sourceURL=https:\/\/denizcankizil.tr\/wp-includes\/js\/wp-embed.min.js\n<\/script>","description":"23 Nisan Ulusal Egemenlik ve \u00c7ocuk Bayram\u0131 kutlama programlar\u0131 \u00e7er\u00e7evesinde Sivas Belediye Meclisi 105. y\u0131l g\u00fcndemi ile topland\u0131. Bu \u00f6zel oturumun konuklar\u0131, kent merkezindeki ortaokullardan se\u00e7ilen \u00f6\u011frenciler oldu.S\u0130VAS (\u0130GFA) &#8211; Sivas\u00a0Belediye Ba\u015fkan\u0131 Dr. Adem Uzun\u2019un idaresindeki toplant\u0131ya meclis \u00fcyesi olarak kat\u0131l\u0131m sa\u011flayan \u00f6\u011frenciler, yerel y\u00f6netimlerin i\u015fleyi\u015fini daha yak\u0131ndan tan\u0131ma ve demokratik s\u00fcre\u00e7leri deneyimleme imkan\u0131 buldu. Toplant\u0131da \u00f6\u011frencilere hitap eden Ba\u015fkan Dr. Adem Uzun, \u201c\u00c7ocuklar\u0131m\u0131z ve gen\u00e7lerimiz bizim gelece\u011fimizdir. Bu nedenle onlar\u0131n fikirlerini almak, onlar\u0131 her alanda desteklemek bizim en \u00f6nemli g\u00f6revimiz. Bug\u00fcn burada, \u00e7ocuklar\u0131m\u0131z\u0131n da bizimle birlikte bu \u00f6nemli g\u00fcndemi de\u011ferlendirmesi, demokratik kat\u0131l\u0131m\u0131n \u00f6nemini g\u00f6steriyor. 23 Nisan\u2019\u0131n co\u015fkusunu hep birlikte ya\u015farken, gen\u00e7lerimizin her zaman yan\u0131nda olaca\u011f\u0131m\u0131z\u0131 bir kez daha belirtiyorum.\u201d dedi. Oturumda, Sivas\u2019a kazand\u0131r\u0131lan hizmetler detayl\u0131 bir \u015fekilde ele al\u0131n\u0131rken yap\u0131lacak projeler \u00fczerine fikir al\u0131\u015fveri\u015finde bulunuldu. Ba\u015fkan Uzun g\u00fcndemdeki maddeleri oylamaya sunarken meclis \u00fcyeleri de tek tek s\u00f6z alarak g\u00f6r\u00fc\u015fler ve \u00f6nerilerini dile getirdi. F\u0130L\u0130ST\u0130N&#8217;E DESTEK VE ZULME KAR\u015eI DURU\u015e Kat\u0131l\u0131mc\u0131lar aras\u0131nda duyarl\u0131l\u0131\u011f\u0131yla dikkat \u00e7eken bir \u00f6\u011frenci, Filistin halk\u0131na y\u00f6nelik \u0130srail\u2019in ger\u00e7ekle\u015ftirdi\u011fi sald\u0131r\u0131lar\u0131 k\u0131nad\u0131. Filistin bayra\u011f\u0131 ile meclise kat\u0131lan \u00f6\u011frenci, ya\u015fanan zulme kar\u015f\u0131 duru\u015f t\u00fcm Sivasl\u0131lar\u0131 daha duyarl\u0131 olmaya \u00e7a\u011f\u0131rd\u0131. 23 Nisan \u00f6zel oturumu dilek ve temenniler b\u00f6l\u00fcm\u00fc ile sonra erdi. \u200b23 Nisan Ulusal Egemenlik ve \u00c7ocuk Bayram\u0131 kutlama programlar\u0131 &hellip;"}