{"version":"1.0","provider_name":"Av. Deniz Can K\u0131z\u0131l","provider_url":"https:\/\/denizcankizil.tr\/de","author_name":"admin","author_url":"https:\/\/denizcankizil.tr\/de\/author\/admin\/","title":"Sibirya so\u011fuklar\u0131 etkisini g\u00f6sterecek! Kar haftas\u0131!","type":"rich","width":600,"height":338,"html":"<blockquote class=\"wp-embedded-content\" data-secret=\"ylbC004eXb\"><a href=\"https:\/\/denizcankizil.tr\/de\/haberler\/gundem\/sibirya-soguklari-etkisini-gosterecek-kar-haftasi\/\">Sibirya so\u011fuklar\u0131 etkisini g\u00f6sterecek! Kar haftas\u0131!<\/a><\/blockquote><iframe sandbox=\"allow-scripts\" security=\"restricted\" src=\"https:\/\/denizcankizil.tr\/de\/haberler\/gundem\/sibirya-soguklari-etkisini-gosterecek-kar-haftasi\/embed\/#?secret=ylbC004eXb\" width=\"600\" height=\"338\" title=\"&#8222;Sibirya so\u011fuklar\u0131 etkisini g\u00f6sterecek! Kar haftas\u0131!&#8220; &#8211; Av. Deniz Can K\u0131z\u0131l\" data-secret=\"ylbC004eXb\" frameborder=\"0\" marginwidth=\"0\" marginheight=\"0\" scrolling=\"no\" class=\"wp-embedded-content\"><\/iframe><script>\n\/*! This file is auto-generated *\/\n!function(d,l){\"use strict\";l.querySelector&&d.addEventListener&&\"undefined\"!=typeof URL&&(d.wp=d.wp||{},d.wp.receiveEmbedMessage||(d.wp.receiveEmbedMessage=function(e){var t=e.data;if((t||t.secret||t.message||t.value)&&!\/[^a-zA-Z0-9]\/.test(t.secret)){for(var s,r,n,a=l.querySelectorAll('iframe[data-secret=\"'+t.secret+'\"]'),o=l.querySelectorAll('blockquote[data-secret=\"'+t.secret+'\"]'),c=new RegExp(\"^https?:$\",\"i\"),i=0;i<o.length;i++)o[i].style.display=\"none\";for(i=0;i<a.length;i++)s=a[i],e.source===s.contentWindow&&(s.removeAttribute(\"style\"),\"height\"===t.message?(1e3<(r=parseInt(t.value,10))?r=1e3:~~r<200&&(r=200),s.height=r):\"link\"===t.message&&(r=new URL(s.getAttribute(\"src\")),n=new URL(t.value),c.test(n.protocol))&&n.host===r.host&&l.activeElement===s&&(d.top.location.href=t.value))}},d.addEventListener(\"message\",d.wp.receiveEmbedMessage,!1),l.addEventListener(\"DOMContentLoaded\",function(){for(var e,t,s=l.querySelectorAll(\"iframe.wp-embedded-content\"),r=0;r<s.length;r++)(t=(e=s[r]).getAttribute(\"data-secret\"))||(t=Math.random().toString(36).substring(2,12),e.src+=\"#?secret=\"+t,e.setAttribute(\"data-secret\",t)),e.contentWindow.postMessage({message:\"ready\",secret:t},\"*\")},!1)))}(window,document);\n\/\/# sourceURL=https:\/\/denizcankizil.tr\/wp-includes\/js\/wp-embed.min.js\n<\/script>","description":"Bu itibar\u0131yla Sibirya k\u00f6kenli so\u011fuk hava dalgas\u0131n\u0131n etkisine giren T\u00fcrkiye genelinde, \u00c7ar\u015famba ve Per\u015fembe g\u00fcnleri yo\u011fun kar ya\u011f\u0131\u015f\u0131 beklenirken, s\u0131cakl\u0131klar s\u0131f\u0131r\u0131n alt\u0131na d\u00fc\u015fecek.ANKARA (\u0130GFA) &#8211; Yurdumuz bu hafta itibar\u0131yla Sibirya k\u00f6kenli so\u011fuk hava dalgas\u0131n\u0131n etkisine giriyor. \u00dclke genelinde \u00c7ar\u015famba ve Per\u015fembe g\u00fcnleri yo\u011fun kar ya\u011f\u0131\u015f\u0131 beklenirken, s\u0131cakl\u0131klar s\u0131f\u0131r\u0131n alt\u0131na d\u00fc\u015fecek. Kar kal\u0131nl\u0131\u011f\u0131 baz\u0131 b\u00f6lgelerde 10-20 cm\u2019ye ula\u015fabilir. 3 \u015eubat Pazartesi (bug\u00fcn) itibariyle Sibirya k\u00f6kenli so\u011fuk hava dalgas\u0131n\u0131n etkisine girecek olan yurt genelinde\u00a05 \u015eubat \u00c7ar\u015famba ve 6 \u015eubat Per\u015fembe g\u00fcnleri kar ya\u011f\u0131\u015f\u0131 bekleniyor. \u00c7ar\u015famba g\u00fcn\u00fc 1-5 cm aral\u0131\u011f\u0131nda, Per\u015fembe g\u00fcn\u00fc ise 10-20 cm\u2019ye kadar kar ya\u011f\u0131\u015f\u0131 g\u00f6r\u00fclebilir. S\u0131cakl\u0131klar\u0131n h\u0131zla d\u00fc\u015fmesiyle birlikte buzlanma ve don olaylar\u0131 ya\u015fanabilece\u011fi tahmin ediliyor. PER\u015eEMBE G\u00dcN\u00dc KAR YA\u011eI\u015eI YO\u011eUNLA\u015eAB\u0130L\u0130R \u00c7ar\u015famba g\u00fcn\u00fcnden itibaren s\u0131cakl\u0131klar\u0131n 0\u00b0C\u2019nin alt\u0131na d\u00fc\u015fmesi bekleniyor. Meteoroloji&#8217;nin de\u011ferlendirmelerine g\u00f6re: \u2022 \u00a0 \u00a0 \u00a0 \u00a0 \u00a05 \u015eubat \u00c7ar\u015famba: Kar ya\u011f\u0131\u015f\u0131 ba\u015flayabilir, s\u0131cakl\u0131k 0\u00b0C\u2019ye kadar d\u00fc\u015fecek. 1-3 cm kar ya\u011fabilir. \u2022 \u00a0 \u00a0 \u00a0 \u00a0 \u00a06 \u015eubat Per\u015fembe: S\u0131cakl\u0131klar s\u0131f\u0131r\u0131n alt\u0131nda seyredebilir. 10-20 cm kar \u00f6rt\u00fcs\u00fc olu\u015fabilir. \u2022 \u00a0 \u00a0 \u00a0 \u00a0 \u00a07 \u015eubat Cuma: S\u0131cakl\u0131klar 1-5 derece aras\u0131nda seyredebilir, buzlanma ve don riski artacak. Buzlanma ve don olaylar\u0131na kar\u015f\u0131 vatanda\u015flar\u0131 uyaran Meteoroloji, \u00f6zellikle sabah ve gece saatlerinde sis, k\u0131ra\u011f\u0131 ve buzlanma riski artacak. Ula\u015f\u0131mda aksakl\u0131klar\u0131n ya\u015fanabilece\u011fi belirtilirken, &hellip;"}