{"version":"1.0","provider_name":"Av. Deniz Can K\u0131z\u0131l","provider_url":"https:\/\/denizcankizil.tr\/de","author_name":"admin","author_url":"https:\/\/denizcankizil.tr\/de\/author\/admin\/","title":"Sendika, \u00c7elik i\u015f\u00e7isinin s\u00f6zle\u015fme sevincine ortak oldu\u2026","type":"rich","width":600,"height":338,"html":"<blockquote class=\"wp-embedded-content\" data-secret=\"OdEXltmJZf\"><a href=\"https:\/\/denizcankizil.tr\/de\/haberler\/gundem\/sendika-celik-iscisinin-sozlesme-sevincine-ortak-oldu\/\">Sendika, \u00c7elik i\u015f\u00e7isinin s\u00f6zle\u015fme sevincine ortak oldu\u2026<\/a><\/blockquote><iframe sandbox=\"allow-scripts\" security=\"restricted\" src=\"https:\/\/denizcankizil.tr\/de\/haberler\/gundem\/sendika-celik-iscisinin-sozlesme-sevincine-ortak-oldu\/embed\/#?secret=OdEXltmJZf\" width=\"600\" height=\"338\" title=\"&#8222;Sendika, \u00c7elik i\u015f\u00e7isinin s\u00f6zle\u015fme sevincine ortak oldu\u2026&#8220; &#8211; Av. Deniz Can K\u0131z\u0131l\" data-secret=\"OdEXltmJZf\" frameborder=\"0\" marginwidth=\"0\" marginheight=\"0\" scrolling=\"no\" class=\"wp-embedded-content\"><\/iframe><script>\n\/*! This file is auto-generated *\/\n!function(d,l){\"use strict\";l.querySelector&&d.addEventListener&&\"undefined\"!=typeof URL&&(d.wp=d.wp||{},d.wp.receiveEmbedMessage||(d.wp.receiveEmbedMessage=function(e){var t=e.data;if((t||t.secret||t.message||t.value)&&!\/[^a-zA-Z0-9]\/.test(t.secret)){for(var s,r,n,a=l.querySelectorAll('iframe[data-secret=\"'+t.secret+'\"]'),o=l.querySelectorAll('blockquote[data-secret=\"'+t.secret+'\"]'),c=new RegExp(\"^https?:$\",\"i\"),i=0;i<o.length;i++)o[i].style.display=\"none\";for(i=0;i<a.length;i++)s=a[i],e.source===s.contentWindow&&(s.removeAttribute(\"style\"),\"height\"===t.message?(1e3<(r=parseInt(t.value,10))?r=1e3:~~r<200&&(r=200),s.height=r):\"link\"===t.message&&(r=new URL(s.getAttribute(\"src\")),n=new URL(t.value),c.test(n.protocol))&&n.host===r.host&&l.activeElement===s&&(d.top.location.href=t.value))}},d.addEventListener(\"message\",d.wp.receiveEmbedMessage,!1),l.addEventListener(\"DOMContentLoaded\",function(){for(var e,t,s=l.querySelectorAll(\"iframe.wp-embedded-content\"),r=0;r<s.length;r++)(t=(e=s[r]).getAttribute(\"data-secret\"))||(t=Math.random().toString(36).substring(2,12),e.src+=\"#?secret=\"+t,e.setAttribute(\"data-secret\",t)),e.contentWindow.postMessage({message:\"ready\",secret:t},\"*\")},!1)))}(window,document);\n\/\/# sourceURL=https:\/\/denizcankizil.tr\/wp-includes\/js\/wp-embed.min.js\n<\/script>","description":"\u00d6z\u00e7elik-\u0130\u015f Sendikas\u0131 \u0130skenderun \u015eube Ba\u015fkan\u0131 Mehmet G\u00fcng\u00f6r ba\u015far\u0131l\u0131 bir anla\u015fmayla sonu\u00e7lanan s\u00f6zle\u015fme m\u00fccadelesinin ard\u0131ndan s\u0131ran\u0131n sahadaki emek\u00e7ilere te\u015fekk\u00fcr geldi\u011fini belirterek \u201cBug\u00fcn yine al\u0131n terinin yan\u0131nda, i\u015f\u00e7inin yan\u0131nday\u0131z. Her bir \u00fcyemize \u201cbirlikte ba\u015fard\u0131k\u201d demek i\u00e7in sahaday\u0131z\u201d dedi. \u0130sdemir\u2019de bulu\u015ftu\u011fu \u00c7elik i\u015f\u00e7isine hitaben yapt\u0131\u011f\u0131 konu\u015fmada G\u00fcng\u00f6r \u201c\u0130mzalanan s\u00f6zle\u015fme kapsam\u0131nda \u0130SDEM\u0130R \u00e7al\u0131\u015fanlar\u0131n\u0131n saat \u00fccretleri ve sosyal haklar\u0131nda \u00f6nemli art\u0131\u015flar sa\u011fland\u0131. Saat \u00dccretlerine Yap\u0131lan Art\u0131\u015flar: Birinci Alt\u0131 Ay: %25, ikinci Alt\u0131 Ay: %21, \u00fc\u00e7\u00fcnc\u00fc Alt\u0131 Ay: Enflasyon oran\u0131 + %3, d\u00f6rd\u00fcnc\u00fc Alt\u0131 Ay: Enflasyon oran\u0131 + %3 art\u0131\u015f kabul edildi. Sosyal Hak Art\u0131\u015flar\u0131nda da Birinci Y\u0131l: %100, ikinci Y\u0131l: T\u00dcFE oran\u0131nda, ayr\u0131ca \u00e7al\u0131\u015fanlara bir defaya mahsus olmak \u00fczere 15.000 TL k\u0131rtasiye yard\u0131m\u0131 yap\u0131lacak\u201d diye konu\u015ftu. \u0130sdemir\u2019de \u00e7al\u0131\u015fan \u00f6zellikle gen\u00e7 \u00c7elik i\u015f\u00e7isine bu s\u00f6zle\u015fmenin kendilerinin gelece\u011fi oldu\u011funun alt\u0131n\u0131 \u00e7izen Ba\u015fkan Mehmet G\u00fcng\u00f6r \u015funlar\u0131 s\u00f6yledi: \u201c\u00c7\u0131rak olarak ba\u015flad\u0131\u011f\u0131m bu fabrikada \u015f\u00fck\u00fcrler olsun ki ekibimle, temsilcilerimle birlikte en g\u00fczel s\u00f6zle\u015fmeleri yapmak bizlere nasip oldu. Ne kadar \u015f\u00fckretsek azd\u0131r. Karde\u015f kavgalar\u0131n\u0131 d\u00fc\u015f\u00fcrmek bizlere nasip oldu. Tekrar bar\u0131\u015f\u0131 huzur edip, \u0130sdemir\u2019in b\u00fct\u00fcn s\u00f6zle\u015fmelerinde, b\u00fct\u00fcn komisyonlar\u0131nda d\u00f6rt d\u00f6rtl\u00fck sizleri temsil etmek bizlere nasip oldu. Bu konuda bahtiyar\u0131m, mutluyum, Allah sizden raz\u0131 olsun bizlere verdi\u011finiz destekten dolay\u0131. Ba\u015fta \u00d6z\u00e7elik-\u0130\u015f Sendikas\u0131 Genel Ba\u015fkan\u0131m\u0131z Yunus De\u011firmenci olmak \u00fczere, genel merkez y\u00f6neticilerine, OYAK yetkililerine, &hellip;","thumbnail_url":"https:\/\/iskenderunorg.teimg.com\/iskenderun-org\/uploads\/2025\/07\/2025\/07\/celik-iscisinin-sevincine-ortak-oldular-7.jpg"}