{"version":"1.0","provider_name":"Av. Deniz Can K\u0131z\u0131l","provider_url":"https:\/\/denizcankizil.tr\/de","author_name":"Av. Deniz Can K\u0131z\u0131l","author_url":"https:\/\/denizcankizil.tr\/de","title":"Sakarya'da 100 y\u0131ll\u0131k konak yeniden aya\u011fa kald\u0131r\u0131lacak","type":"rich","width":600,"height":338,"html":"<blockquote class=\"wp-embedded-content\" data-secret=\"rxFhAtJg6B\"><a href=\"https:\/\/denizcankizil.tr\/de\/haberler\/gundem\/sakaryada-100-yillik-konak-yeniden-ayaga-kaldirilacak\/\">Sakarya&#8217;da 100 y\u0131ll\u0131k konak yeniden aya\u011fa kald\u0131r\u0131lacak<\/a><\/blockquote><iframe sandbox=\"allow-scripts\" security=\"restricted\" src=\"https:\/\/denizcankizil.tr\/de\/haberler\/gundem\/sakaryada-100-yillik-konak-yeniden-ayaga-kaldirilacak\/embed\/#?secret=rxFhAtJg6B\" width=\"600\" height=\"338\" title=\"&#8222;Sakarya&#8217;da 100 y\u0131ll\u0131k konak yeniden aya\u011fa kald\u0131r\u0131lacak&#8220; &#8211; Av. Deniz Can K\u0131z\u0131l\" data-secret=\"rxFhAtJg6B\" frameborder=\"0\" marginwidth=\"0\" marginheight=\"0\" scrolling=\"no\" class=\"wp-embedded-content\"><\/iframe><script>\n\/*! This file is auto-generated *\/\n!function(d,l){\"use strict\";l.querySelector&&d.addEventListener&&\"undefined\"!=typeof URL&&(d.wp=d.wp||{},d.wp.receiveEmbedMessage||(d.wp.receiveEmbedMessage=function(e){var t=e.data;if((t||t.secret||t.message||t.value)&&!\/[^a-zA-Z0-9]\/.test(t.secret)){for(var s,r,n,a=l.querySelectorAll('iframe[data-secret=\"'+t.secret+'\"]'),o=l.querySelectorAll('blockquote[data-secret=\"'+t.secret+'\"]'),c=new RegExp(\"^https?:$\",\"i\"),i=0;i<o.length;i++)o[i].style.display=\"none\";for(i=0;i<a.length;i++)s=a[i],e.source===s.contentWindow&&(s.removeAttribute(\"style\"),\"height\"===t.message?(1e3<(r=parseInt(t.value,10))?r=1e3:~~r<200&&(r=200),s.height=r):\"link\"===t.message&&(r=new URL(s.getAttribute(\"src\")),n=new URL(t.value),c.test(n.protocol))&&n.host===r.host&&l.activeElement===s&&(d.top.location.href=t.value))}},d.addEventListener(\"message\",d.wp.receiveEmbedMessage,!1),l.addEventListener(\"DOMContentLoaded\",function(){for(var e,t,s=l.querySelectorAll(\"iframe.wp-embedded-content\"),r=0;r<s.length;r++)(t=(e=s[r]).getAttribute(\"data-secret\"))||(t=Math.random().toString(36).substring(2,12),e.src+=\"#?secret=\"+t,e.setAttribute(\"data-secret\",t)),e.contentWindow.postMessage({message:\"ready\",secret:t},\"*\")},!1)))}(window,document);\n\/\/# sourceURL=https:\/\/denizcankizil.tr\/wp-includes\/js\/wp-embed.min.js\n<\/script>","description":"Sakarya B\u00fcy\u00fck\u015fehir Belediye Ba\u015fkan\u0131 Yusuf Alemdar&#8217;\u0131n talimat\u0131yla ba\u015flat\u0131lan \u00e7al\u0131\u015fma kapsam\u0131nda \u015fehrin merkezi Kuyudibi\u2019nde Cumhuriyet&#8217;in ilan\u0131ndan \u00f6nce in\u015fa edilen ve bir yang\u0131nda kullan\u0131lamaz hale gelen tarihi konak asl\u0131na uygun yeniden in\u015fa edilerek \u015fehrin tarihine hediye edilecek.SAKARYA (\u0130GFA) &#8211;\u00a0 Sakarya B\u00fcy\u00fck\u015fehir Belediye Ba\u015fkan\u0131 Yusuf Alemdar, \u015fehrin tarihine \u0131\u015f\u0131k tutacak bir \u00e7al\u0131\u015fma i\u00e7in daha kollar\u0131 s\u0131vad\u0131 ve konuyla ilgili geli\u015fmeyi kamuoyuyla payla\u015ft\u0131. Kuyudibi Mahallesi&#8217;nde 1922 y\u0131l\u0131nda, Cumhuriyet&#8217;in ilan\u0131ndan 1 y\u0131l \u00f6nce in\u015fa edilen tamam\u0131 ah\u015fap uygulamayla in\u015fa edilen tarihi konak, elim bir yang\u0131n vakas\u0131nda kullan\u0131lamaz hale gelmi\u015f ve y\u0131k\u0131lm\u0131\u015ft\u0131. \u015eehrin tarihine, de\u011ferlerine hassasiyetle yakla\u015fan ve t\u00fcm tarihi dokular\u0131 \u015fehre kazand\u0131rmak i\u00e7in gayret g\u00f6steren Ba\u015fkan Alemdar, kona\u011f\u0131n asl\u0131na uygun yeniden in\u015fa edilerek \u015fehre kazand\u0131r\u0131lmas\u0131 i\u00e7in talimat verdi. B\u00fcy\u00fck\u015fehir Belediyesi, tarihi kona\u011f\u0131n yeniden in\u015fas\u0131 i\u00e7in bir proje \u00e7al\u0131\u015fmas\u0131 ba\u015flatt\u0131.Alemdar, kona\u011f\u0131 asl\u0131na uygun yeniden in\u015fa ederek \u015fehrin mazisine, tarihine hediye edeceklerini a\u00e7\u0131klad\u0131. Ba\u015fkan Alemdar, &#8220;\u015eehrimizin tarihine, \u00f6zg\u00fcn dokusuna ve mazisine de\u011fer veriyoruz. Bu y\u00fczden nerede bir tarihi iz varsa pe\u015finden gidiyor, g\u00fcn\u00fcm\u00fcze kazand\u0131rmak i\u00e7in gayret g\u00f6steriyoruz. Kuyudibi&#8217;nde bir as\u0131r evvel in\u015fa edilen ve say\u0131s\u0131z depreme, badireye kar\u015f\u0131 ayakta kalan kona\u011f\u0131m\u0131z\u0131 \u015fehre yeniden kazand\u0131rmak i\u00e7in bir \u00e7al\u0131\u015fma ba\u015flatt\u0131k. Tamam\u0131 ah\u015fap olan ve son d\u00f6nem Osmanl\u0131 mimarisinden izler ta\u015f\u0131yan tarihi yap\u0131y\u0131 asl\u0131na uygun yeniden in\u015fa ederek \u015fehrimize hediye &hellip;"}