{"version":"1.0","provider_name":"Av. Deniz Can K\u0131z\u0131l","provider_url":"https:\/\/denizcankizil.tr\/de","author_name":"Av. Deniz Can K\u0131z\u0131l","author_url":"https:\/\/denizcankizil.tr\/de","title":"Sakarya ADARAY'da \u00f6deme kolayl\u0131\u011f\u0131","type":"rich","width":600,"height":338,"html":"<blockquote class=\"wp-embedded-content\" data-secret=\"DZHTYjey3x\"><a href=\"https:\/\/denizcankizil.tr\/de\/haberler\/gundem\/sakarya-adarayda-odeme-kolayligi\/\">Sakarya ADARAY&#8217;da \u00f6deme kolayl\u0131\u011f\u0131<\/a><\/blockquote><iframe sandbox=\"allow-scripts\" security=\"restricted\" src=\"https:\/\/denizcankizil.tr\/de\/haberler\/gundem\/sakarya-adarayda-odeme-kolayligi\/embed\/#?secret=DZHTYjey3x\" width=\"600\" height=\"338\" title=\"&#8222;Sakarya ADARAY&#8217;da \u00f6deme kolayl\u0131\u011f\u0131&#8220; &#8211; Av. Deniz Can K\u0131z\u0131l\" data-secret=\"DZHTYjey3x\" frameborder=\"0\" marginwidth=\"0\" marginheight=\"0\" scrolling=\"no\" class=\"wp-embedded-content\"><\/iframe><script>\n\/*! This file is auto-generated *\/\n!function(d,l){\"use strict\";l.querySelector&&d.addEventListener&&\"undefined\"!=typeof URL&&(d.wp=d.wp||{},d.wp.receiveEmbedMessage||(d.wp.receiveEmbedMessage=function(e){var t=e.data;if((t||t.secret||t.message||t.value)&&!\/[^a-zA-Z0-9]\/.test(t.secret)){for(var s,r,n,a=l.querySelectorAll('iframe[data-secret=\"'+t.secret+'\"]'),o=l.querySelectorAll('blockquote[data-secret=\"'+t.secret+'\"]'),c=new RegExp(\"^https?:$\",\"i\"),i=0;i<o.length;i++)o[i].style.display=\"none\";for(i=0;i<a.length;i++)s=a[i],e.source===s.contentWindow&&(s.removeAttribute(\"style\"),\"height\"===t.message?(1e3<(r=parseInt(t.value,10))?r=1e3:~~r<200&&(r=200),s.height=r):\"link\"===t.message&&(r=new URL(s.getAttribute(\"src\")),n=new URL(t.value),c.test(n.protocol))&&n.host===r.host&&l.activeElement===s&&(d.top.location.href=t.value))}},d.addEventListener(\"message\",d.wp.receiveEmbedMessage,!1),l.addEventListener(\"DOMContentLoaded\",function(){for(var e,t,s=l.querySelectorAll(\"iframe.wp-embedded-content\"),r=0;r<s.length;r++)(t=(e=s[r]).getAttribute(\"data-secret\"))||(t=Math.random().toString(36).substring(2,12),e.src+=\"#?secret=\"+t,e.setAttribute(\"data-secret\",t)),e.contentWindow.postMessage({message:\"ready\",secret:t},\"*\")},!1)))}(window,document);\n\/\/# sourceURL=https:\/\/denizcankizil.tr\/wp-includes\/js\/wp-embed.min.js\n<\/script>","description":"Sakarya B\u00fcy\u00fck\u015fehir Belediyesi, 29 Ekim Cumhuriyet Bayram\u0131\u2019nda hizmete girecek ADARAY i\u00e7in bir\u00e7ok se\u00e7ene\u011fi aktif ederek, kullan\u0131c\u0131lara \u00f6deme kolayl\u0131\u011f\u0131 sundu.SAKARYA (\u0130GFA) &#8211; \u00a0 Sakaryal\u0131lar, \u00e7ok \u00e7e\u015fitli \u00f6deme se\u00e7enekleriyle kullanabilecek. Kart54\u2019\u00fcn yan\u0131 s\u0131ra sanal kart, kredi ve banka kartlar\u0131 da trende \u00f6deme i\u00e7in aktif edildi. Sakaryal\u0131lar Adapazar\u0131-Arifiye aras\u0131ndaki ula\u015f\u0131m\u0131 15 dakikaya indirecek ADARAY\u2019da \u00e7ok \u00e7e\u015fitli \u00f6deme se\u00e7eneklerine sahip olacak. Ula\u015f\u0131mda \u00f6deme se\u00e7enekleri \u00e7e\u015fitlendirildi, \u00f6nemli bir eri\u015fim kolayl\u0131\u011f\u0131 sa\u011fland\u0131. ADARAY\u2019da toplu ta\u015f\u0131mada kullan\u0131lan Kart54 sistemi tan\u0131mlan\u0131rken, kart kullanmayan yolcular i\u00e7in ise \u2018SAKUSUla\u015f\u0131m\u2019 mobil uygulamas\u0131 \u00fczerinden olu\u015fturulan \u2018Sanal Kart\u2019 devreye al\u0131nd\u0131. Ayr\u0131ca bunun yan\u0131nda kredi kart veya banka kartlar\u0131yla \u00f6deme i\u00e7in de trenlere gerekli sistemler kurularak aktif edildi. Ula\u015f\u0131m Dairesi Ba\u015fkanl\u0131\u011f\u0131\u2019ndan yap\u0131lan a\u00e7\u0131klamada, \u201cVatanda\u015flar\u0131m\u0131z\u0131n ula\u015f\u0131m\u0131na kolayl\u0131k ve g\u00fcven getirmek, ula\u015f\u0131m\u0131 b\u00fct\u00fcnc\u00fcl bir bak\u0131\u015f a\u00e7\u0131s\u0131yla ele alarak konforlu bir hizmet sunmak i\u00e7in kararl\u0131l\u0131kla \u00e7al\u0131\u015f\u0131yoruz. Artan yolcu say\u0131s\u0131 ve Kart54 talebi, toplu ta\u015f\u0131ma ara\u00e7lar\u0131m\u0131za duyulan ilgiyi g\u00f6steriyor. 2024 y\u0131l\u0131nda filomuza katt\u0131\u011f\u0131m\u0131z yeni ara\u00e7lar ve ADARAY hatt\u0131 ile \u015fehir i\u00e7i ula\u015f\u0131mda kaliteyi art\u0131r\u0131yoruz. Bu do\u011frultuda yolcu memnuniyetini sa\u011flayacak yeni uygulamalar\u0131 hayata ge\u00e7irmeye devam edece\u011fiz\u201d dedi. \u200bSakarya B\u00fcy\u00fck\u015fehir Belediyesi, 29 Ekim Cumhuriyet Bayram\u0131\u2019nda hizmete girecek ADARAY i\u00e7in bir\u00e7ok se\u00e7ene\u011fi aktif ederek, kullan\u0131c\u0131lara \u00f6deme kolayl\u0131\u011f\u0131 sundu\u00a0 \u200bHaberin Al\u0131nt\u0131land\u0131\u011f\u0131 Kaynak: www.iskenderun.org"}