{"version":"1.0","provider_name":"Av. Deniz Can K\u0131z\u0131l","provider_url":"https:\/\/denizcankizil.tr\/de","author_name":"Antalya K\u00f6rfez","author_url":"https:\/\/denizcankizil.tr\/de\/author\/www-antalyakorfez-com\/","title":"Oya Eren \u00d6zkan Kimdir? TRT Spikeri Ka\u00e7 Ya\u015f\u0131nda?","type":"rich","width":600,"height":338,"html":"<blockquote class=\"wp-embedded-content\" data-secret=\"RvW9xHn2vs\"><a href=\"https:\/\/denizcankizil.tr\/de\/haberler\/gundem\/oya-eren-ozkan-kimdir-trt-spikeri-kac-yasinda\/\">Oya Eren \u00d6zkan Kimdir? TRT Spikeri Ka\u00e7 Ya\u015f\u0131nda?<\/a><\/blockquote><iframe sandbox=\"allow-scripts\" security=\"restricted\" src=\"https:\/\/denizcankizil.tr\/de\/haberler\/gundem\/oya-eren-ozkan-kimdir-trt-spikeri-kac-yasinda\/embed\/#?secret=RvW9xHn2vs\" width=\"600\" height=\"338\" title=\"&#8222;Oya Eren \u00d6zkan Kimdir? TRT Spikeri Ka\u00e7 Ya\u015f\u0131nda?&#8220; &#8211; Av. Deniz Can K\u0131z\u0131l\" data-secret=\"RvW9xHn2vs\" frameborder=\"0\" marginwidth=\"0\" marginheight=\"0\" scrolling=\"no\" class=\"wp-embedded-content\"><\/iframe><script>\n\/*! This file is auto-generated *\/\n!function(d,l){\"use strict\";l.querySelector&&d.addEventListener&&\"undefined\"!=typeof URL&&(d.wp=d.wp||{},d.wp.receiveEmbedMessage||(d.wp.receiveEmbedMessage=function(e){var t=e.data;if((t||t.secret||t.message||t.value)&&!\/[^a-zA-Z0-9]\/.test(t.secret)){for(var s,r,n,a=l.querySelectorAll('iframe[data-secret=\"'+t.secret+'\"]'),o=l.querySelectorAll('blockquote[data-secret=\"'+t.secret+'\"]'),c=new RegExp(\"^https?:$\",\"i\"),i=0;i<o.length;i++)o[i].style.display=\"none\";for(i=0;i<a.length;i++)s=a[i],e.source===s.contentWindow&&(s.removeAttribute(\"style\"),\"height\"===t.message?(1e3<(r=parseInt(t.value,10))?r=1e3:~~r<200&&(r=200),s.height=r):\"link\"===t.message&&(r=new URL(s.getAttribute(\"src\")),n=new URL(t.value),c.test(n.protocol))&&n.host===r.host&&l.activeElement===s&&(d.top.location.href=t.value))}},d.addEventListener(\"message\",d.wp.receiveEmbedMessage,!1),l.addEventListener(\"DOMContentLoaded\",function(){for(var e,t,s=l.querySelectorAll(\"iframe.wp-embedded-content\"),r=0;r<s.length;r++)(t=(e=s[r]).getAttribute(\"data-secret\"))||(t=Math.random().toString(36).substring(2,12),e.src+=\"#?secret=\"+t,e.setAttribute(\"data-secret\",t)),e.contentWindow.postMessage({message:\"ready\",secret:t},\"*\")},!1)))}(window,document);\n\/\/# sourceURL=https:\/\/denizcankizil.tr\/wp-includes\/js\/wp-embed.min.js\n<\/script>","description":"Oya Eren \u00d6zkan, T\u00fcrkiye\u2019nin en tan\u0131nm\u0131\u015f haber spikerlerinden biri olarak TRT Haber ekranlar\u0131nda ad\u0131ndan s\u0131k\u00e7a s\u00f6z ettiren bir isim. \u00d6d\u00fcl gecesindeki tepkisiyle g\u00fcndeme gelen \u00fcnl\u00fc sunucunun hayat\u0131 da merak edildi. Oya Eren \u00d6zkan kimdir sorusuyla beraber merak edilenleri cevapl\u0131yoruz! Oya Eren \u00d6zkan Kimdir? Oya Eren \u00d6zkan, TRT Haber\u2019de spikerlik ve program sunuculu\u011fu yapmaktad\u0131r. \u0130zmir\u2019de do\u011fan \u00d6zkan, \u00e7ocukluk ve e\u011fitim y\u0131llar\u0131n\u0131 T\u00fcrkiye\u2019nin farkl\u0131 \u015fehirlerinde ge\u00e7irmi\u015ftir. Ankara \u00dcniversitesi Dil ve Tarih-Co\u011frafya Fak\u00fcltesi Klasik Filoloji B\u00f6l\u00fcm\u00fc\u2019nden mezun olan \u00d6zkan, ayn\u0131 \u00fcniversitenin \u0130leti\u015fim Fak\u00fcltesi Gazetecilik B\u00f6l\u00fcm\u00fc\u2019nde y\u00fcksek lisans yapm\u0131\u015ft\u0131r. Ayr\u0131ca, Milli E\u011fitim Bakanl\u0131\u011f\u0131 ve Yunanistan H\u00fck\u00fcmeti bursuyla Yanya \u00dcniversitesi\u2019nde Yunan Dili ve K\u00fclt\u00fcr\u00fc \u00fczerine e\u011fitim alm\u0131\u015f, Ermenistan\u2019da Ermeni Dili ve K\u00fclt\u00fcr\u00fc \u00fczerine \u00e7al\u0131\u015fmalar\u0131n\u0131 s\u00fcrd\u00fcrm\u00fc\u015ft\u00fcr. Medya kariyerine strateji ve analiz alan\u0131nda ba\u015flayan \u00d6zkan, Avrasya Stratejik Ara\u015ft\u0131rmalar Merkezi (ASAM) Ermeni Ara\u015ft\u0131rmalar\u0131 Enstit\u00fcs\u00fc\u2019nde stratejist ve Ermenistan uzman\u0131 olarak g\u00f6rev yapm\u0131\u015ft\u0131r. Daha sonra TRT T\u00fcrk\u2019te haber edit\u00f6rl\u00fc\u011f\u00fc ve spor spikerli\u011fi yapm\u0131\u015f, 2016 y\u0131l\u0131ndan itibaren ise TRT Haber\u2019de haber b\u00fcltenleri sunmaya ba\u015flam\u0131\u015ft\u0131r. \u00d6zkan, ayn\u0131 zamanda Ankara Hac\u0131 Bayram Veli \u00dcniversitesi \u0130leti\u015fim Fak\u00fcltesi\u2019nde \u201cDiksiyon ve Etkili Konu\u015fma\u201d dersleri vermekte ve \u00e7e\u015fitli kurumlarda ileti\u015fim e\u011fitimleri sunmaktad\u0131r. Lisansl\u0131 bir otomobil yar\u0131\u015f\u00e7\u0131s\u0131 olan \u00d6zkan, 2012 Kartepe Otokros \u015eampiyonas\u0131 gibi yar\u0131\u015flarda \u00f6d\u00fcller kazanm\u0131\u015f ve motor sporlar\u0131na olan tutkusuyla da dikkat \u00e7ekmektedir. Oya Eren \u00d6zkan &hellip;"}