{"version":"1.0","provider_name":"Av. Deniz Can K\u0131z\u0131l","provider_url":"https:\/\/denizcankizil.tr\/de","author_name":"Antalya K\u00f6rfez","author_url":"https:\/\/denizcankizil.tr\/de\/author\/www-antalyakorfez-com\/","title":"\u00d6mer Y\u00fcng\u00fcl Kimdir? Zorlu Holding\u2019in Yeni Ceo\u2019su Oldu!","type":"rich","width":600,"height":338,"html":"<blockquote class=\"wp-embedded-content\" data-secret=\"vsl0lWJEoX\"><a href=\"https:\/\/denizcankizil.tr\/de\/haberler\/gundem\/omer-yungul-kimdir-zorlu-holdingin-yeni-ceosu-oldu\/\">\u00d6mer Y\u00fcng\u00fcl Kimdir? Zorlu Holding\u2019in Yeni Ceo\u2019su Oldu!<\/a><\/blockquote><iframe sandbox=\"allow-scripts\" security=\"restricted\" src=\"https:\/\/denizcankizil.tr\/de\/haberler\/gundem\/omer-yungul-kimdir-zorlu-holdingin-yeni-ceosu-oldu\/embed\/#?secret=vsl0lWJEoX\" width=\"600\" height=\"338\" title=\"&#8222;\u00d6mer Y\u00fcng\u00fcl Kimdir? Zorlu Holding\u2019in Yeni Ceo\u2019su Oldu!&#8220; &#8211; Av. Deniz Can K\u0131z\u0131l\" data-secret=\"vsl0lWJEoX\" frameborder=\"0\" marginwidth=\"0\" marginheight=\"0\" scrolling=\"no\" class=\"wp-embedded-content\"><\/iframe><script>\n\/*! This file is auto-generated *\/\n!function(d,l){\"use strict\";l.querySelector&&d.addEventListener&&\"undefined\"!=typeof URL&&(d.wp=d.wp||{},d.wp.receiveEmbedMessage||(d.wp.receiveEmbedMessage=function(e){var t=e.data;if((t||t.secret||t.message||t.value)&&!\/[^a-zA-Z0-9]\/.test(t.secret)){for(var s,r,n,a=l.querySelectorAll('iframe[data-secret=\"'+t.secret+'\"]'),o=l.querySelectorAll('blockquote[data-secret=\"'+t.secret+'\"]'),c=new RegExp(\"^https?:$\",\"i\"),i=0;i<o.length;i++)o[i].style.display=\"none\";for(i=0;i<a.length;i++)s=a[i],e.source===s.contentWindow&&(s.removeAttribute(\"style\"),\"height\"===t.message?(1e3<(r=parseInt(t.value,10))?r=1e3:~~r<200&&(r=200),s.height=r):\"link\"===t.message&&(r=new URL(s.getAttribute(\"src\")),n=new URL(t.value),c.test(n.protocol))&&n.host===r.host&&l.activeElement===s&&(d.top.location.href=t.value))}},d.addEventListener(\"message\",d.wp.receiveEmbedMessage,!1),l.addEventListener(\"DOMContentLoaded\",function(){for(var e,t,s=l.querySelectorAll(\"iframe.wp-embedded-content\"),r=0;r<s.length;r++)(t=(e=s[r]).getAttribute(\"data-secret\"))||(t=Math.random().toString(36).substring(2,12),e.src+=\"#?secret=\"+t,e.setAttribute(\"data-secret\",t)),e.contentWindow.postMessage({message:\"ready\",secret:t},\"*\")},!1)))}(window,document);\n\/\/# sourceURL=https:\/\/denizcankizil.tr\/wp-includes\/js\/wp-embed.min.js\n<\/script>","description":"T\u00fcrkiye\u2019nin \u00f6nde gelen \u015firketlerinden biri olan Zorlu Holding, son zamanlarda ya\u015fanan olaylar neticesinde y\u00f6netim kadrosunda de\u011fi\u015fikli\u011fe gitti.\u00a0\u00d6mer Y\u00fcng\u00fcl holdingin yeni Ceo\u2019su oldu. Peki, \u00d6mer Y\u00fcng\u00fcl Kimdir? Sizin i\u00e7in ara\u015ft\u0131rd\u0131k\u2026 \u00d6mer Y\u00fcng\u00fcl Kimdir? Zorlu Holding\u2019in eski Ceo\u2019su Cem K\u00f6ksal son g\u00fcnlerde sosyal medyada g\u00fcndem olmu\u015ftu. Ya\u015fanan olayda Cem K\u00f6ksal, Vestel Ceo\u2019su Erg\u00fcn G\u00fcler\u2019in \u00e7al\u0131\u015fanlara g\u00f6nderdi\u011fi ramazan tebri\u011fi mailine tepki g\u00f6stermi\u015fti.\u00a0 Tebri\u011fi yersiz bulan K\u00f6ksal, Erg\u00fcn G\u00fcler\u2019i yine mail \u00fczerinden uyarm\u0131\u015f ve payla\u015f\u0131lmamas\u0131 gereken bir \u015fey payla\u015ft\u0131\u011f\u0131n\u0131 savunmu\u015ftu.\u00a0 Kulland\u0131\u011f\u0131 dil ve savunduklar\u0131yla kamuoyunda b\u00fcy\u00fck tepki \u00e7ekmesinin ard\u0131ndan hakk\u0131nda \u201c\u0130nan\u00e7, d\u00fc\u015f\u00fcnce ve kanaat h\u00fcrriyetini engelleme\u201d su\u00e7lamas\u0131yla i\u015flem yap\u0131ld\u0131.\u00a0 G\u00f6zalt\u0131na al\u0131nmas\u0131n\u0131n ard\u0131ndan adli kontrol \u015fart\u0131yla serbest b\u0131rak\u0131n Cem K\u00f6ksal\u2019\u0131n yerine ise \u00d6mer Y\u00fcng\u00fcl getirildi. Zorlu Holding\u2019in yeni Ceo\u2019sunu yak\u0131ndan tan\u0131yal\u0131m\u2026 1955 y\u0131l\u0131nda \u0130zmir\u2019de d\u00fcnyaya gelen \u00d6mer Y\u00fcng\u00fcl, lisans e\u011fitimini Bo\u011fazi\u00e7i \u00dcniversitesi Makine M\u00fchendisli\u011fi B\u00f6l\u00fcm\u00fc\u2019nde tamamlayarak 1978 y\u0131l\u0131nda mezun oldu.\u00a0 Kariyer hayat\u0131na Tekfen \u0130n\u015faat b\u00fcnyesinde ba\u015flayan Y\u00fcng\u00fcl; Meta\u015f, Faz Elektrik ve Merloni Elettrodomestici gibi \u015firketlerde y\u00f6neticilik yaparak devam etti.\u00a0 1997 y\u0131l\u0131nda ise Vestel Beyaz E\u015fya Genel M\u00fcd\u00fcr\u00fc pozisyonunda Zorlu Holding \u00e7at\u0131s\u0131 alt\u0131nda \u00e7al\u0131\u015fmaya ba\u015flayan \u00d6mer Y\u00fcng\u00fcl, 2000 y\u0131l\u0131nda ise Vestel \u0130cra Kurulu Ba\u015fkan\u0131 g\u00f6revine getirildi. Vestel b\u00fcnyesinde 15 y\u0131l boyunca \u00e7al\u0131\u015fan ve \u015firketin b\u00fcy\u00fcmesine \u00f6nemli katk\u0131larda bulunan \u00d6mer Y\u00fcng\u00fcl, daha \u00f6nce 2013 y\u0131l\u0131nda Zorlu Holding\u2019in &hellip;"}