{"version":"1.0","provider_name":"Av. Deniz Can K\u0131z\u0131l","provider_url":"https:\/\/denizcankizil.tr\/de","author_name":"Antalya K\u00f6rfez","author_url":"https:\/\/denizcankizil.tr\/de\/author\/www-antalyakorfez-com\/","title":"M\u00fcze kentin ortak haf\u0131zas\u0131 olsun","type":"rich","width":600,"height":338,"html":"<blockquote class=\"wp-embedded-content\" data-secret=\"1M6umUMw7I\"><a href=\"https:\/\/denizcankizil.tr\/de\/haberler\/gundem\/muze-kentin-ortak-hafizasi-olsun\/\">M\u00fcze kentin ortak haf\u0131zas\u0131 olsun<\/a><\/blockquote><iframe sandbox=\"allow-scripts\" security=\"restricted\" src=\"https:\/\/denizcankizil.tr\/de\/haberler\/gundem\/muze-kentin-ortak-hafizasi-olsun\/embed\/#?secret=1M6umUMw7I\" width=\"600\" height=\"338\" title=\"&#8222;M\u00fcze kentin ortak haf\u0131zas\u0131 olsun&#8220; &#8211; Av. Deniz Can K\u0131z\u0131l\" data-secret=\"1M6umUMw7I\" frameborder=\"0\" marginwidth=\"0\" marginheight=\"0\" scrolling=\"no\" class=\"wp-embedded-content\"><\/iframe><script>\n\/*! This file is auto-generated *\/\n!function(d,l){\"use strict\";l.querySelector&&d.addEventListener&&\"undefined\"!=typeof URL&&(d.wp=d.wp||{},d.wp.receiveEmbedMessage||(d.wp.receiveEmbedMessage=function(e){var t=e.data;if((t||t.secret||t.message||t.value)&&!\/[^a-zA-Z0-9]\/.test(t.secret)){for(var s,r,n,a=l.querySelectorAll('iframe[data-secret=\"'+t.secret+'\"]'),o=l.querySelectorAll('blockquote[data-secret=\"'+t.secret+'\"]'),c=new RegExp(\"^https?:$\",\"i\"),i=0;i<o.length;i++)o[i].style.display=\"none\";for(i=0;i<a.length;i++)s=a[i],e.source===s.contentWindow&&(s.removeAttribute(\"style\"),\"height\"===t.message?(1e3<(r=parseInt(t.value,10))?r=1e3:~~r<200&&(r=200),s.height=r):\"link\"===t.message&&(r=new URL(s.getAttribute(\"src\")),n=new URL(t.value),c.test(n.protocol))&&n.host===r.host&&l.activeElement===s&&(d.top.location.href=t.value))}},d.addEventListener(\"message\",d.wp.receiveEmbedMessage,!1),l.addEventListener(\"DOMContentLoaded\",function(){for(var e,t,s=l.querySelectorAll(\"iframe.wp-embedded-content\"),r=0;r<s.length;r++)(t=(e=s[r]).getAttribute(\"data-secret\"))||(t=Math.random().toString(36).substring(2,12),e.src+=\"#?secret=\"+t,e.setAttribute(\"data-secret\",t)),e.contentWindow.postMessage({message:\"ready\",secret:t},\"*\")},!1)))}(window,document);\n\/\/# sourceURL=https:\/\/denizcankizil.tr\/wp-includes\/js\/wp-embed.min.js\n<\/script>","description":"Antalya K\u00fclt\u00fcrel Miras Derne\u011fi (ANKA), y\u0131k\u0131lmas\u0131 g\u00fcndemde olan Antalya Arkeoloji M\u00fczesi i\u00e7in yeni bir \u00f6neride bulundu. ANKA, m\u00fczenin kentin ortak haf\u0131zas\u0131 olarak de\u011ferlendirilmesi i\u00e7in Antalya K\u00fclt\u00fcr Varl\u0131klar\u0131n\u0131 Koruma B\u00f6lge Kurulu\u2019na (AKVKBK) ba\u015fvuru yapt\u0131. \u00a0ANKA\u2019n\u0131n yapt\u0131\u011f\u0131 ba\u015fvuruda Arkeoloji M\u00fczesi\u2019nin mimari projesinin T\u00fcrkiye\u2019de ulusal bir yar\u0131\u015fma ile elde edilen ilk \u00f6rnek oldu\u011fu hat\u0131rlat\u0131ld\u0131: \u00d6ZG\u00dcN \u00d6RNEKLER MEVCUT ANKA\u2019n\u0131n ba\u015fvurusunda, \u201cAntalya Arkeoloji M\u00fczesi 1964 y\u0131l\u0131nda ulusal bir yar\u0131\u015fma projesi ile se\u00e7ilen \u00fclkemizin ilk m\u00fcze binas\u0131 olma vasf\u0131na sahiptir. Projenin m\u00fcellifi, \u0130stanbul Manifaturac\u0131lar \u00c7ar\u015f\u0131s\u0131 (IM \u00c7), Lassa Lastik Fabrikas\u0131, Stad Oteli (bug\u00fcn: Ankara Radisson Oteli) gibi \u00e7ok say\u0131da \u00f6d\u00fcll\u00fc yap\u0131n\u0131n da mimar\u0131 olan Do\u011fan Tekeli-Sami Sisa&#8217;d\u0131r. Yap\u0131, do\u011fal \u00e7evreyle uyumlu ve yatay formlar\u0131yla Akdeniz mimari bi\u00e7imleni\u015finin \u00f6zg\u00fcn \u00f6rneklerinden birisidir ve in\u015fa edildi\u011fi 1972 y\u0131l\u0131ndan bu yana kentimizin mimari siluetlerinden birini temsil etmektedir\u201d denildi. AVRUPA KONSEY\u0130 \u00d6D\u00dcLL\u00dc B\u0130R M\u00dcZE Ba\u015fvuruda \u015f\u00f6yle denildi: \u00a0\u201cM\u00fczemiz, bahse konu \u00f6nc\u00fc ve ba\u015far\u0131l\u0131 mimari tasar\u0131m\u0131 yan\u0131nda te\u015fhir ve tanzime elveri\u015fli sergi alanlar\u0131 nedeniyle 1988 y\u0131l\u0131nda Avrupa Konseyi \u00d6zel \u00d6d\u00fcl\u00fc\u2019n\u00fc kazanm\u0131\u015ft\u0131r. Fiziki \u00f6zellikleri yan\u0131 s\u0131ra Antalya Arkeoloji M\u00fczesi \u015fehrimizin ortak haf\u0131zas\u0131n\u0131n somut bir ifadesidir. Y\u0131llard\u0131r Antalyal\u0131lar\u0131n ve ziyaret\u00e7ilerin an\u0131lar\u0131nda yer etmi\u015f bu yap\u0131n\u0131n y\u0131k\u0131lmas\u0131, kentimizin kimli\u011fine vurulacak b\u00fcy\u00fck bir darbedir. Kentler i\u00e7in haf\u0131za mek\u00e2nlar\u0131, ge\u00e7mi\u015fle gelecek aras\u0131nda k\u00f6pr\u00fc kuran, toplumsal ba\u011flar\u0131 g\u00fc\u00e7lendiren &hellip;"}