{"version":"1.0","provider_name":"Av. Deniz Can K\u0131z\u0131l","provider_url":"https:\/\/denizcankizil.tr\/de","author_name":"admin","author_url":"https:\/\/denizcankizil.tr\/de\/author\/admin\/","title":"Mudanya\u2019da tarihi dokuyu korumak i\u00e7in ad\u0131m","type":"rich","width":600,"height":338,"html":"<blockquote class=\"wp-embedded-content\" data-secret=\"oxbg69FW9U\"><a href=\"https:\/\/denizcankizil.tr\/de\/haberler\/gundem\/mudanyada-tarihi-dokuyu-korumak-icin-adim\/\">Mudanya\u2019da tarihi dokuyu korumak i\u00e7in ad\u0131m<\/a><\/blockquote><iframe sandbox=\"allow-scripts\" security=\"restricted\" src=\"https:\/\/denizcankizil.tr\/de\/haberler\/gundem\/mudanyada-tarihi-dokuyu-korumak-icin-adim\/embed\/#?secret=oxbg69FW9U\" width=\"600\" height=\"338\" title=\"&#8222;Mudanya\u2019da tarihi dokuyu korumak i\u00e7in ad\u0131m&#8220; &#8211; Av. Deniz Can K\u0131z\u0131l\" data-secret=\"oxbg69FW9U\" frameborder=\"0\" marginwidth=\"0\" marginheight=\"0\" scrolling=\"no\" class=\"wp-embedded-content\"><\/iframe><script>\n\/*! This file is auto-generated *\/\n!function(d,l){\"use strict\";l.querySelector&&d.addEventListener&&\"undefined\"!=typeof URL&&(d.wp=d.wp||{},d.wp.receiveEmbedMessage||(d.wp.receiveEmbedMessage=function(e){var t=e.data;if((t||t.secret||t.message||t.value)&&!\/[^a-zA-Z0-9]\/.test(t.secret)){for(var s,r,n,a=l.querySelectorAll('iframe[data-secret=\"'+t.secret+'\"]'),o=l.querySelectorAll('blockquote[data-secret=\"'+t.secret+'\"]'),c=new RegExp(\"^https?:$\",\"i\"),i=0;i<o.length;i++)o[i].style.display=\"none\";for(i=0;i<a.length;i++)s=a[i],e.source===s.contentWindow&&(s.removeAttribute(\"style\"),\"height\"===t.message?(1e3<(r=parseInt(t.value,10))?r=1e3:~~r<200&&(r=200),s.height=r):\"link\"===t.message&&(r=new URL(s.getAttribute(\"src\")),n=new URL(t.value),c.test(n.protocol))&&n.host===r.host&&l.activeElement===s&&(d.top.location.href=t.value))}},d.addEventListener(\"message\",d.wp.receiveEmbedMessage,!1),l.addEventListener(\"DOMContentLoaded\",function(){for(var e,t,s=l.querySelectorAll(\"iframe.wp-embedded-content\"),r=0;r<s.length;r++)(t=(e=s[r]).getAttribute(\"data-secret\"))||(t=Math.random().toString(36).substring(2,12),e.src+=\"#?secret=\"+t,e.setAttribute(\"data-secret\",t)),e.contentWindow.postMessage({message:\"ready\",secret:t},\"*\")},!1)))}(window,document);\n\/\/# sourceURL=https:\/\/denizcankizil.tr\/wp-includes\/js\/wp-embed.min.js\n<\/script>","description":"Bursa&#8217;da Mudanya Belediye Ba\u015fkan\u0131 Deniz Dalg\u0131\u00e7, TMMOB Mimarlar Odas\u0131 Bursa \u015eubesi\u2019nin d\u00fczenledi\u011fi Koruma ve Onar\u0131m Semineri\u2019nde, kentin tarihi dokusunu korumak i\u00e7in Kentsel Tasar\u0131m Rehberi haz\u0131rlad\u0131klar\u0131n\u0131 a\u00e7\u0131klad\u0131.BURSA (\u0130GFA) &#8211;\u00a0 TMMOB Mimarlar Odas\u0131 Bursa \u015eubesi\u2019nin bu y\u0131l \u00fc\u00e7\u00fcnc\u00fcs\u00fcn\u00fc d\u00fczenledi\u011fi Koruma ve Onar\u0131m Semineri, Bursa Akademik Odalar Birli\u011fi Konferans Salonu\u2019nda ba\u015flad\u0131. Akademisyenler, STK\u2019lar, kamu ve meslek temsilcilerinin kat\u0131ld\u0131\u011f\u0131 seminerde Mudanya Belediye Ba\u015fkan\u0131 Deniz Dalg\u0131\u00e7, kentin k\u00fclt\u00fcrel ve do\u011fal miras\u0131n\u0131 koruma \u00e7al\u0131\u015fmalar\u0131n\u0131 anlatt\u0131. Ba\u015fkan Dalg\u0131\u00e7, \u201cMudanya, 2800 y\u0131ll\u0131k tarihiyle \u00f6zel bir yer. Kurtulu\u015f m\u00fccadelesini m\u00fctarekeyle sonu\u00e7land\u0131ran bir kent. \u00c7ok say\u0131da tarihi esere ev sahipli\u011fi yap\u0131yor. Her k\u00fclt\u00fcr varl\u0131\u011f\u0131 i\u00e7in hayal kuruyorum. Myrleia Antik Kenti\u2019nin bulundu\u011fu alan\u0131 kamula\u015ft\u0131rmak i\u00e7in \u00e7al\u0131\u015f\u0131yoruz, ancak bu alan\u0131n sahile ve antik limanlara kadar uzanan k\u0131sm\u0131nda devletin de deste\u011fi \u015fart\u201d dedi. Dalg\u0131\u00e7, 14 ayd\u0131r kurulmas\u0131 i\u00e7in \u00e7aba g\u00f6sterdikleri Koruma Uygulama ve Denetim B\u00fcrosu (KUDEB) i\u00e7in yan\u0131t alamamalar\u0131na tepki g\u00f6stererek,\u00a0 \u201cMudanya gibi tarihi bir kentte KUDEB\u2019e itiraz olur mu?\u201d diye sordu. KENTSEL TASARIM REHBER\u0130 \u0130LE S\u00dcRD\u00dcR\u00dcLEB\u0130L\u0130R KORUMA Dalg\u0131\u00e7, kent tarihi dokusunu korumak i\u00e7in Kentsel Tasar\u0131m Rehberi haz\u0131rlad\u0131klar\u0131n\u0131 belirtti. \u201cKent merkezinde 12,5 hektarl\u0131k koruma alan\u0131nda, s\u00fcrd\u00fcr\u00fclebilir, \u00e7evreye duyarl\u0131 ve kimlikli ya\u015fam alanlar\u0131 olu\u015fturmay\u0131 hedefliyoruz. Tasar\u0131m kriterlerini belirledik, rehberi Koruma Kurulu onay\u0131na sunaca\u011f\u0131z. Ayr\u0131ca binalarda tarihi dokuya uygun cephe sa\u011fl\u0131kla\u015ft\u0131rmalar\u0131 ve kentsel yenilemeler planl\u0131yoruz\u201d &hellip;"}