{"version":"1.0","provider_name":"Av. Deniz Can K\u0131z\u0131l","provider_url":"https:\/\/denizcankizil.tr\/de","author_name":"Av. Deniz Can K\u0131z\u0131l","author_url":"https:\/\/denizcankizil.tr\/de","title":"Mevlevi t\u0131n\u0131lar\u0131 ile Mevlana\u2019n\u0131n a\u015fk\u0131 g\u00f6n\u00fcllere dokundu","type":"rich","width":600,"height":338,"html":"<blockquote class=\"wp-embedded-content\" data-secret=\"wZv0GNFmgD\"><a href=\"https:\/\/denizcankizil.tr\/de\/haberler\/gundem\/mevlevi-tinilari-ile-mevlananin-aski-gonullere-dokundu\/\">Mevlevi t\u0131n\u0131lar\u0131 ile Mevlana\u2019n\u0131n a\u015fk\u0131 g\u00f6n\u00fcllere dokundu<\/a><\/blockquote><iframe sandbox=\"allow-scripts\" security=\"restricted\" src=\"https:\/\/denizcankizil.tr\/de\/haberler\/gundem\/mevlevi-tinilari-ile-mevlananin-aski-gonullere-dokundu\/embed\/#?secret=wZv0GNFmgD\" width=\"600\" height=\"338\" title=\"&#8222;Mevlevi t\u0131n\u0131lar\u0131 ile Mevlana\u2019n\u0131n a\u015fk\u0131 g\u00f6n\u00fcllere dokundu&#8220; &#8211; Av. Deniz Can K\u0131z\u0131l\" data-secret=\"wZv0GNFmgD\" frameborder=\"0\" marginwidth=\"0\" marginheight=\"0\" scrolling=\"no\" class=\"wp-embedded-content\"><\/iframe><script>\n\/*! This file is auto-generated *\/\n!function(d,l){\"use strict\";l.querySelector&&d.addEventListener&&\"undefined\"!=typeof URL&&(d.wp=d.wp||{},d.wp.receiveEmbedMessage||(d.wp.receiveEmbedMessage=function(e){var t=e.data;if((t||t.secret||t.message||t.value)&&!\/[^a-zA-Z0-9]\/.test(t.secret)){for(var s,r,n,a=l.querySelectorAll('iframe[data-secret=\"'+t.secret+'\"]'),o=l.querySelectorAll('blockquote[data-secret=\"'+t.secret+'\"]'),c=new RegExp(\"^https?:$\",\"i\"),i=0;i<o.length;i++)o[i].style.display=\"none\";for(i=0;i<a.length;i++)s=a[i],e.source===s.contentWindow&&(s.removeAttribute(\"style\"),\"height\"===t.message?(1e3<(r=parseInt(t.value,10))?r=1e3:~~r<200&&(r=200),s.height=r):\"link\"===t.message&&(r=new URL(s.getAttribute(\"src\")),n=new URL(t.value),c.test(n.protocol))&&n.host===r.host&&l.activeElement===s&&(d.top.location.href=t.value))}},d.addEventListener(\"message\",d.wp.receiveEmbedMessage,!1),l.addEventListener(\"DOMContentLoaded\",function(){for(var e,t,s=l.querySelectorAll(\"iframe.wp-embedded-content\"),r=0;r<s.length;r++)(t=(e=s[r]).getAttribute(\"data-secret\"))||(t=Math.random().toString(36).substring(2,12),e.src+=\"#?secret=\"+t,e.setAttribute(\"data-secret\",t)),e.contentWindow.postMessage({message:\"ready\",secret:t},\"*\")},!1)))}(window,document);\n\/\/# sourceURL=https:\/\/denizcankizil.tr\/wp-includes\/js\/wp-embed.min.js\n<\/script>","description":"Sakarya B\u00fcy\u00fck\u015fehir Belediyesi, Hz. Mevl\u00e2naCelaleddin-i Rumi\u2019nin 751. Vuslat Y\u0131ld\u00f6n\u00fcm\u00fc i\u00e7in d\u00fczenledi\u011fi Alim ve Arif Mevl\u00e2na program\u0131, mest eden bir bulu\u015fmaya sahne oldu. Prof. Dr. Sezai K\u00fc\u00e7\u00fck, Mevlana\u2019n\u0131n Kur\u2019an ve s\u00fcnnetle \u015fekillenen hayat\u0131n\u0131, \u0130slam\u2019a bak\u0131\u015f\u0131n\u0131 ve ilah\u0131 a\u015fk\u0131n\u0131 anlatt\u0131. Dr. Abdullah Uysal ve B\u00fcy\u00fck\u015fehir Belediyesi Kent Orkestras\u0131\u2019n\u0131n musiki sunumlar\u0131 kat\u0131l\u0131mc\u0131lar\u0131 mest etti.SAKARYA (\u0130GFA) &#8211;\u00a0Sakarya B\u00fcy\u00fck\u015fehir Belediyesi, Hz. Mevl\u00e2naCelaleddin-i Rumi\u2019nin 751. Vuslat Y\u0131ld\u00f6n\u00fcm\u00fc dolay\u0131s\u0131yla \u201cAlim ve Arif Mevl\u00e2na\u201d isimli programa ev sahipli\u011fi yapt\u0131. Ziya Ta\u015fkent Konser Salonu\u2019nda Prof. Dr. SezaiK\u00fc\u00e7\u00fck\u2019\u00fcnkonu\u015fmac\u0131 oldu\u011fu programa Dr. Abdullah Uysal ve B\u00fcy\u00fck\u015fehir Kent Orkestras musiki ve sunumlar\u0131yla e\u015flik etti. M\u00fcr\u015fid-i K\u00e2mil: Mevl\u00e2na Mevlevi musikisinin b\u00fcy\u00fcleyici t\u0131n\u0131lar\u0131, kat\u0131l\u0131mc\u0131lar\u0131 adeta manevi bir yolculu\u011fa \u00e7\u0131kard\u0131.Programa K\u00fclt\u00fcr ve Sosyal \u0130\u015fler Dairesi Ba\u015fkan\u0131 Alpay \u015eirin, Hizmet-\u0130\u015f Sendikas\u0131 Sakarya \u015eube Ba\u015fkan\u0131 Mesut G\u00f6kdemir ve \u00e7ok say\u0131da sanatsever kat\u0131ld\u0131. Konu\u015fmas\u0131nda Hz. Mevlana\u2019n\u0131n hayat\u0131ndan ve \u00f6\u011fretilerinden bahseden Prof. Dr. Sezai K\u00fc\u00e7\u00fck \u201cmaneviyat rehberi vem\u00fcr\u015fid-i k\u00e2mil\u201d oldu\u011funu vurgulad\u0131. \u200bSakarya B\u00fcy\u00fck\u015fehir Belediyesi, Hz. Mevl\u00e2naCelaleddin-i Rumi\u2019nin 751. Vuslat Y\u0131ld\u00f6n\u00fcm\u00fc i\u00e7in d\u00fczenledi\u011fi Alim ve Arif Mevl\u00e2na program\u0131, mest eden bir bulu\u015fmaya sahne oldu. Prof. Dr. Sezai K\u00fc\u00e7\u00fck, Mevlana\u2019n\u0131n Kur\u2019an ve s\u00fcnnetle \u015fekillenen hayat\u0131n\u0131, \u0130slam\u2019a bak\u0131\u015f\u0131n\u0131 ve ilah\u0131 a\u015fk\u0131n\u0131 anlatt\u0131. Dr. Abdullah Uysal ve B\u00fcy\u00fck\u015fehir Belediyesi Kent Orkestras\u0131\u2019n\u0131n musiki sunumlar\u0131 kat\u0131l\u0131mc\u0131lar\u0131 mest etti.SAKARYA (\u0130GFA) &#8211;\u00a0Sakarya B\u00fcy\u00fck\u015fehir Belediyesi, Hz. Mevl\u00e2naCelaleddin-i Rumi\u2019nin &hellip;"}