{"version":"1.0","provider_name":"Av. Deniz Can K\u0131z\u0131l","provider_url":"https:\/\/denizcankizil.tr\/de","author_name":"Av. Deniz Can K\u0131z\u0131l","author_url":"https:\/\/denizcankizil.tr\/de","title":"Marmara Denizi i\u00e7in Kocaeli, \u0130stanbul\u2019da ses getirdi","type":"rich","width":600,"height":338,"html":"<blockquote class=\"wp-embedded-content\" data-secret=\"hLwpvOrorL\"><a href=\"https:\/\/denizcankizil.tr\/de\/haberler\/gundem\/marmara-denizi-icin-kocaeli-istanbulda-ses-getirdi\/\">Marmara Denizi i\u00e7in Kocaeli, \u0130stanbul\u2019da ses getirdi<\/a><\/blockquote><iframe sandbox=\"allow-scripts\" security=\"restricted\" src=\"https:\/\/denizcankizil.tr\/de\/haberler\/gundem\/marmara-denizi-icin-kocaeli-istanbulda-ses-getirdi\/embed\/#?secret=hLwpvOrorL\" width=\"600\" height=\"338\" title=\"&#8222;Marmara Denizi i\u00e7in Kocaeli, \u0130stanbul\u2019da ses getirdi&#8220; &#8211; Av. Deniz Can K\u0131z\u0131l\" data-secret=\"hLwpvOrorL\" frameborder=\"0\" marginwidth=\"0\" marginheight=\"0\" scrolling=\"no\" class=\"wp-embedded-content\"><\/iframe><script>\n\/*! This file is auto-generated *\/\n!function(d,l){\"use strict\";l.querySelector&&d.addEventListener&&\"undefined\"!=typeof URL&&(d.wp=d.wp||{},d.wp.receiveEmbedMessage||(d.wp.receiveEmbedMessage=function(e){var t=e.data;if((t||t.secret||t.message||t.value)&&!\/[^a-zA-Z0-9]\/.test(t.secret)){for(var s,r,n,a=l.querySelectorAll('iframe[data-secret=\"'+t.secret+'\"]'),o=l.querySelectorAll('blockquote[data-secret=\"'+t.secret+'\"]'),c=new RegExp(\"^https?:$\",\"i\"),i=0;i<o.length;i++)o[i].style.display=\"none\";for(i=0;i<a.length;i++)s=a[i],e.source===s.contentWindow&&(s.removeAttribute(\"style\"),\"height\"===t.message?(1e3<(r=parseInt(t.value,10))?r=1e3:~~r<200&&(r=200),s.height=r):\"link\"===t.message&&(r=new URL(s.getAttribute(\"src\")),n=new URL(t.value),c.test(n.protocol))&&n.host===r.host&&l.activeElement===s&&(d.top.location.href=t.value))}},d.addEventListener(\"message\",d.wp.receiveEmbedMessage,!1),l.addEventListener(\"DOMContentLoaded\",function(){for(var e,t,s=l.querySelectorAll(\"iframe.wp-embedded-content\"),r=0;r<s.length;r++)(t=(e=s[r]).getAttribute(\"data-secret\"))||(t=Math.random().toString(36).substring(2,12),e.src+=\"#?secret=\"+t,e.setAttribute(\"data-secret\",t)),e.contentWindow.postMessage({message:\"ready\",secret:t},\"*\")},!1)))}(window,document);\n\/\/# sourceURL=https:\/\/denizcankizil.tr\/wp-includes\/js\/wp-embed.min.js\n<\/script>","description":"Marmara Denizi\u2019nin korunabilmesi i\u00e7in \u00f6nemli a\u00e7\u0131klamalarda bulunan Kocaeli B\u00fcy\u00fck\u015fehir Belediye Ba\u015fkan\u0131 Do\u00e7.Dr.Tahir B\u00fcy\u00fckak\u0131n\u2019\u0131n s\u00f6zleri \u0130stanbul\u2019da g\u00fcndem oldu.KOCAEL\u0130 (\u0130GFA) &#8211; Kocaeli B\u00fcy\u00fck\u015fehir Belediye Ba\u015fkan\u0131 Do\u00e7.Dr.Tahir B\u00fcy\u00fckak\u0131n\u2019\u0131n Marmara Denizi\u2019nin korunabilmesi ad\u0131na yapt\u0131\u011f\u0131 a\u00e7\u0131klama \u0130stanbul\u2019da da ses getirdi. Bilindi\u011fi gibi Ba\u015fkan B\u00fcy\u00fckak\u0131n, ge\u00e7ti\u011fimiz g\u00fcnlerde \u0130stanbul B\u00fcy\u00fck\u015fehir Belediyesi\u2019ni uyararak \u015f\u00f6yle demi\u015fti: \u201cMarmara \u00f6l\u00fcyor. Tedbir al\u0131nmaz, gereken yap\u0131lmazsa yine \u00e7ok b\u00fcy\u00fck bir \u00e7evre felaketi ile kar\u015f\u0131 kar\u015f\u0131ya kalaca\u011f\u0131z. Marmara Denizi\u2019ne her g\u00fcn 4.5 milyon metrek\u00fcp kanalizasyon de\u015farj oluyor. 4.5 milyon metrek\u00fcp\u00fcn y\u00fczde 53\u2019\u00fc sadece \u00f6n ar\u0131tma ile de\u015farj ediliyor. Erdek K\u00f6rfezi\u2019nde m\u00fcsilaj g\u00f6r\u00fcld\u00fc. 7 haftada \u0130zmit\u2019e geldi. Tedbirler al\u0131nmazsa, gerekenler yap\u0131lmazsa b\u00fct\u00fcn Marmara\u2019y\u0131 tekrar m\u00fcsilaj problemi bekliyor. Marmara Denizi\u2019nin tamam\u0131n\u0131n korunabilmesi i\u00e7in Marmara Denizi\u2019ne s\u0131n\u0131r\u0131 olan b\u00fct\u00fcn belediyelerin \u00fczerine d\u00fc\u015fen sorumlulu\u011fu yerine getirmesi gerekiyor. \u0130stanbul\u2019da acilen 4 tane ar\u0131tma tesisi yap\u0131lmas\u0131 laz\u0131m. Be\u015f y\u0131l ge\u00e7ti 1 tane ar\u0131tma tesisi yap\u0131lmad\u0131. (\u0130BB Ba\u015fkan\u0131 Ekrem \u0130mamo\u011flu) Yok bana yer vermediler, yok para vermediler, onu yapmad\u0131lar, bunu yapmad\u0131lar diyerek zaman kaybettiler. B\u00f6yle bir d\u00fcnya yok. Bak\u0131n bu bir politik tart\u0131\u015fma meselesi de\u011fil. Bu bir Milli mesele. Kocaeli\u2019deki b\u00fct\u00fcn ar\u0131tma tesisleri \u00e7al\u0131\u015f\u0131yor. Kanalizasyon suyu bir damla denize gitmiyor. Apa\u00e7\u0131k, aln\u0131m ak bir \u015fekilde s\u00f6yl\u00fcyorum. K\u00f6rfez kirlenmesin diye, 23 tane ar\u0131tma tesisi \u00e7al\u0131\u015ft\u0131r\u0131yoruz. 23 ar\u0131tma tesisinin sadece y\u0131ll\u0131k elektrik maliyeti &hellip;"}