{"version":"1.0","provider_name":"Av. Deniz Can K\u0131z\u0131l","provider_url":"https:\/\/denizcankizil.tr\/de","author_name":"admin","author_url":"https:\/\/denizcankizil.tr\/de\/author\/admin\/","title":"Manisa'da 485. bulu\u015fma i\u00e7in geri say\u0131m","type":"rich","width":600,"height":338,"html":"<blockquote class=\"wp-embedded-content\" data-secret=\"9lNcQp8xAc\"><a href=\"https:\/\/denizcankizil.tr\/de\/haberler\/gundem\/manisada-485-bulusma-icin-geri-sayim\/\">Manisa&#8217;da 485. bulu\u015fma i\u00e7in geri say\u0131m<\/a><\/blockquote><iframe sandbox=\"allow-scripts\" security=\"restricted\" src=\"https:\/\/denizcankizil.tr\/de\/haberler\/gundem\/manisada-485-bulusma-icin-geri-sayim\/embed\/#?secret=9lNcQp8xAc\" width=\"600\" height=\"338\" title=\"&#8222;Manisa&#8217;da 485. bulu\u015fma i\u00e7in geri say\u0131m&#8220; &#8211; Av. Deniz Can K\u0131z\u0131l\" data-secret=\"9lNcQp8xAc\" frameborder=\"0\" marginwidth=\"0\" marginheight=\"0\" scrolling=\"no\" class=\"wp-embedded-content\"><\/iframe><script>\n\/*! This file is auto-generated *\/\n!function(d,l){\"use strict\";l.querySelector&&d.addEventListener&&\"undefined\"!=typeof URL&&(d.wp=d.wp||{},d.wp.receiveEmbedMessage||(d.wp.receiveEmbedMessage=function(e){var t=e.data;if((t||t.secret||t.message||t.value)&&!\/[^a-zA-Z0-9]\/.test(t.secret)){for(var s,r,n,a=l.querySelectorAll('iframe[data-secret=\"'+t.secret+'\"]'),o=l.querySelectorAll('blockquote[data-secret=\"'+t.secret+'\"]'),c=new RegExp(\"^https?:$\",\"i\"),i=0;i<o.length;i++)o[i].style.display=\"none\";for(i=0;i<a.length;i++)s=a[i],e.source===s.contentWindow&&(s.removeAttribute(\"style\"),\"height\"===t.message?(1e3<(r=parseInt(t.value,10))?r=1e3:~~r<200&&(r=200),s.height=r):\"link\"===t.message&&(r=new URL(s.getAttribute(\"src\")),n=new URL(t.value),c.test(n.protocol))&&n.host===r.host&&l.activeElement===s&&(d.top.location.href=t.value))}},d.addEventListener(\"message\",d.wp.receiveEmbedMessage,!1),l.addEventListener(\"DOMContentLoaded\",function(){for(var e,t,s=l.querySelectorAll(\"iframe.wp-embedded-content\"),r=0;r<s.length;r++)(t=(e=s[r]).getAttribute(\"data-secret\"))||(t=Math.random().toString(36).substring(2,12),e.src+=\"#?secret=\"+t,e.setAttribute(\"data-secret\",t)),e.contentWindow.postMessage({message:\"ready\",secret:t},\"*\")},!1)))}(window,document);\n\/\/# sourceURL=https:\/\/denizcankizil.tr\/wp-includes\/js\/wp-embed.min.js\n<\/script>","description":"UNESCO\u2019nun D\u00fcnya Somut Olmayan K\u00fclt\u00fcrel Miras Listesi\u2019nde yer alan 485. Uluslararas\u0131 Manisa Mesir Macunu Festivali\u2019nde sa\u00e7\u0131lacak 8 ton mesir macunu, geleneksel y\u00f6ntemlerle ve kad\u0131nlar\u0131n eme\u011fiyle haz\u0131rlan\u0131yor.MAN\u0130SA (\u0130GFA) &#8211; UNESCO\u2019nun Somut Olmayan K\u00fclt\u00fcrel Miras Listesi\u2019nde yer alan 485. Uluslararas\u0131 Manisa Mesir Macunu Festivali i\u00e7in haz\u0131rl\u0131klar s\u00fcr\u00fcyor. 21 Mart&#8217;ta d\u00fczenlenen karma t\u00f6renle ba\u015flayan festival co\u015fkusu, 27 Nisan\u2019da ger\u00e7ekle\u015ftirilecek sa\u00e7\u0131m t\u00f6reniyle 8 ton mesir macunu halka da\u011f\u0131t\u0131lacak. Geleneksel y\u00f6ntemlerle kad\u0131n eme\u011fiyle haz\u0131rlanan mesir, Manisa\u2019y\u0131 Mesir\u2019i Tan\u0131tma ve Turizm Derne\u011fi imalathanesinde \u00fcretiliyor. Manisa B\u00fcy\u00fck\u015fehir Belediye Ba\u015fkan\u0131 Ferdi Zeyrek, mesirin Manisa\u2019n\u0131n kalbi oldu\u011funu belirterek, &#8220;Bu 485 y\u0131ll\u0131k gelene\u011fi ya\u015fatmak, k\u00fclt\u00fcrel zenginli\u011fimizi d\u00fcnyaya tan\u0131tmakt\u0131r. Kad\u0131n eme\u011fiyle \u015fekillenen festivalde herkesi Manisa\u2019da bulu\u015fturaca\u011f\u0131z\u201d dedi. Festival haftas\u0131nda tarih s\u00f6yle\u015fileri, sanat sergileri ve konserlerle \u015fehir bayram havas\u0131na b\u00fcr\u00fcnece\u011fini s\u00f6yleyen Ba\u015fkan Zeyrek, \u015fehrin tarihine, k\u00fclt\u00fcr\u00fcne ve insan\u0131n yak\u0131\u015f\u0131r uluslararas\u0131 bu b\u00fcy\u00fck organizasyonda herkesi aralar\u0131nda g\u00f6rmek istediklerini s\u00f6yledi.\u00a0 8 TON MES\u0130R SA\u00c7ILACAK Manisa&#8217;y\u0131 Mesir&#8217;i Tan\u0131tma ve Turizm Derne\u011fi Ba\u015fkan\u0131 Ufuk Tan\u0131k, bu y\u0131l 8 ton mesir macunu haz\u0131rlad\u0131klar\u0131n\u0131 duyurdu. Mesir macununun AB co\u011frafi i\u015faretini alan 28. \u00fcr\u00fcn olarak da dikkat \u00e7ekti\u011fini belirten Tan\u0131k, dernek olarak bu gelene\u011fi ve inan\u0131\u015f\u0131 desteklediklerini s\u00f6yledi.\u00a0 Bu gelene\u011fin Manisa\u2019n\u0131n bayram\u0131 ve tan\u0131t\u0131m arac\u0131 oldu\u011funu ifade eden Ba\u015fkan Tan\u0131k, &#8220;500\u2019e yak\u0131n yabanc\u0131 misafir bekliyoruz. D\u00fcnyada \u00f6rne\u011fi olmayan bu &hellip;"}