{"version":"1.0","provider_name":"Av. Deniz Can K\u0131z\u0131l","provider_url":"https:\/\/denizcankizil.tr\/de","author_name":"admin","author_url":"https:\/\/denizcankizil.tr\/de\/author\/admin\/","title":"Kuveyt B\u00fcy\u00fckel\u00e7isi Al-Adwani\u2019den Ba\u015fkan Aras\u2019a ziyaret","type":"rich","width":600,"height":338,"html":"<blockquote class=\"wp-embedded-content\" data-secret=\"11sbBNSvPr\"><a href=\"https:\/\/denizcankizil.tr\/de\/haberler\/gundem\/kuveyt-buyukelcisi-al-adwaniden-baskan-arasa-ziyaret\/\">Kuveyt B\u00fcy\u00fckel\u00e7isi Al-Adwani\u2019den Ba\u015fkan Aras\u2019a ziyaret<\/a><\/blockquote><iframe sandbox=\"allow-scripts\" security=\"restricted\" src=\"https:\/\/denizcankizil.tr\/de\/haberler\/gundem\/kuveyt-buyukelcisi-al-adwaniden-baskan-arasa-ziyaret\/embed\/#?secret=11sbBNSvPr\" width=\"600\" height=\"338\" title=\"&#8222;Kuveyt B\u00fcy\u00fckel\u00e7isi Al-Adwani\u2019den Ba\u015fkan Aras\u2019a ziyaret&#8220; &#8211; Av. Deniz Can K\u0131z\u0131l\" data-secret=\"11sbBNSvPr\" frameborder=\"0\" marginwidth=\"0\" marginheight=\"0\" scrolling=\"no\" class=\"wp-embedded-content\"><\/iframe><script>\n\/*! This file is auto-generated *\/\n!function(d,l){\"use strict\";l.querySelector&&d.addEventListener&&\"undefined\"!=typeof URL&&(d.wp=d.wp||{},d.wp.receiveEmbedMessage||(d.wp.receiveEmbedMessage=function(e){var t=e.data;if((t||t.secret||t.message||t.value)&&!\/[^a-zA-Z0-9]\/.test(t.secret)){for(var s,r,n,a=l.querySelectorAll('iframe[data-secret=\"'+t.secret+'\"]'),o=l.querySelectorAll('blockquote[data-secret=\"'+t.secret+'\"]'),c=new RegExp(\"^https?:$\",\"i\"),i=0;i<o.length;i++)o[i].style.display=\"none\";for(i=0;i<a.length;i++)s=a[i],e.source===s.contentWindow&&(s.removeAttribute(\"style\"),\"height\"===t.message?(1e3<(r=parseInt(t.value,10))?r=1e3:~~r<200&&(r=200),s.height=r):\"link\"===t.message&&(r=new URL(s.getAttribute(\"src\")),n=new URL(t.value),c.test(n.protocol))&&n.host===r.host&&l.activeElement===s&&(d.top.location.href=t.value))}},d.addEventListener(\"message\",d.wp.receiveEmbedMessage,!1),l.addEventListener(\"DOMContentLoaded\",function(){for(var e,t,s=l.querySelectorAll(\"iframe.wp-embedded-content\"),r=0;r<s.length;r++)(t=(e=s[r]).getAttribute(\"data-secret\"))||(t=Math.random().toString(36).substring(2,12),e.src+=\"#?secret=\"+t,e.setAttribute(\"data-secret\",t)),e.contentWindow.postMessage({message:\"ready\",secret:t},\"*\")},!1)))}(window,document);\n\/\/# sourceURL=https:\/\/denizcankizil.tr\/wp-includes\/js\/wp-embed.min.js\n<\/script>","description":"Kuveyt\u2019in Ankara B\u00fcy\u00fckel\u00e7isi Abdulaziz Ahmed Al-Adwani, K\u0131y\u0131 Ege Belediyeler Birli\u011fi ve Mu\u011fla B\u00fcy\u00fck\u015fehir Belediye Ba\u015fkan\u0131 Ahmet Aras\u2019\u0131 makam\u0131nda ziyaret etti.MU\u011eLA (\u0130GFA) &#8211; Mu\u011fla B\u00fcy\u00fck\u015fehir Belediyesi Ba\u015fkanl\u0131k binas\u0131nda ger\u00e7ekle\u015fen ziyarette, iki \u00fclke aras\u0131ndaki ticari ili\u015fkiler, tarihi ba\u011flar, k\u00fclt\u00fcrel etkile\u015fimler ve kar\u015f\u0131l\u0131kl\u0131 i\u015f birli\u011fi olanaklar\u0131 ele al\u0131nd\u0131. Ziyarette, Mu\u011fla\u2019n\u0131n turizm potansiyeli, do\u011fal g\u00fczellikleri, co\u011frafi i\u015faretli \u00fcr\u00fcnleri ve \u00f6zellikle bal ile zeytinya\u011f\u0131 \u00fcretiminin uluslararas\u0131 pazarlara tan\u0131t\u0131m\u0131 g\u00fcndeme geldi. Konuk B\u00fcy\u00fckel\u00e7iye, Mu\u011fla\u2019n\u0131n co\u011frafi i\u015faretli \u00fcr\u00fcnlerinden Milas zeytinya\u011f\u0131 hediye edildi. B\u00dcY\u00dcKEL\u00c7\u0130 AL-ADWAN\u0130: \u201cT\u0130CAR\u0130 \u0130\u015e B\u0130RL\u0130KLER\u0130N\u0130 ARTIRMAYA HAZIRIZ\u201d Kuveyt\u2019in Ankara B\u00fcy\u00fckel\u00e7isi Abdulaziz Ahmed Al-Adwani, T\u00fcrkiye ile Kuveyt aras\u0131ndaki i\u015f birli\u011fini g\u00fc\u00e7lendirmek amac\u0131yla Mu\u011fla\u2019ya ger\u00e7ekle\u015ftirdi\u011fi ziyaret s\u0131ras\u0131nda, kentin do\u011fal g\u00fczelliklerine hayran kald\u0131\u011f\u0131n\u0131 belirtti. B\u00fcy\u00fckel\u00e7i Al-Adwani, T\u00fcrkiye ile Kuveyt aras\u0131ndaki ili\u015fkilerin tarihsel bir temele dayand\u0131\u011f\u0131n\u0131 vurgulayarak \u015fu ifadeleri kulland\u0131: \u201cT\u00fcrkiye ile Kuveyt aras\u0131ndaki ili\u015fkilerin tarihi bir g\u00fcc\u00fc oldu\u011funa inan\u0131yorum. H\u00e2lihaz\u0131rda 1,5 milyon Kuveytli vatanda\u015f\u0131m\u0131z T\u00fcrkiye\u2019de ya\u015f\u0131yor. Ayn\u0131 zamanda yakla\u015f\u0131k 600 bin T\u00fcrk vatanda\u015f\u0131 da Kuveyt\u2019te ya\u015famaktad\u0131r. K\u00fclt\u00fcrel ba\u011flar\u0131m\u0131z\u0131n g\u00fc\u00e7l\u00fc olmas\u0131, her iki toplum a\u00e7\u0131s\u0131ndan da b\u00fcy\u00fck fayda sa\u011flayacakt\u0131r. Kuveyt\u2019te faaliyet g\u00f6steren T\u00fcrk firmalar\u0131 bulunmaktad\u0131r ve bu ticareti daha da ileriye ta\u015f\u0131mak istiyoruz.\u201d KUVEYT\u2019TEN MU\u011eLA\u2019YA K\u00dcLT\u00dcREL DAVET: M\u00dcZ\u0130K VE SANATLA YAKINLA\u015eMA Mu\u011fla\u2019n\u0131n turizm potansiyeline ve k\u00fclt\u00fcrel birikimine duyduklar\u0131 ilgiyi dile getiren B\u00fcy\u00fckel\u00e7i, iki \u00fclke aras\u0131ndaki ticari diplomasinin daha g\u00f6r\u00fcn\u00fcr &hellip;"}