{"version":"1.0","provider_name":"Av. Deniz Can K\u0131z\u0131l","provider_url":"https:\/\/denizcankizil.tr\/de","author_name":"Av. Deniz Can K\u0131z\u0131l","author_url":"https:\/\/denizcankizil.tr\/de","title":"Konak Belediye Meclisi\u2019nden kayyum tepkisi","type":"rich","width":600,"height":338,"html":"<blockquote class=\"wp-embedded-content\" data-secret=\"4iL7pZFswD\"><a href=\"https:\/\/denizcankizil.tr\/de\/haberler\/gundem\/konak-belediye-meclisinden-kayyum-tepkisi\/\">Konak Belediye Meclisi\u2019nden kayyum tepkisi<\/a><\/blockquote><iframe sandbox=\"allow-scripts\" security=\"restricted\" src=\"https:\/\/denizcankizil.tr\/de\/haberler\/gundem\/konak-belediye-meclisinden-kayyum-tepkisi\/embed\/#?secret=4iL7pZFswD\" width=\"600\" height=\"338\" title=\"&#8222;Konak Belediye Meclisi\u2019nden kayyum tepkisi&#8220; &#8211; Av. Deniz Can K\u0131z\u0131l\" data-secret=\"4iL7pZFswD\" frameborder=\"0\" marginwidth=\"0\" marginheight=\"0\" scrolling=\"no\" class=\"wp-embedded-content\"><\/iframe><script>\n\/*! This file is auto-generated *\/\n!function(d,l){\"use strict\";l.querySelector&&d.addEventListener&&\"undefined\"!=typeof URL&&(d.wp=d.wp||{},d.wp.receiveEmbedMessage||(d.wp.receiveEmbedMessage=function(e){var t=e.data;if((t||t.secret||t.message||t.value)&&!\/[^a-zA-Z0-9]\/.test(t.secret)){for(var s,r,n,a=l.querySelectorAll('iframe[data-secret=\"'+t.secret+'\"]'),o=l.querySelectorAll('blockquote[data-secret=\"'+t.secret+'\"]'),c=new RegExp(\"^https?:$\",\"i\"),i=0;i<o.length;i++)o[i].style.display=\"none\";for(i=0;i<a.length;i++)s=a[i],e.source===s.contentWindow&&(s.removeAttribute(\"style\"),\"height\"===t.message?(1e3<(r=parseInt(t.value,10))?r=1e3:~~r<200&&(r=200),s.height=r):\"link\"===t.message&&(r=new URL(s.getAttribute(\"src\")),n=new URL(t.value),c.test(n.protocol))&&n.host===r.host&&l.activeElement===s&&(d.top.location.href=t.value))}},d.addEventListener(\"message\",d.wp.receiveEmbedMessage,!1),l.addEventListener(\"DOMContentLoaded\",function(){for(var e,t,s=l.querySelectorAll(\"iframe.wp-embedded-content\"),r=0;r<s.length;r++)(t=(e=s[r]).getAttribute(\"data-secret\"))||(t=Math.random().toString(36).substring(2,12),e.src+=\"#?secret=\"+t,e.setAttribute(\"data-secret\",t)),e.contentWindow.postMessage({message:\"ready\",secret:t},\"*\")},!1)))}(window,document);\n\/\/# sourceURL=https:\/\/denizcankizil.tr\/wp-includes\/js\/wp-embed.min.js\n<\/script>","description":"Konak Belediye Ba\u015fkan\u0131 Nil\u00fcfer \u00c7\u0131narl\u0131 Mutlu ve Konak Belediyesi\u2019nin CHP\u2019li meclis \u00fcyeleri Esenyurt Belediye Ba\u015fkan\u0131 Ahmet \u00d6zer\u2019in ard\u0131ndan \u00fc\u00e7 \u015fehirde daha belediye ba\u015fkanlar\u0131n\u0131n g\u00f6revden al\u0131narak yerlerine kayyum atanmas\u0131na tepkilerini siyah giyerek g\u00f6sterdi. \u200bKonak Belediye Ba\u015fkan\u0131 Nil\u00fcfer \u00c7\u0131narl\u0131 Mutlu ve Konak Belediyesi\u2019nin CHP\u2019li meclis \u00fcyeleri Esenyurt Belediye Ba\u015fkan\u0131 Ahmet \u00d6zer\u2019in ard\u0131ndan \u00fc\u00e7 \u015fehirde daha belediye ba\u015fkanlar\u0131n\u0131n g\u00f6revden al\u0131narak yerlerine kayyum atanmas\u0131na tepkilerini siyah giyerek g\u00f6sterdi.\u00a0 \u200bHaberin Al\u0131nt\u0131land\u0131\u011f\u0131 Kaynak: www.iskenderun.org"}