{"version":"1.0","provider_name":"Av. Deniz Can K\u0131z\u0131l","provider_url":"https:\/\/denizcankizil.tr\/de","author_name":"admin","author_url":"https:\/\/denizcankizil.tr\/de\/author\/admin\/","title":"Kocaeli'den tar\u0131ma destek tam gaz devam ediyor","type":"rich","width":600,"height":338,"html":"<blockquote class=\"wp-embedded-content\" data-secret=\"IlknGL2Wky\"><a href=\"https:\/\/denizcankizil.tr\/de\/haberler\/gundem\/kocaeliden-tarima-destek-tam-gaz-devam-ediyor\/\">Kocaeli&#8217;den tar\u0131ma destek tam gaz devam ediyor<\/a><\/blockquote><iframe sandbox=\"allow-scripts\" security=\"restricted\" src=\"https:\/\/denizcankizil.tr\/de\/haberler\/gundem\/kocaeliden-tarima-destek-tam-gaz-devam-ediyor\/embed\/#?secret=IlknGL2Wky\" width=\"600\" height=\"338\" title=\"&#8222;Kocaeli&#8217;den tar\u0131ma destek tam gaz devam ediyor&#8220; &#8211; Av. Deniz Can K\u0131z\u0131l\" data-secret=\"IlknGL2Wky\" frameborder=\"0\" marginwidth=\"0\" marginheight=\"0\" scrolling=\"no\" class=\"wp-embedded-content\"><\/iframe><script>\n\/*! This file is auto-generated *\/\n!function(d,l){\"use strict\";l.querySelector&&d.addEventListener&&\"undefined\"!=typeof URL&&(d.wp=d.wp||{},d.wp.receiveEmbedMessage||(d.wp.receiveEmbedMessage=function(e){var t=e.data;if((t||t.secret||t.message||t.value)&&!\/[^a-zA-Z0-9]\/.test(t.secret)){for(var s,r,n,a=l.querySelectorAll('iframe[data-secret=\"'+t.secret+'\"]'),o=l.querySelectorAll('blockquote[data-secret=\"'+t.secret+'\"]'),c=new RegExp(\"^https?:$\",\"i\"),i=0;i<o.length;i++)o[i].style.display=\"none\";for(i=0;i<a.length;i++)s=a[i],e.source===s.contentWindow&&(s.removeAttribute(\"style\"),\"height\"===t.message?(1e3<(r=parseInt(t.value,10))?r=1e3:~~r<200&&(r=200),s.height=r):\"link\"===t.message&&(r=new URL(s.getAttribute(\"src\")),n=new URL(t.value),c.test(n.protocol))&&n.host===r.host&&l.activeElement===s&&(d.top.location.href=t.value))}},d.addEventListener(\"message\",d.wp.receiveEmbedMessage,!1),l.addEventListener(\"DOMContentLoaded\",function(){for(var e,t,s=l.querySelectorAll(\"iframe.wp-embedded-content\"),r=0;r<s.length;r++)(t=(e=s[r]).getAttribute(\"data-secret\"))||(t=Math.random().toString(36).substring(2,12),e.src+=\"#?secret=\"+t,e.setAttribute(\"data-secret\",t)),e.contentWindow.postMessage({message:\"ready\",secret:t},\"*\")},!1)))}(window,document);\n\/\/# sourceURL=https:\/\/denizcankizil.tr\/wp-includes\/js\/wp-embed.min.js\n<\/script>","description":"Kocaeli B\u00fcy\u00fck\u015fehir Belediye Ba\u015fkan Tahir B\u00fcy\u00fckak\u0131n\u2019\u0131n kat\u0131l\u0131m\u0131yla d\u00fczenlenen t\u00f6rende, \u00e7ift\u00e7ilere y\u00fczde 50 hibeli 4 bin 400 Trabzon hurmas\u0131 ve 3 bin 200 yaban mersini fidan\u0131 da\u011f\u0131t\u0131ld\u0131.KOCAEL\u0130 (\u0130GFA) &#8211;\u00a0Kocaeli B\u00fcy\u00fck\u015fehir Belediye Ba\u015fkan\u0131 Do\u00e7.Dr.TahirB\u00fcy\u00fckak\u0131n\u2019\u0131n da kat\u0131ld\u0131\u011f\u0131 t\u00f6rende, \u00fcreticiye y\u00fczde 50 hibeli 4 bin 400 Trabzon hurmas\u0131 ve 3 bin 200 yaban mersini fidan\u0131 deste\u011fi sa\u011fland\u0131. Ba\u015fkan B\u00fcy\u00fckak\u0131n, \u00fcretime olan deste\u011fin her zaman s\u00fcrece\u011fini s\u00f6yledi. Y\u00dcZDE 50 H\u0130BEL\u0130 F\u0130DAN DA\u011eITIMI Kocaeli B\u00fcy\u00fck\u015fehir Belediyesi\u2019nin \u00e7ift\u00e7ilere y\u00f6nelik deste\u011fi yeni y\u0131lda da devam ediyor. B\u00fcy\u00fck\u015fehir Belediye Ba\u015fkan\u0131 Do\u00e7.Dr.Tahir B\u00fcy\u00fckak\u0131n\u2019\u0131n b\u00fcy\u00fck \u00f6nem verdi\u011fi k\u0131rsal kalk\u0131nma hamleleriyle \u00e7ift\u00e7ilere destek sa\u011flan\u0131yor. Bu kapsamda, Muhtarl\u0131k \u0130\u015fleri Dairesi Ba\u015fkanl\u0131\u011f\u0131 Tar\u0131msal Hizmetler \u015eube M\u00fcd\u00fcrl\u00fc\u011f\u00fcnce, Kocaeli genelinde y\u00fcr\u00fct\u00fclen, \u201cMeyvecili\u011fi Geli\u015ftirme Projesi\u201d \u00e7er\u00e7evesinde, \u00e7ift\u00e7ilere y\u00fczde 50 hibeli Trabzon hurmas\u0131 ve yaban mersini fidan\u0131 da\u011f\u0131t\u0131m\u0131 yap\u0131ld\u0131. SON 6 YILDA 10 M\u0130LYON TL DESTEK Ba\u015fkan B\u00fcy\u00fckak\u0131n t\u00f6rende yapt\u0131\u011f\u0131 konu\u015fmada, meyve fidan\u0131 deste\u011finin tar\u0131mda \u00e7e\u015fitlili\u011fi art\u0131rmak, verimlili\u011fi y\u00fckseltmek ve \u00e7ift\u00e7ilerin maliyetlerini d\u00fc\u015f\u00fcrmek amac\u0131yla ba\u015flat\u0131lan \u00f6nemli bir proje oldu\u011funa s\u00f6yledi. \u00dcreticilere sa\u011flad\u0131klar\u0131 y\u00fczde 50 hibe deste\u011fi ile tar\u0131msal \u00fcretim kapasitesini art\u0131rmay\u0131, \u00fcr\u00fcn \u00e7e\u015fitlili\u011fini zenginle\u015ftirmeyi ve daha kaliteli \u00fcr\u00fcnler elde etmeyi hedeflediklerini belirten B\u00fcy\u00fckak\u0131n, son 6 y\u0131lda 10 milyon TL de\u011ferinde meyve fidan\u0131 deste\u011fi sa\u011flad\u0131klar\u0131n\u0131 dile getirdi. B\u00fcy\u00fckak\u0131n, pandemi ile ba\u015flayan s\u00fcre\u00e7te \u00f6ncelikle \u00e7ift\u00e7i ve \u00fcreticilere destek verdiklerini ifade &hellip;"}