{"version":"1.0","provider_name":"Av. Deniz Can K\u0131z\u0131l","provider_url":"https:\/\/denizcankizil.tr\/de","author_name":"Av. Deniz Can K\u0131z\u0131l","author_url":"https:\/\/denizcankizil.tr\/de","title":"Kocaeli'de kulaklar\u0131n pas\u0131 silinecek","type":"rich","width":600,"height":338,"html":"<blockquote class=\"wp-embedded-content\" data-secret=\"oFbalbTHGz\"><a href=\"https:\/\/denizcankizil.tr\/de\/haberler\/gundem\/kocaelide-kulaklarin-pasi-silinecek\/\">Kocaeli&#8217;de kulaklar\u0131n pas\u0131 silinecek<\/a><\/blockquote><iframe sandbox=\"allow-scripts\" security=\"restricted\" src=\"https:\/\/denizcankizil.tr\/de\/haberler\/gundem\/kocaelide-kulaklarin-pasi-silinecek\/embed\/#?secret=oFbalbTHGz\" width=\"600\" height=\"338\" title=\"&#8222;Kocaeli&#8217;de kulaklar\u0131n pas\u0131 silinecek&#8220; &#8211; Av. Deniz Can K\u0131z\u0131l\" data-secret=\"oFbalbTHGz\" frameborder=\"0\" marginwidth=\"0\" marginheight=\"0\" scrolling=\"no\" class=\"wp-embedded-content\"><\/iframe><script>\n\/*! This file is auto-generated *\/\n!function(d,l){\"use strict\";l.querySelector&&d.addEventListener&&\"undefined\"!=typeof URL&&(d.wp=d.wp||{},d.wp.receiveEmbedMessage||(d.wp.receiveEmbedMessage=function(e){var t=e.data;if((t||t.secret||t.message||t.value)&&!\/[^a-zA-Z0-9]\/.test(t.secret)){for(var s,r,n,a=l.querySelectorAll('iframe[data-secret=\"'+t.secret+'\"]'),o=l.querySelectorAll('blockquote[data-secret=\"'+t.secret+'\"]'),c=new RegExp(\"^https?:$\",\"i\"),i=0;i<o.length;i++)o[i].style.display=\"none\";for(i=0;i<a.length;i++)s=a[i],e.source===s.contentWindow&&(s.removeAttribute(\"style\"),\"height\"===t.message?(1e3<(r=parseInt(t.value,10))?r=1e3:~~r<200&&(r=200),s.height=r):\"link\"===t.message&&(r=new URL(s.getAttribute(\"src\")),n=new URL(t.value),c.test(n.protocol))&&n.host===r.host&&l.activeElement===s&&(d.top.location.href=t.value))}},d.addEventListener(\"message\",d.wp.receiveEmbedMessage,!1),l.addEventListener(\"DOMContentLoaded\",function(){for(var e,t,s=l.querySelectorAll(\"iframe.wp-embedded-content\"),r=0;r<s.length;r++)(t=(e=s[r]).getAttribute(\"data-secret\"))||(t=Math.random().toString(36).substring(2,12),e.src+=\"#?secret=\"+t,e.setAttribute(\"data-secret\",t)),e.contentWindow.postMessage({message:\"ready\",secret:t},\"*\")},!1)))}(window,document);\n\/\/# sourceURL=https:\/\/denizcankizil.tr\/wp-includes\/js\/wp-embed.min.js\n<\/script>","description":"Kocaeli B\u00fcy\u00fck\u015fehir Belediyesi Konservatuvar\u0131 Oda Orkestras\u0131, yeni y\u0131la say\u0131l\u0131 g\u00fcnler kala unutulmayacak bir konsere imza atmaya haz\u0131rlan\u0131yorKOCAEL\u0130 (\u0130GFA) &#8211;\u00a0Kocaeli B\u00fcy\u00fck\u015fehir Konservatuvar\u0131 Oda Orkestras\u0131, \u201cA\u015fk-\u0131 Memnu\u201d, \u201cYaprak D\u00f6k\u00fcm\u00fc\u201d ve \u201cEzel\u201d gibi dizilerin m\u00fcziklerini yapan Toygar I\u015f\u0131kl\u0131\u2019n\u0131n eserlerini senfonik ortamda yorumlayacak. SENFON\u0130K ORTAMDA YORUMLANACAK Kocaeli B\u00fcy\u00fck\u015fehir Belediyesi 2024 y\u0131l\u0131n\u0131 Kocaelili sanatseverler i\u00e7in d\u00fczenleyece\u011fi muhte\u015fem bir konser ile u\u011furlayacak. \u201cOda Orkestras\u0131 Toygar I\u015f\u0131kl\u0131 Dizi M\u00fczikleri Senfonik\u201d konseri 26 Aral\u0131k Per\u015fembe ak\u015fam\u0131 saat 20.00\u2019de Kocaeli Kongre Merkezi\u2019nde ger\u00e7ekle\u015ftirilecek. Konserde; \u201cA\u015fk-\u0131 Memnu\u201d, \u201cYaprak D\u00f6k\u00fcm\u00fc\u201d, \u201cEzel\u201d, \u201c\u00c7ukur\u201d ve daha bir\u00e7ok diziye yapt\u0131\u011f\u0131 m\u00fcziklerle tan\u0131nan \u00fcnl\u00fc besteci Toygar I\u015f\u0131kl\u0131\u2019n\u0131n eserleri seslendirilecek. Hala izlenme rekorlar\u0131 k\u0131ran dizilerin ayn\u0131 zamanda efsane haline gelmi\u015f m\u00fczikleri ilk kez bir T\u00fcrk Orkestras\u0131 taraf\u0131ndan senfonik ortamda yorumlanacak. BU KENT\u0130N YET\u0130\u015eD\u0130RD\u0130\u011e\u0130 DE\u011eER \u015eef Engin \u015een y\u00f6netimindeki B\u00fcy\u00fck\u015fehir Belediyesi Konservatuvar\u0131 Oda Orkestras\u0131\u2019na vokalde Cansu Ayd\u0131nmakina ile Rock Band &amp; T\u00fcrk Sazlar\u0131 e\u015flik edecek. Konser i\u00e7erisinde dizilerin sahnelerinden g\u00f6r\u00fcnt\u00fcler de sunulacak. G\u00f6lc\u00fck\u2019te do\u011fup b\u00fcy\u00fcyen ve Kocaeli\u2019ne her zaman b\u00fcy\u00fck sevgi ile ba\u011fl\u0131 olan Toygar I\u015f\u0131kl\u0131, B\u00fcy\u00fck\u015fehir Belediye Konservatuvar\u0131 Oda Orkestras\u0131\u2019n\u0131n bestelerini seslendirmekten b\u00fcy\u00fck mutluluk duyaca\u011f\u0131n\u0131 dile getirdi. \u0130LK KEZ B\u0130R T\u00dcRK ORKESTRASI YORUMLAYACAK Sadece kendisinin se\u00e7ti\u011fi ve yurt d\u0131\u015f\u0131ndaki \u00f6nemli orkestralar taraf\u0131ndan seslendirilmesine m\u00fcsaade edilen dizi m\u00fczikleri, sevilen bestecinin Kocaeli B\u00fcy\u00fck\u015fehir Belediye Orkestras\u0131\u2019na verdi\u011fi onay ile &hellip;"}