{"version":"1.0","provider_name":"Av. Deniz Can K\u0131z\u0131l","provider_url":"https:\/\/denizcankizil.tr\/de","author_name":"Av. Deniz Can K\u0131z\u0131l","author_url":"https:\/\/denizcankizil.tr\/de","title":"K\u0131y\u0131 Ege Belediyeler Birli\u011fi'nden ter\u00f6re lanet","type":"rich","width":600,"height":338,"html":"<blockquote class=\"wp-embedded-content\" data-secret=\"j9Qsq2UZuh\"><a href=\"https:\/\/denizcankizil.tr\/de\/haberler\/gundem\/kiyi-ege-belediyeler-birliginden-terore-lanet\/\">K\u0131y\u0131 Ege Belediyeler Birli\u011fi&#8217;nden ter\u00f6re lanet<\/a><\/blockquote><iframe sandbox=\"allow-scripts\" security=\"restricted\" src=\"https:\/\/denizcankizil.tr\/de\/haberler\/gundem\/kiyi-ege-belediyeler-birliginden-terore-lanet\/embed\/#?secret=j9Qsq2UZuh\" width=\"600\" height=\"338\" title=\"&#8222;K\u0131y\u0131 Ege Belediyeler Birli\u011fi&#8217;nden ter\u00f6re lanet&#8220; &#8211; Av. Deniz Can K\u0131z\u0131l\" data-secret=\"j9Qsq2UZuh\" frameborder=\"0\" marginwidth=\"0\" marginheight=\"0\" scrolling=\"no\" class=\"wp-embedded-content\"><\/iframe><script>\n\/*! This file is auto-generated *\/\n!function(d,l){\"use strict\";l.querySelector&&d.addEventListener&&\"undefined\"!=typeof URL&&(d.wp=d.wp||{},d.wp.receiveEmbedMessage||(d.wp.receiveEmbedMessage=function(e){var t=e.data;if((t||t.secret||t.message||t.value)&&!\/[^a-zA-Z0-9]\/.test(t.secret)){for(var s,r,n,a=l.querySelectorAll('iframe[data-secret=\"'+t.secret+'\"]'),o=l.querySelectorAll('blockquote[data-secret=\"'+t.secret+'\"]'),c=new RegExp(\"^https?:$\",\"i\"),i=0;i<o.length;i++)o[i].style.display=\"none\";for(i=0;i<a.length;i++)s=a[i],e.source===s.contentWindow&&(s.removeAttribute(\"style\"),\"height\"===t.message?(1e3<(r=parseInt(t.value,10))?r=1e3:~~r<200&&(r=200),s.height=r):\"link\"===t.message&&(r=new URL(s.getAttribute(\"src\")),n=new URL(t.value),c.test(n.protocol))&&n.host===r.host&&l.activeElement===s&&(d.top.location.href=t.value))}},d.addEventListener(\"message\",d.wp.receiveEmbedMessage,!1),l.addEventListener(\"DOMContentLoaded\",function(){for(var e,t,s=l.querySelectorAll(\"iframe.wp-embedded-content\"),r=0;r<s.length;r++)(t=(e=s[r]).getAttribute(\"data-secret\"))||(t=Math.random().toString(36).substring(2,12),e.src+=\"#?secret=\"+t,e.setAttribute(\"data-secret\",t)),e.contentWindow.postMessage({message:\"ready\",secret:t},\"*\")},!1)))}(window,document);\n\/\/# sourceURL=https:\/\/denizcankizil.tr\/wp-includes\/js\/wp-embed.min.js\n<\/script>","description":"K\u0131y\u0131 Ege Belediyeler Birli\u011fi ve Mu\u011fla B\u00fcy\u00fck\u015fehir Belediye Ba\u015fkan\u0131 Ahmet Aras K\u0131y\u0131 Ege Belediyeler Birli\u011fi Ekim ay\u0131 meclis toplant\u0131s\u0131nda Ankara&#8217;da T\u00fcrk Havac\u0131l\u0131k ve Uzay Sanayii A.\u015e. (TUSA\u015e) tesislerine d\u00fczenlenen ve t\u00fcm T\u00fcrkiye\u2019yi derinden etkileyen ter\u00f6r sald\u0131r\u0131s\u0131n\u0131 k\u0131nad\u0131.MU\u011eLA (\u0130GFA) &#8211; K\u0131y\u0131 Ege Belediyeler Birli\u011fi Meclisi Ahmet Aras ba\u015fkanl\u0131\u011f\u0131nda topland\u0131. K\u0131y\u0131 Ege Belediyeler Birli\u011fi ve Mu\u011fla B\u00fcy\u00fck\u015fehir Belediye Ba\u015fkan\u0131 Ahmet Aras K\u0131y\u0131 Ege Belediyeler Birli\u011fi Ekim ay\u0131 meclis toplant\u0131s\u0131 a\u00e7\u0131l\u0131\u015f konu\u015fmas\u0131nda \u015funlar\u0131 s\u00f6yledi; \u201cAnkara&#8217;da hain bir ter\u00f6r sald\u0131r\u0131s\u0131 ger\u00e7ekle\u015fti ve bu sald\u0131r\u0131da 5 vatanda\u015f\u0131m\u0131z\u0131, karde\u015fimizi kaybettik. Onlara ba\u015fsa\u011fl\u0131\u011f\u0131 diliyoruz. Yaralanan 22 vatanda\u015f\u0131m\u0131za da acil \u015fifalar diliyoruz. \u00dclkemizde ter\u00f6r olaylar\u0131n\u0131n tekrar ya\u015fanmamas\u0131 i\u00e7in ter\u00f6r\u00fc hep birlikte K\u0131y\u0131 Ege Belediyeler Birli\u011fi olarak sizlerin huzurunda bir kere daha lanetliyoruz.\u201d dedi. ENFLASYON\u0130ST BASKI, SOSYAL PROBLEMLER BELED\u0130YELER\u0130N Y\u00dcK\u00dcN\u00dc ARTTIRIYOR Enflasyonist ortam, sosyal bozulma ve \u00e7\u00f6k\u00fc\u015f durumlar\u0131 vatanda\u015flar\u0131n belediyelerden beklentilerini artt\u0131rd\u0131\u011f\u0131n\u0131 belirten K\u0131y\u0131 Ege Belediyeler Birli\u011fi ve Mu\u011fla B\u00fcy\u00fck\u015fehir Belediye Ba\u015fkan\u0131 Ahmet Aras \u201c\u00dclkemizde ya\u015fanan ekonomik s\u0131k\u0131nt\u0131lar nedeniyle halk\u0131m\u0131z\u0131n ihtiya\u00e7lar\u0131 \u00e7ok ciddi bir \u015fekilde art\u0131\u015f g\u00f6sterdi. Y\u0131llard\u0131r yerel y\u00f6netimlerin g\u00fc\u00e7lendirilmesi konu\u015fuluyor. Yerel y\u00f6netimler i\u00e7in reform \u00e7al\u0131\u015fmalar\u0131n\u0131n yap\u0131lmas\u0131 gibi baz\u0131 m\u00fcdahalelerin gerekli oldu\u011funu hepimiz net bir \u015fekilde biliyoruz. \u00d6zellikle belediyelerin idari ve mali yap\u0131s\u0131n\u0131n g\u00fc\u00e7lendirilmesi i\u00e7in bir \u00e7al\u0131\u015fmay\u0131 y\u0131llard\u0131r bekliyoruz ancak bir t\u00fcrl\u00fc hayata ge\u00e7irilemedi\u201d dedi. K\u0131y\u0131 Ege Belediyeler &hellip;"}