{"version":"1.0","provider_name":"Av. Deniz Can K\u0131z\u0131l","provider_url":"https:\/\/denizcankizil.tr\/de","author_name":"admin","author_url":"https:\/\/denizcankizil.tr\/de\/author\/admin\/","title":"K\u0131rm\u0131z\u0131 b\u00fcltenli 3 yurtd\u0131\u015f\u0131 firarisi daha yakaland\u0131!","type":"rich","width":600,"height":338,"html":"<blockquote class=\"wp-embedded-content\" data-secret=\"R3ZcTBdOaf\"><a href=\"https:\/\/denizcankizil.tr\/de\/haberler\/gundem\/kirmizi-bultenli-3-yurtdisi-firarisi-daha-yakalandi\/\">K\u0131rm\u0131z\u0131 b\u00fcltenli 3 yurtd\u0131\u015f\u0131 firarisi daha yakaland\u0131!<\/a><\/blockquote><iframe sandbox=\"allow-scripts\" security=\"restricted\" src=\"https:\/\/denizcankizil.tr\/de\/haberler\/gundem\/kirmizi-bultenli-3-yurtdisi-firarisi-daha-yakalandi\/embed\/#?secret=R3ZcTBdOaf\" width=\"600\" height=\"338\" title=\"&#8222;K\u0131rm\u0131z\u0131 b\u00fcltenli 3 yurtd\u0131\u015f\u0131 firarisi daha yakaland\u0131!&#8220; &#8211; Av. Deniz Can K\u0131z\u0131l\" data-secret=\"R3ZcTBdOaf\" frameborder=\"0\" marginwidth=\"0\" marginheight=\"0\" scrolling=\"no\" class=\"wp-embedded-content\"><\/iframe><script>\n\/*! This file is auto-generated *\/\n!function(d,l){\"use strict\";l.querySelector&&d.addEventListener&&\"undefined\"!=typeof URL&&(d.wp=d.wp||{},d.wp.receiveEmbedMessage||(d.wp.receiveEmbedMessage=function(e){var t=e.data;if((t||t.secret||t.message||t.value)&&!\/[^a-zA-Z0-9]\/.test(t.secret)){for(var s,r,n,a=l.querySelectorAll('iframe[data-secret=\"'+t.secret+'\"]'),o=l.querySelectorAll('blockquote[data-secret=\"'+t.secret+'\"]'),c=new RegExp(\"^https?:$\",\"i\"),i=0;i<o.length;i++)o[i].style.display=\"none\";for(i=0;i<a.length;i++)s=a[i],e.source===s.contentWindow&&(s.removeAttribute(\"style\"),\"height\"===t.message?(1e3<(r=parseInt(t.value,10))?r=1e3:~~r<200&&(r=200),s.height=r):\"link\"===t.message&&(r=new URL(s.getAttribute(\"src\")),n=new URL(t.value),c.test(n.protocol))&&n.host===r.host&&l.activeElement===s&&(d.top.location.href=t.value))}},d.addEventListener(\"message\",d.wp.receiveEmbedMessage,!1),l.addEventListener(\"DOMContentLoaded\",function(){for(var e,t,s=l.querySelectorAll(\"iframe.wp-embedded-content\"),r=0;r<s.length;r++)(t=(e=s[r]).getAttribute(\"data-secret\"))||(t=Math.random().toString(36).substring(2,12),e.src+=\"#?secret=\"+t,e.setAttribute(\"data-secret\",t)),e.contentWindow.postMessage({message:\"ready\",secret:t},\"*\")},!1)))}(window,document);\n\/\/# sourceURL=https:\/\/denizcankizil.tr\/wp-includes\/js\/wp-embed.min.js\n<\/script>","description":"\u0130\u00e7i\u015fleri Bakan\u0131 Ali Yerlikaya, k\u0131rm\u0131z\u0131 b\u00fcltenle uluslararas\u0131 seviyede aranan A.H., T.H.C. ve F.M. adl\u0131 \u015fah\u0131slar\u0131n Dubai, \u0130ran ve Kolombiya&#8217;da yakaland\u0131\u011f\u0131n\u0131 duyurdu. \ufe0fA.H. ve T.H.C. isimli \u015fah\u0131slar\u0131n \u00fclkemize iadeleri sa\u011fland\u0131. F.M. isimli \u015fahs\u0131n ise iade s\u00fcreci devam ediyor.ANKARA (\u0130GFA) &#8211; \u0130\u00e7i\u015fleri Bakanl\u0131\u011f\u0131, Interpol-Europol Daire Ba\u015fkanl\u0131\u011f\u0131, Narkotik Su\u00e7larla M\u00fccadele, \u0130stihbarat ve G\u00f6\u00e7 \u0130daresi Ba\u015fkanl\u0131klar\u0131 ile birlikte s\u00fcrd\u00fcr\u00fclen yurtd\u0131\u015f\u0131 yeni bir operasyon daha ger\u00e7ekle\u015ftirdi. \u0130\u00e7i\u015fleri Bakan\u0131 Ali Yerlikaya, k\u0131rm\u0131z\u0131 b\u00fcltenle uluslararas\u0131 seviyede aranan A.H., T.H.C. ve F.M. isimli \u015fah\u0131slar\u0131n yurt d\u0131\u015f\u0131nda yakaland\u0131\u011f\u0131n\u0131 duyurdu. \ufe0fA.H. ve T.H.C. adl\u0131 \u015fah\u0131slar\u0131n T\u00fcrkiye&#8217;ye iadelerinin sa\u011fland\u0131\u011f\u0131n\u0131, F.M. isimli \u015fahs\u0131n ise iade s\u00fcreci devam etti\u011fini belirten Bakan Yerlikaya, \u201cK\u0131rm\u0131z\u0131 b\u00fcltenle arad\u0131\u011f\u0131m\u0131z su\u00e7lular\u0131 yurtd\u0131\u015f\u0131nda ortak operasyonlarla yakalay\u0131p tek tek \u00fclkemize getirmeye devam ediyoruz&#8221; dedi. \ud83d\udfe5\ud83d\udfe5\ud83d\udfe5 \u201cK\u0131rm\u0131z\u0131 B\u00fcltenle Arad\u0131\u011f\u0131m\u0131z Su\u00e7lular\u0131 Yurtd\u0131\u015f\u0131nda Ortak Operasyonlarla Yakalay\u0131p Tek Tek \u00dclkemize Getirmeye Devam Ediyoruz\u201d K\u0131rm\u0131z\u0131 B\u00fcltenle Uluslararas\u0131 Seviyede Arad\u0131\u011f\u0131m\u0131z A.H., T.H.C. ve F.M. isimli \u015fah\u0131slar yurtd\u0131\u015f\u0131nda yakaland\u0131 \u2757\ufe0fA.H. ve T.H.C. isimli \u015fah\u0131slar\u0131n\u2026 pic.twitter.com\/NChakZd7Se &mdash; Ali Yerlikaya (@AliYerlikaya) April 21, 2025 Operasyonun detaylar\u0131n\u0131 payla\u015fan Bakan Yerlikaya, \u201cTasarlayarak \u00f6ld\u00fcrmeye te\u015febb\u00fcs ve ki\u015fiyi h\u00fcrriyetinden yoksun k\u0131lma\u201d su\u00e7lar\u0131ndan k\u0131rm\u0131z\u0131 b\u00fcltenle uluslararas\u0131 seviyede arad\u0131\u011f\u0131m\u0131z ve \u201cOrkinos-Bulut\u201d operasyonunun hedef \u015fah\u0131slar\u0131ndan olan A.H.&#8217;nin Dubai\u2019de yakalanarak, T\u00fcrkiye&#8217;ye iadesinin sa\u011fland\u0131\u011f\u0131n\u0131 belirtirken, yine \u201cTasarlayarak \u00f6ld\u00fcrme, su\u00e7 i\u015flemek amac\u0131yla kurulan \u00f6rg\u00fcte \u00fcye olma ve resmi belgede &hellip;"}