{"version":"1.0","provider_name":"Av. Deniz Can K\u0131z\u0131l","provider_url":"https:\/\/denizcankizil.tr\/de","author_name":"Antalya K\u00f6rfez","author_url":"https:\/\/denizcankizil.tr\/de\/author\/www-antalyakorfez-com\/","title":"K\u0131br\u0131s sorunu nedir? T\u00fcrkiye K\u0131br\u0131s\u2019ta i\u015fgalci mi?","type":"rich","width":600,"height":338,"html":"<blockquote class=\"wp-embedded-content\" data-secret=\"5jDpEGmBl8\"><a href=\"https:\/\/denizcankizil.tr\/de\/haberler\/gundem\/kibris-sorunu-nedir-turkiye-kibrista-isgalci-mi\/\">K\u0131br\u0131s sorunu nedir? T\u00fcrkiye K\u0131br\u0131s\u2019ta i\u015fgalci mi?<\/a><\/blockquote><iframe sandbox=\"allow-scripts\" security=\"restricted\" src=\"https:\/\/denizcankizil.tr\/de\/haberler\/gundem\/kibris-sorunu-nedir-turkiye-kibrista-isgalci-mi\/embed\/#?secret=5jDpEGmBl8\" width=\"600\" height=\"338\" title=\"&#8222;K\u0131br\u0131s sorunu nedir? T\u00fcrkiye K\u0131br\u0131s\u2019ta i\u015fgalci mi?&#8220; &#8211; Av. Deniz Can K\u0131z\u0131l\" data-secret=\"5jDpEGmBl8\" frameborder=\"0\" marginwidth=\"0\" marginheight=\"0\" scrolling=\"no\" class=\"wp-embedded-content\"><\/iframe><script>\n\/*! This file is auto-generated *\/\n!function(d,l){\"use strict\";l.querySelector&&d.addEventListener&&\"undefined\"!=typeof URL&&(d.wp=d.wp||{},d.wp.receiveEmbedMessage||(d.wp.receiveEmbedMessage=function(e){var t=e.data;if((t||t.secret||t.message||t.value)&&!\/[^a-zA-Z0-9]\/.test(t.secret)){for(var s,r,n,a=l.querySelectorAll('iframe[data-secret=\"'+t.secret+'\"]'),o=l.querySelectorAll('blockquote[data-secret=\"'+t.secret+'\"]'),c=new RegExp(\"^https?:$\",\"i\"),i=0;i<o.length;i++)o[i].style.display=\"none\";for(i=0;i<a.length;i++)s=a[i],e.source===s.contentWindow&&(s.removeAttribute(\"style\"),\"height\"===t.message?(1e3<(r=parseInt(t.value,10))?r=1e3:~~r<200&&(r=200),s.height=r):\"link\"===t.message&&(r=new URL(s.getAttribute(\"src\")),n=new URL(t.value),c.test(n.protocol))&&n.host===r.host&&l.activeElement===s&&(d.top.location.href=t.value))}},d.addEventListener(\"message\",d.wp.receiveEmbedMessage,!1),l.addEventListener(\"DOMContentLoaded\",function(){for(var e,t,s=l.querySelectorAll(\"iframe.wp-embedded-content\"),r=0;r<s.length;r++)(t=(e=s[r]).getAttribute(\"data-secret\"))||(t=Math.random().toString(36).substring(2,12),e.src+=\"#?secret=\"+t,e.setAttribute(\"data-secret\",t)),e.contentWindow.postMessage({message:\"ready\",secret:t},\"*\")},!1)))}(window,document);\n\/\/# sourceURL=https:\/\/denizcankizil.tr\/wp-includes\/js\/wp-embed.min.js\n<\/script>","description":"Kazakistan, T\u00fcrkmenistan ve \u00d6zbekistan\u2019\u0131n ge\u00e7ti\u011fimiz g\u00fcnlerde G\u00fcney K\u0131br\u0131s\u2019a b\u00fcy\u00fckel\u00e7i atad\u0131. G\u00fcney K\u0131br\u0131s\u2019\u0131n tan\u0131mas\u0131yla beraber T\u00fcrk \u00fclkeleri dolayl\u0131 yoldan T\u00fcrkiye\u2019yi adada i\u015fgalci olarak kabul etti ve ya\u015fana bu durum kamuoyunda b\u00fcy\u00fck tepkilere yol a\u00e7t\u0131. Peki K\u0131br\u0131s sorunu nas\u0131l ba\u015flad\u0131? Neden d\u00fcnya Kuzey K\u0131br\u0131s T\u00fcrk Cumhuriyeti\u2019ni tan\u0131m\u0131yor? T\u00fcrkler K\u0131br\u0131s\u2019ta i\u015fgalci mi? B\u00fct\u00fcn bu sorunun cevaplar\u0131n\u0131 ararken K\u0131br\u0131s\u2019\u0131n tarihini ise sizler i\u00e7in derledik\u2026 KIBRIS NEDEN \u00d6NEML\u0130? Bug\u00fcn tart\u0131\u015fmalara konu olan K\u0131br\u0131s adas\u0131n\u0131n b\u00fcy\u00fckl\u00fc\u011f\u00fc sadece 9 bin 251 kare. T\u00fcrkiye\u2019nin en b\u00fcy\u00fck \u00fc\u00e7\u00fcnc\u00fc ili olan ba\u015fkent Ankara\u2019n\u0131n b\u00fcy\u00fckl\u00fc\u011f\u00fc ise 25 bin 632 kilometre kare. Yani K\u0131br\u0131s ba\u015fkentin sadece y\u00fczde 33\u2019n\u00fc kaplayacak bir b\u00fcy\u00fckl\u00fcktedir. Boyutu k\u00fc\u00e7\u00fck gelse de K\u0131br\u0131s, Akdeniz\u2019in en b\u00fcy\u00fck \u00fc\u00e7\u00fcnc\u00fc adas\u0131d\u0131r. G\u00fcney Anadolu sahillerinden 70, Suriye\u2019den 100, M\u0131s\u0131r\u2019dan 400, Yunanistan\u2019dan ise 965 kilometre uzakl\u0131kta olan bu k\u00fc\u00e7\u00fck ada tarih boyunca her zaman \u00f6nemli olmu\u015ftur. K\u0131br\u0131s\u2019\u0131 y\u00f6neten g\u00fc\u00e7ler T\u00fcrkiye\u2019den M\u0131s\u0131r\u2019a, L\u00fcbnan\u2019dan, \u0130ran\u2019a kadar olan b\u00f6lgeyi kontrol alt\u0131na alabilir. Bu y\u00fczden ada, d\u00fcnyadaki en \u00f6nemli yerlerden biri olarak kabul ediliyor. KIBRIS\u2019IN FETH\u0130 S\u0131ras\u0131yla K\u0131br\u0131s; Fenikeliler, Hititler, Deniz Kavimleri, Asurlular, M\u0131s\u0131rl\u0131lar, Persler, B\u00fcy\u00fck \u0130skender, Ptolemeler, Romal\u0131lar, Bizansl\u0131lar, Katolik Krallar ve Venedikliler gibi pek \u00e7ok devletin egemenli\u011fi alt\u0131na girdi. Osmanl\u0131 ise 1517 y\u0131l\u0131nda ise aday\u0131 kendi s\u0131n\u0131rlar\u0131na katt\u0131 ve 361 y\u0131l boyunca burada h\u00fck\u00fcm s\u00fcrd\u00fc. \u0130lk &hellip;"}