{"version":"1.0","provider_name":"Av. Deniz Can K\u0131z\u0131l","provider_url":"https:\/\/denizcankizil.tr\/de","author_name":"Av. Deniz Can K\u0131z\u0131l","author_url":"https:\/\/denizcankizil.tr\/de","title":"Kemer\u2019e gidenler dikkat! Kafan\u0131za ta\u015f d\u00fc\u015febilir","type":"rich","width":600,"height":338,"html":"<blockquote class=\"wp-embedded-content\" data-secret=\"zaCiSjtVO4\"><a href=\"https:\/\/denizcankizil.tr\/de\/haberler\/gundem\/kemere-gidenler-dikkat-kafaniza-tas-dusebilir\/\">Kemer\u2019e gidenler dikkat! Kafan\u0131za ta\u015f d\u00fc\u015febilir<\/a><\/blockquote><iframe sandbox=\"allow-scripts\" security=\"restricted\" src=\"https:\/\/denizcankizil.tr\/de\/haberler\/gundem\/kemere-gidenler-dikkat-kafaniza-tas-dusebilir\/embed\/#?secret=zaCiSjtVO4\" width=\"600\" height=\"338\" title=\"&#8222;Kemer\u2019e gidenler dikkat! Kafan\u0131za ta\u015f d\u00fc\u015febilir&#8220; &#8211; Av. Deniz Can K\u0131z\u0131l\" data-secret=\"zaCiSjtVO4\" frameborder=\"0\" marginwidth=\"0\" marginheight=\"0\" scrolling=\"no\" class=\"wp-embedded-content\"><\/iframe><script>\n\/*! This file is auto-generated *\/\n!function(d,l){\"use strict\";l.querySelector&&d.addEventListener&&\"undefined\"!=typeof URL&&(d.wp=d.wp||{},d.wp.receiveEmbedMessage||(d.wp.receiveEmbedMessage=function(e){var t=e.data;if((t||t.secret||t.message||t.value)&&!\/[^a-zA-Z0-9]\/.test(t.secret)){for(var s,r,n,a=l.querySelectorAll('iframe[data-secret=\"'+t.secret+'\"]'),o=l.querySelectorAll('blockquote[data-secret=\"'+t.secret+'\"]'),c=new RegExp(\"^https?:$\",\"i\"),i=0;i<o.length;i++)o[i].style.display=\"none\";for(i=0;i<a.length;i++)s=a[i],e.source===s.contentWindow&&(s.removeAttribute(\"style\"),\"height\"===t.message?(1e3<(r=parseInt(t.value,10))?r=1e3:~~r<200&&(r=200),s.height=r):\"link\"===t.message&&(r=new URL(s.getAttribute(\"src\")),n=new URL(t.value),c.test(n.protocol))&&n.host===r.host&&l.activeElement===s&&(d.top.location.href=t.value))}},d.addEventListener(\"message\",d.wp.receiveEmbedMessage,!1),l.addEventListener(\"DOMContentLoaded\",function(){for(var e,t,s=l.querySelectorAll(\"iframe.wp-embedded-content\"),r=0;r<s.length;r++)(t=(e=s[r]).getAttribute(\"data-secret\"))||(t=Math.random().toString(36).substring(2,12),e.src+=\"#?secret=\"+t,e.setAttribute(\"data-secret\",t)),e.contentWindow.postMessage({message:\"ready\",secret:t},\"*\")},!1)))}(window,document);\n\/\/# sourceURL=https:\/\/denizcankizil.tr\/wp-includes\/js\/wp-embed.min.js\n<\/script>","description":"Antalya\u2019n\u0131n Kemer il\u00e7esinde bulunan Ay I\u015f\u0131\u011f\u0131 Plaj\u0131\u2019n\u0131n i\u00e7indeki Y\u00f6r\u00fck Park\u0131\u2019n\u0131n yamac\u0131ndan vatanda\u015flar\u0131n kafas\u0131na ta\u015f veya kaya d\u00fc\u015fmemesi i\u00e7in demir file \u00e7ekildi. Fakat filelerin sahilin ilerleyen k\u0131s\u0131mlar\u0131nda olmamas\u0131 dikkat \u00e7ekti. Filelerin yetersizli\u011finden dolay\u0131 sahilde y\u00fcr\u00fcyen vatanda\u015flar, kafalar\u0131na ta\u015f ya da kaya d\u00fc\u015fmesinden endi\u015fe ediyor.\u00a0 KEMER B\u0130R TUR\u0130ZM CENNET\u0130\u00a0 Antalya\u2019n\u0131n en turistik il\u00e7elerinden biri olan Kemer, her y\u0131l milyonlarca yerli yabanc\u0131 insana ev sahipli\u011fi yap\u0131yor. Masmavi denizi, yemye\u015fil do\u011fas\u0131 ve birbirinden de\u011ferli tarihi yap\u0131lar\u0131 ile Kemer, bir turizm cenneti.\u00a0 KAFANIZA TA\u015e D\u00dc\u015eEB\u0130L\u0130R Kemer il\u00e7esi Y\u00f6r\u00fck Park\u0131\u2019n\u0131n hemen dibinde, sahile paralel uzanan kayal\u0131klar\u0131n tehlikeli g\u00f6r\u00fcnt\u00fcyle dikkat \u00e7ekiyor. Park\u0131n hemen bitimindeki kayal\u0131klar\u0131n bir k\u0131sm\u0131na\u00a0 yukar\u0131dan ta\u015f veya kaya d\u00fc\u015fmemesi i\u00e7in demir file \u00e7ekildi. Fakat bu durum\u00a0 kayal\u0131k alan\u0131n sadece bir b\u00f6l\u00fcm\u00fcne uyguland\u0131.\u00a0 Sahilin ilerleyen k\u0131sm\u0131nda ise ta\u015f d\u00fc\u015fme tehlikesi oldu\u011fu halde demir file uygulamam\u0131\u015f. Kafas\u0131na her an kaya ve ta\u015f d\u00fc\u015fme tehlikesiyle kar\u015f\u0131 kar\u015f\u0131ya olan vatanda\u015f, bu durumdan \u015fikayet\u00e7i.\u00a0 B\u0130R KAZA YA\u015eANMADAN \u00d6NLEM ALINMALI\u00a0 Kemer gibi milyonlarca insan\u0131n ziyaret etti\u011fi turistik b\u00f6lgede ya\u015fanan bu ak\u0131l almaz \u00f6nlemsizlik, sadece yerli halk\u0131 de\u011fil turistleri de tedirgin ediyor.\u00a0\u00a0 Y\u00d6R\u00dcK PARKI\u2019NA G\u0130R\u0130\u015e \u00dcCRETL\u0130\u00a0 D\u00fcnyan\u0131n d\u00f6rt bir yan\u0131ndan turistlerin ziyaret etti\u011fi Kemer\u2019in Ay I\u015f\u0131\u011f\u0131 plaj\u0131 ve Y\u00f6r\u00fck Park\u0131 il\u00e7ede gezilecek yerlerin ba\u015f\u0131nda geliyor. Y\u00f6r\u00fck k\u00fclt\u00fcr\u00fcne dahil pek \u00e7ok lezzetin &hellip;"}