{"version":"1.0","provider_name":"Av. Deniz Can K\u0131z\u0131l","provider_url":"https:\/\/denizcankizil.tr\/de","author_name":"admin","author_url":"https:\/\/denizcankizil.tr\/de\/author\/admin\/","title":"Kayseri Talas'ta 2026'n\u0131n arsa de\u011ferleri belirlendi","type":"rich","width":600,"height":338,"html":"<blockquote class=\"wp-embedded-content\" data-secret=\"wr1o7jyNo2\"><a href=\"https:\/\/denizcankizil.tr\/de\/haberler\/gundem\/kayseri-talasta-2026nin-arsa-degerleri-belirlendi\/\">Kayseri Talas&#8217;ta 2026&#8217;n\u0131n arsa de\u011ferleri belirlendi<\/a><\/blockquote><iframe sandbox=\"allow-scripts\" security=\"restricted\" src=\"https:\/\/denizcankizil.tr\/de\/haberler\/gundem\/kayseri-talasta-2026nin-arsa-degerleri-belirlendi\/embed\/#?secret=wr1o7jyNo2\" width=\"600\" height=\"338\" title=\"&#8222;Kayseri Talas&#8217;ta 2026&#8217;n\u0131n arsa de\u011ferleri belirlendi&#8220; &#8211; Av. Deniz Can K\u0131z\u0131l\" data-secret=\"wr1o7jyNo2\" frameborder=\"0\" marginwidth=\"0\" marginheight=\"0\" scrolling=\"no\" class=\"wp-embedded-content\"><\/iframe><script>\n\/*! This file is auto-generated *\/\n!function(d,l){\"use strict\";l.querySelector&&d.addEventListener&&\"undefined\"!=typeof URL&&(d.wp=d.wp||{},d.wp.receiveEmbedMessage||(d.wp.receiveEmbedMessage=function(e){var t=e.data;if((t||t.secret||t.message||t.value)&&!\/[^a-zA-Z0-9]\/.test(t.secret)){for(var s,r,n,a=l.querySelectorAll('iframe[data-secret=\"'+t.secret+'\"]'),o=l.querySelectorAll('blockquote[data-secret=\"'+t.secret+'\"]'),c=new RegExp(\"^https?:$\",\"i\"),i=0;i<o.length;i++)o[i].style.display=\"none\";for(i=0;i<a.length;i++)s=a[i],e.source===s.contentWindow&&(s.removeAttribute(\"style\"),\"height\"===t.message?(1e3<(r=parseInt(t.value,10))?r=1e3:~~r<200&&(r=200),s.height=r):\"link\"===t.message&&(r=new URL(s.getAttribute(\"src\")),n=new URL(t.value),c.test(n.protocol))&&n.host===r.host&&l.activeElement===s&&(d.top.location.href=t.value))}},d.addEventListener(\"message\",d.wp.receiveEmbedMessage,!1),l.addEventListener(\"DOMContentLoaded\",function(){for(var e,t,s=l.querySelectorAll(\"iframe.wp-embedded-content\"),r=0;r<s.length;r++)(t=(e=s[r]).getAttribute(\"data-secret\"))||(t=Math.random().toString(36).substring(2,12),e.src+=\"#?secret=\"+t,e.setAttribute(\"data-secret\",t)),e.contentWindow.postMessage({message:\"ready\",secret:t},\"*\")},!1)))}(window,document);\n\/\/# sourceURL=https:\/\/denizcankizil.tr\/wp-includes\/js\/wp-embed.min.js\n<\/script>","description":"Kayseri\u2019nin h\u0131zla geli\u015fen il\u00e7elerinden Talas\u2019ta, 2026 y\u0131l\u0131ndan itibaren 4 y\u0131l i\u00e7in ge\u00e7erli olacak arsa birim de\u011ferlerini belirlemek amac\u0131yla De\u011fer Tespit Komisyonu topland\u0131.KAYSER\u0130 (\u0130GFA) &#8211; Belediye meclis salonunda ger\u00e7ekle\u015fen toplant\u0131ya Talas Belediyesi\u2019nden iki yetkili, Vergi Dairesi\u2019nden iki temsilci, Kayseri Ticaret Odas\u0131\u2019ndan bir \u00fcye, Tapu M\u00fcd\u00fcrl\u00fc\u011f\u00fc\u2019nden bir g\u00f6revli ile birlikte il\u00e7edeki mahalle muhtarlar\u0131 kat\u0131ld\u0131. Geni\u015f kat\u0131l\u0131mla yap\u0131lan toplant\u0131da, 2026 y\u0131l\u0131ndan itibaren uygulanacak arsa rayi\u00e7 bedelleri mahalle mahalle, cadde cadde, sokak sokak ele al\u0131narak detayl\u0131 \u015fekilde de\u011ferlendirildi. Komisyon \u00fcyeleri, arsa de\u011ferlerinin belirlenmesinde b\u00f6lgelerin sosyal ve ekonomik geli\u015fmi\u015flik d\u00fczeylerini, imar durumu, ula\u015f\u0131m a\u011f\u0131na yak\u0131nl\u0131k, \u00e7evresel donat\u0131lar ve piyasa ko\u015fullar\u0131n\u0131 g\u00f6z \u00f6n\u00fcnde bulundurdu. Ger\u00e7ekle\u015ftirilen \u00e7al\u0131\u015fmada, hem vatanda\u015flar\u0131n ma\u011fdur olmamas\u0131 hem de belediye hizmetlerinin sa\u011fl\u0131kl\u0131 \u015fekilde s\u00fcrd\u00fcr\u00fclebilmesi amac\u0131yla dengeli ve adil bir fiyatland\u0131rma hedeflendi. \u201cORTAK AKIL TOPLANTISI\u201d Toplant\u0131da konu\u015fan Talas Belediye Ba\u015fkan\u0131 Mustafa Yal\u00e7\u0131n, \u015feffafl\u0131k ve ortak ak\u0131l vurgusu yapt\u0131. Ba\u015fkan Yal\u00e7\u0131n, toplant\u0131n\u0131n ortak ak\u0131l oldu\u011funu ve 4 y\u0131lda bir yap\u0131ld\u0131\u011f\u0131n\u0131 belirterek, \u201cTalas, her ge\u00e7en g\u00fcn b\u00fcy\u00fcyen ve geli\u015fen bir il\u00e7e. Bu geli\u015fim, arsa ve emlak de\u011ferlerine de yans\u0131yor. Bizler de De\u011fer Tespit Komisyonu olarak, hem vatanda\u015flar\u0131m\u0131z\u0131 hem de kamu kurumlar\u0131n\u0131 ilgilendiren bu s\u00fcre\u00e7te en do\u011fru kararlar\u0131 vermek i\u00e7in bir araya geldik. Al\u0131nan kararlar, \u00f6n\u00fcm\u00fczdeki y\u0131l uygulanacak emlak vergileri ba\u015fta olmak \u00fczere pek \u00e7ok idari i\u015flemde &hellip;"}