{"version":"1.0","provider_name":"Av. Deniz Can K\u0131z\u0131l","provider_url":"https:\/\/denizcankizil.tr\/de","author_name":"admin","author_url":"https:\/\/denizcankizil.tr\/de\/author\/admin\/","title":"Kalk\u0131nma Yolu'nda Fav Liman\u0131 bu y\u0131l devrede","type":"rich","width":600,"height":338,"html":"<blockquote class=\"wp-embedded-content\" data-secret=\"7md380GWQ5\"><a href=\"https:\/\/denizcankizil.tr\/de\/haberler\/gundem\/kalkinma-yolunda-fav-limani-bu-yil-devrede\/\">Kalk\u0131nma Yolu&#8217;nda Fav Liman\u0131 bu y\u0131l devrede<\/a><\/blockquote><iframe sandbox=\"allow-scripts\" security=\"restricted\" src=\"https:\/\/denizcankizil.tr\/de\/haberler\/gundem\/kalkinma-yolunda-fav-limani-bu-yil-devrede\/embed\/#?secret=7md380GWQ5\" width=\"600\" height=\"338\" title=\"&#8222;Kalk\u0131nma Yolu&#8217;nda Fav Liman\u0131 bu y\u0131l devrede&#8220; &#8211; Av. Deniz Can K\u0131z\u0131l\" data-secret=\"7md380GWQ5\" frameborder=\"0\" marginwidth=\"0\" marginheight=\"0\" scrolling=\"no\" class=\"wp-embedded-content\"><\/iframe><script>\n\/*! This file is auto-generated *\/\n!function(d,l){\"use strict\";l.querySelector&&d.addEventListener&&\"undefined\"!=typeof URL&&(d.wp=d.wp||{},d.wp.receiveEmbedMessage||(d.wp.receiveEmbedMessage=function(e){var t=e.data;if((t||t.secret||t.message||t.value)&&!\/[^a-zA-Z0-9]\/.test(t.secret)){for(var s,r,n,a=l.querySelectorAll('iframe[data-secret=\"'+t.secret+'\"]'),o=l.querySelectorAll('blockquote[data-secret=\"'+t.secret+'\"]'),c=new RegExp(\"^https?:$\",\"i\"),i=0;i<o.length;i++)o[i].style.display=\"none\";for(i=0;i<a.length;i++)s=a[i],e.source===s.contentWindow&&(s.removeAttribute(\"style\"),\"height\"===t.message?(1e3<(r=parseInt(t.value,10))?r=1e3:~~r<200&&(r=200),s.height=r):\"link\"===t.message&&(r=new URL(s.getAttribute(\"src\")),n=new URL(t.value),c.test(n.protocol))&&n.host===r.host&&l.activeElement===s&&(d.top.location.href=t.value))}},d.addEventListener(\"message\",d.wp.receiveEmbedMessage,!1),l.addEventListener(\"DOMContentLoaded\",function(){for(var e,t,s=l.querySelectorAll(\"iframe.wp-embedded-content\"),r=0;r<s.length;r++)(t=(e=s[r]).getAttribute(\"data-secret\"))||(t=Math.random().toString(36).substring(2,12),e.src+=\"#?secret=\"+t,e.setAttribute(\"data-secret\",t)),e.contentWindow.postMessage({message:\"ready\",secret:t},\"*\")},!1)))}(window,document);\n\/\/# sourceURL=https:\/\/denizcankizil.tr\/wp-includes\/js\/wp-embed.min.js\n<\/script>","description":"Ula\u015ft\u0131rma ve Altyap\u0131 Bakan\u0131 Abdulkadir Uralo\u011flu, \u201cUluslararas\u0131 Koridorlar ve T\u00fcrkiye\u201d Konferans\u0131\u2019nda Kalk\u0131nma Yolu Projesi\u2019nin Fav Liman\u0131\u2019n\u0131n bu y\u0131l a\u00e7\u0131laca\u011f\u0131n\u0131 duyurdu. Zengezur Koridoru ve 3 Deniz Giri\u015fimi\u2019nin T\u00fcrkiye\u2019nin ticaretini g\u00fc\u00e7lendirece\u011fini belirtti.\u0130STANBUL (\u0130GFA) &#8211; Ula\u015ft\u0131rma ve Altyap\u0131 Bakan\u0131 Abdulkadir Uralo\u011flu, T\u00fcrk Parlamenterler Birli\u011fi \u0130stanbul \u015eubesi\u2019nin d\u00fczenledi\u011fi \u201cUluslararas\u0131 Koridorlar ve T\u00fcrkiye\u201d Konferans\u0131\u2019nda T\u00fcrkiye\u2019nin ula\u015ft\u0131rma vizyonunu anlatt\u0131. T\u00fcrkiye\u2019nin 4 saatlik u\u00e7u\u015f mesafesinde 67 \u00fclkeye ve 1,5 milyar insana ula\u015fan stratejik konumuna vurgu yapan Uralo\u011flu, Kalk\u0131nma Yolu, Zengezur Koridoru ve 3 Deniz Giri\u015fimi gibi projelerin \u00f6nemini de\u011ferlendirdi. KALKINMA YOLU \u0130LE S\u00dcRE 25 G\u00dcNE \u0130NECEK Bakan Uralo\u011flu, Kalk\u0131nma Yolu Projesi\u2019nin Basra K\u00f6rfezi\u2019nden Ovak\u00f6y\u2019e uzanan 1.200 km\u2019lik demiryolu ve karayolu a\u011f\u0131 oldu\u011funu belirtti. Irak\u2019taki Fav Liman\u0131\u2019n\u0131n ilk faz\u0131n\u0131n 2025\u2019te devreye al\u0131naca\u011f\u0131n\u0131 duyuran Bakan, T\u00fcrkiye kesiminde Kap\u0131kule\u2019ye uzanan hatt\u0131n b\u00fcy\u00fck k\u0131sm\u0131n\u0131n tamamland\u0131\u011f\u0131n\u0131 s\u00f6yledi. Uzak Do\u011fu-Londra y\u00fck ta\u015f\u0131mac\u0131l\u0131\u011f\u0131nda S\u00fcvey\u015f Kanal\u0131\u2019yla 35, \u00dcmit Burnu\u2019yla 45, Orta Koridor\u2019la 18 g\u00fcn s\u00fcren yolculu\u011fun, Kalk\u0131nma Yolu ile 25 g\u00fcne inece\u011fini ifade etti. Orta Koridor\u2019u destekleyecek Zengezur Koridoru i\u00e7in Dilucu-Kars demiryolu hatt\u0131n\u0131n ihalesinin yap\u0131ld\u0131\u011f\u0131n\u0131 a\u00e7\u0131klayan Bakan Uralo\u011flu, 3 Deniz Giri\u015fimi\u2019ne stratejik ortak olduklar\u0131n\u0131 belirtti. \u201cKap\u0131kule\u2019den sonra y\u00fcklerin karayoluyla da\u011f\u0131t\u0131laca\u011f\u0131 bu giri\u015fim, ticaretimizi geli\u015ftirecek\u201d dedi. B\u00d6L\u00dcNM\u00dc\u015e YOLLAR VE OTOYOL A\u011eI GEN\u0130\u015eL\u0130YOR 2002 y\u0131l\u0131nda sadece 6 ilin b\u00f6l\u00fcnm\u00fc\u015f yollarla ba\u011fl\u0131 oldu\u011funu, bug\u00fcn ise 29 bin 734 &hellip;"}