{"version":"1.0","provider_name":"Av. Deniz Can K\u0131z\u0131l","provider_url":"https:\/\/denizcankizil.tr\/de","author_name":"admin","author_url":"https:\/\/denizcankizil.tr\/de\/author\/admin\/","title":"\u0130zmit'te pazarc\u0131 kavgas\u0131na ceza: 1 hafta tezgah yasa\u011f\u0131","type":"rich","width":600,"height":338,"html":"<blockquote class=\"wp-embedded-content\" data-secret=\"7CiZwRB3op\"><a href=\"https:\/\/denizcankizil.tr\/de\/haberler\/gundem\/izmitte-pazarci-kavgasina-ceza-1-hafta-tezgah-yasagi\/\">\u0130zmit&#8217;te pazarc\u0131 kavgas\u0131na ceza: 1 hafta tezgah yasa\u011f\u0131<\/a><\/blockquote><iframe sandbox=\"allow-scripts\" security=\"restricted\" src=\"https:\/\/denizcankizil.tr\/de\/haberler\/gundem\/izmitte-pazarci-kavgasina-ceza-1-hafta-tezgah-yasagi\/embed\/#?secret=7CiZwRB3op\" width=\"600\" height=\"338\" title=\"&#8222;\u0130zmit&#8217;te pazarc\u0131 kavgas\u0131na ceza: 1 hafta tezgah yasa\u011f\u0131&#8220; &#8211; Av. Deniz Can K\u0131z\u0131l\" data-secret=\"7CiZwRB3op\" frameborder=\"0\" marginwidth=\"0\" marginheight=\"0\" scrolling=\"no\" class=\"wp-embedded-content\"><\/iframe><script>\n\/*! This file is auto-generated *\/\n!function(d,l){\"use strict\";l.querySelector&&d.addEventListener&&\"undefined\"!=typeof URL&&(d.wp=d.wp||{},d.wp.receiveEmbedMessage||(d.wp.receiveEmbedMessage=function(e){var t=e.data;if((t||t.secret||t.message||t.value)&&!\/[^a-zA-Z0-9]\/.test(t.secret)){for(var s,r,n,a=l.querySelectorAll('iframe[data-secret=\"'+t.secret+'\"]'),o=l.querySelectorAll('blockquote[data-secret=\"'+t.secret+'\"]'),c=new RegExp(\"^https?:$\",\"i\"),i=0;i<o.length;i++)o[i].style.display=\"none\";for(i=0;i<a.length;i++)s=a[i],e.source===s.contentWindow&&(s.removeAttribute(\"style\"),\"height\"===t.message?(1e3<(r=parseInt(t.value,10))?r=1e3:~~r<200&&(r=200),s.height=r):\"link\"===t.message&&(r=new URL(s.getAttribute(\"src\")),n=new URL(t.value),c.test(n.protocol))&&n.host===r.host&&l.activeElement===s&&(d.top.location.href=t.value))}},d.addEventListener(\"message\",d.wp.receiveEmbedMessage,!1),l.addEventListener(\"DOMContentLoaded\",function(){for(var e,t,s=l.querySelectorAll(\"iframe.wp-embedded-content\"),r=0;r<s.length;r++)(t=(e=s[r]).getAttribute(\"data-secret\"))||(t=Math.random().toString(36).substring(2,12),e.src+=\"#?secret=\"+t,e.setAttribute(\"data-secret\",t)),e.contentWindow.postMessage({message:\"ready\",secret:t},\"*\")},!1)))}(window,document);\n\/\/# sourceURL=https:\/\/denizcankizil.tr\/wp-includes\/js\/wp-embed.min.js\n<\/script>","description":"Kocaeli \u0130zmit Belediyesi Zab\u0131ta M\u00fcd\u00fcrl\u00fc\u011f\u00fc ekipleri, Do\u011fu K\u0131\u015fla Pazar Alan\u0131\u2019nda kavga ederek huzur ve g\u00fcvenli\u011fi bozan iki pazarc\u0131 esnaf\u0131na 1 hafta tezgah a\u00e7mama cezas\u0131 verdi.KOCAEL\u0130 (\u0130GFA) &#8211; Kocaeli\u00a0\u0130zmit Belediyesi Zab\u0131ta M\u00fcd\u00fcrl\u00fc\u011f\u00fc, pazar alanlar\u0131nda yapt\u0131\u011f\u0131 denetimlerle halk\u0131n refah ve huzurunu Sa\u011fl\u0131yor. Bu kapsamda Do\u011fu K\u0131\u015fla Pazar Alan\u0131\u2019nda iki esnaf aras\u0131nda \u00e7\u0131kan kavga sebebiyle pazar alan\u0131nda zab\u0131ta ekipleri tutanak tutarak enc\u00fcmene sevkini sa\u011flad\u0131. TEZGAH YERLER\u0130 \u015eER\u0130T VE DUBALARLA KAPATILDI Pazar i\u00e7erisinde bulunan di\u011fer esnaflar\u0131 ve al\u0131\u015fveri\u015fe gelen vatanda\u015flar\u0131 tedirgin eden ve pazar alan\u0131n\u0131n huzurunu bozan iki bal\u0131k\u00e7\u0131 esnaf\u0131, \u0130zmit Belediyesi enc\u00fcmen karar\u0131 ile 10.04.2025 tarihinden itibaren 1 hafta s\u00fcre ile faaliyetten men edildi. Pazarc\u0131lar\u0131n tezgah a\u00e7t\u0131\u011f\u0131 yer \u015ferit ve dubalarla kapat\u0131ld\u0131. \u200bKocaeli \u0130zmit Belediyesi Zab\u0131ta M\u00fcd\u00fcrl\u00fc\u011f\u00fc ekipleri, Do\u011fu K\u0131\u015fla Pazar Alan\u0131\u2019nda kavga ederek huzur ve g\u00fcvenli\u011fi bozan iki pazarc\u0131 esnaf\u0131na 1 hafta tezgah a\u00e7mama cezas\u0131 verdi.KOCAEL\u0130 (\u0130GFA) &#8211; Kocaeli\u00a0\u0130zmit Belediyesi Zab\u0131ta M\u00fcd\u00fcrl\u00fc\u011f\u00fc, pazar alanlar\u0131nda yapt\u0131\u011f\u0131 denetimlerle halk\u0131n refah ve huzurunu Sa\u011fl\u0131yor. Bu kapsamda Do\u011fu K\u0131\u015fla Pazar Alan\u0131\u2019nda iki esnaf aras\u0131nda \u00e7\u0131kan kavga sebebiyle pazar alan\u0131nda zab\u0131ta ekipleri tutanak tutarak enc\u00fcmene sevkini sa\u011flad\u0131. TEZGAH YERLER\u0130 \u015eER\u0130T VE DUBALARLA KAPATILDI Pazar i\u00e7erisinde bulunan di\u011fer esnaflar\u0131 ve al\u0131\u015fveri\u015fe gelen vatanda\u015flar\u0131 tedirgin eden ve pazar alan\u0131n\u0131n huzurunu bozan iki bal\u0131k\u00e7\u0131 esnaf\u0131, \u0130zmit Belediyesi enc\u00fcmen karar\u0131 ile &hellip;"}