{"version":"1.0","provider_name":"Av. Deniz Can K\u0131z\u0131l","provider_url":"https:\/\/denizcankizil.tr\/de","author_name":"admin","author_url":"https:\/\/denizcankizil.tr\/de\/author\/admin\/","title":"\u0130zmir \u0130tfaiyesi 48 saatte 227 yang\u0131na m\u00fcdahale etti","type":"rich","width":600,"height":338,"html":"<blockquote class=\"wp-embedded-content\" data-secret=\"eWkZE0xAQL\"><a href=\"https:\/\/denizcankizil.tr\/de\/haberler\/gundem\/izmir-itfaiyesi-48-saatte-227-yangina-mudahale-etti\/\">\u0130zmir \u0130tfaiyesi 48 saatte 227 yang\u0131na m\u00fcdahale etti<\/a><\/blockquote><iframe sandbox=\"allow-scripts\" security=\"restricted\" src=\"https:\/\/denizcankizil.tr\/de\/haberler\/gundem\/izmir-itfaiyesi-48-saatte-227-yangina-mudahale-etti\/embed\/#?secret=eWkZE0xAQL\" width=\"600\" height=\"338\" title=\"&#8222;\u0130zmir \u0130tfaiyesi 48 saatte 227 yang\u0131na m\u00fcdahale etti&#8220; &#8211; Av. Deniz Can K\u0131z\u0131l\" data-secret=\"eWkZE0xAQL\" frameborder=\"0\" marginwidth=\"0\" marginheight=\"0\" scrolling=\"no\" class=\"wp-embedded-content\"><\/iframe><script>\n\/*! This file is auto-generated *\/\n!function(d,l){\"use strict\";l.querySelector&&d.addEventListener&&\"undefined\"!=typeof URL&&(d.wp=d.wp||{},d.wp.receiveEmbedMessage||(d.wp.receiveEmbedMessage=function(e){var t=e.data;if((t||t.secret||t.message||t.value)&&!\/[^a-zA-Z0-9]\/.test(t.secret)){for(var s,r,n,a=l.querySelectorAll('iframe[data-secret=\"'+t.secret+'\"]'),o=l.querySelectorAll('blockquote[data-secret=\"'+t.secret+'\"]'),c=new RegExp(\"^https?:$\",\"i\"),i=0;i<o.length;i++)o[i].style.display=\"none\";for(i=0;i<a.length;i++)s=a[i],e.source===s.contentWindow&&(s.removeAttribute(\"style\"),\"height\"===t.message?(1e3<(r=parseInt(t.value,10))?r=1e3:~~r<200&&(r=200),s.height=r):\"link\"===t.message&&(r=new URL(s.getAttribute(\"src\")),n=new URL(t.value),c.test(n.protocol))&&n.host===r.host&&l.activeElement===s&&(d.top.location.href=t.value))}},d.addEventListener(\"message\",d.wp.receiveEmbedMessage,!1),l.addEventListener(\"DOMContentLoaded\",function(){for(var e,t,s=l.querySelectorAll(\"iframe.wp-embedded-content\"),r=0;r<s.length;r++)(t=(e=s[r]).getAttribute(\"data-secret\"))||(t=Math.random().toString(36).substring(2,12),e.src+=\"#?secret=\"+t,e.setAttribute(\"data-secret\",t)),e.contentWindow.postMessage({message:\"ready\",secret:t},\"*\")},!1)))}(window,document);\n\/\/# sourceURL=https:\/\/denizcankizil.tr\/wp-includes\/js\/wp-embed.min.js\n<\/script>","description":"\u0130zmir B\u00fcy\u00fck\u015fehir Belediyesi \u0130tfaiye Dairesi Ba\u015fkanl\u0131\u011f\u0131, \u00c7i\u011fli \u0130zkent\u2019te sigaradan \u00e7\u0131kt\u0131\u011f\u0131 tahmin edilen ve h\u0131zla yerle\u015fim yerlerine kadar yay\u0131lan yang\u0131n\u0131 kontrol alt\u0131na ald\u0131. \u0130tfaiye ekipleri, son 48 saatte 12&#8217;si orman olmak \u00fczere 227 yang\u0131na m\u00fcdahale etti. \u200b\u0130zmir B\u00fcy\u00fck\u015fehir Belediyesi \u0130tfaiye Dairesi Ba\u015fkanl\u0131\u011f\u0131, \u00c7i\u011fli \u0130zkent\u2019te sigaradan \u00e7\u0131kt\u0131\u011f\u0131 tahmin edilen ve h\u0131zla yerle\u015fim yerlerine kadar yay\u0131lan yang\u0131n\u0131 kontrol alt\u0131na ald\u0131. \u0130tfaiye ekipleri, son 48 saatte 12&#8217;si orman olmak \u00fczere 227 yang\u0131na m\u00fcdahale etti.\u00a0 \u200bHaberin Al\u0131nt\u0131land\u0131\u011f\u0131 Kaynak: www.iskenderun.org"}