{"version":"1.0","provider_name":"Av. Deniz Can K\u0131z\u0131l","provider_url":"https:\/\/denizcankizil.tr\/de","author_name":"admin","author_url":"https:\/\/denizcankizil.tr\/de\/author\/admin\/","title":"\u0130zmir depreme ne kadar haz\u0131r?","type":"rich","width":600,"height":338,"html":"<blockquote class=\"wp-embedded-content\" data-secret=\"6fPz6ZRu4T\"><a href=\"https:\/\/denizcankizil.tr\/de\/haberler\/gundem\/izmir-depreme-ne-kadar-hazir\/\">\u0130zmir depreme ne kadar haz\u0131r?<\/a><\/blockquote><iframe sandbox=\"allow-scripts\" security=\"restricted\" src=\"https:\/\/denizcankizil.tr\/de\/haberler\/gundem\/izmir-depreme-ne-kadar-hazir\/embed\/#?secret=6fPz6ZRu4T\" width=\"600\" height=\"338\" title=\"&#8222;\u0130zmir depreme ne kadar haz\u0131r?&#8220; &#8211; Av. Deniz Can K\u0131z\u0131l\" data-secret=\"6fPz6ZRu4T\" frameborder=\"0\" marginwidth=\"0\" marginheight=\"0\" scrolling=\"no\" class=\"wp-embedded-content\"><\/iframe><script>\n\/*! This file is auto-generated *\/\n!function(d,l){\"use strict\";l.querySelector&&d.addEventListener&&\"undefined\"!=typeof URL&&(d.wp=d.wp||{},d.wp.receiveEmbedMessage||(d.wp.receiveEmbedMessage=function(e){var t=e.data;if((t||t.secret||t.message||t.value)&&!\/[^a-zA-Z0-9]\/.test(t.secret)){for(var s,r,n,a=l.querySelectorAll('iframe[data-secret=\"'+t.secret+'\"]'),o=l.querySelectorAll('blockquote[data-secret=\"'+t.secret+'\"]'),c=new RegExp(\"^https?:$\",\"i\"),i=0;i<o.length;i++)o[i].style.display=\"none\";for(i=0;i<a.length;i++)s=a[i],e.source===s.contentWindow&&(s.removeAttribute(\"style\"),\"height\"===t.message?(1e3<(r=parseInt(t.value,10))?r=1e3:~~r<200&&(r=200),s.height=r):\"link\"===t.message&&(r=new URL(s.getAttribute(\"src\")),n=new URL(t.value),c.test(n.protocol))&&n.host===r.host&&l.activeElement===s&&(d.top.location.href=t.value))}},d.addEventListener(\"message\",d.wp.receiveEmbedMessage,!1),l.addEventListener(\"DOMContentLoaded\",function(){for(var e,t,s=l.querySelectorAll(\"iframe.wp-embedded-content\"),r=0;r<s.length;r++)(t=(e=s[r]).getAttribute(\"data-secret\"))||(t=Math.random().toString(36).substring(2,12),e.src+=\"#?secret=\"+t,e.setAttribute(\"data-secret\",t)),e.contentWindow.postMessage({message:\"ready\",secret:t},\"*\")},!1)))}(window,document);\n\/\/# sourceURL=https:\/\/denizcankizil.tr\/wp-includes\/js\/wp-embed.min.js\n<\/script>","description":"\u0130zmir Valisi Dr. S\u00fcleyman Elban ev sahipli\u011finde \u201cEge Denizi Santorini Adas\u0131 ve Civar\u0131ndaki Sismik Aktiviteye Y\u00f6nelik Olas\u0131 Risk De\u011ferlendirmesi B\u00f6lgesel Koordinasyon Toplant\u0131s\u0131\u201d yap\u0131ld\u0131.\u0130ZM\u0130R (\u0130GFA) &#8211;\u00a0\u0130zmir B\u00fcy\u00fck\u015fehir Belediye Ba\u015fkan\u0131 Dr. Cemil Tugay, \u0130zmir Valili\u011fi taraf\u0131ndan d\u00fczenlenen \u201cEge Denizi Santorini Adas\u0131 ve Civar\u0131ndaki Sismik Aktiviteye Y\u00f6nelik Olas\u0131 Risk De\u011ferlendirmesi B\u00f6lgesel Koordinasyon Toplant\u0131s\u0131\u201dna kat\u0131ld\u0131. Olas\u0131 bir depreme kar\u015f\u0131 her t\u00fcrl\u00fc \u00e7al\u0131\u015fmay\u0131 yapt\u0131klar\u0131n\u0131 s\u00f6yleyen Ba\u015fkan Dr. Tugay, \u201c\u00d6n\u00fcm\u00fczdeki birka\u00e7 y\u0131l i\u00e7inde \u0130zmir\u2019deki riskli binalar\u0131n tamam\u0131n\u0131n tespiti ve onlar\u0131n yenilenmesi ile ilgili h\u00fck\u00fcmetle birlikte bir \u00e7al\u0131\u015fma yap\u0131lmas\u0131 i\u00e7in \u00fczerimize d\u00fc\u015feni yapaca\u011f\u0131z\u201d dedi. \u0130zmir \u0130ktisat Kongresi Binas\u0131\u2019nda yap\u0131lan toplant\u0131ya, \u0130zmir B\u00fcy\u00fck\u015fehir Belediye Ba\u015fkan\u0131 Dr. Cemil Tugay da kat\u0131ld\u0131. Sonras\u0131nda bas\u0131n mensuplar\u0131n\u0131n sorular\u0131n\u0131 yan\u0131tlayan Ba\u015fkan Dr. Cemil Tugay, \u201cBiz s\u00fcreci, payla\u015f\u0131lan her t\u00fcrl\u00fc bilgiyi zaten takip ediyoruz. Do\u011frudan depreme neden olacak bir durum g\u00f6r\u00fcnm\u00fcyor. H\u00e2lihaz\u0131rda devam eden 5 &#8211; 5,5 \u015fiddeti aras\u0131ndaki depremlerin en b\u00fcy\u00fc\u011f\u00fc 5,2 olmu\u015f. Bize etkisi minimum d\u00fczeyde. Bir risk her zaman var ama \u015fu anda g\u00f6r\u00fcnen \u00f6nemli bir risk yok deniliyor\u201d ifadelerini kulland\u0131. \u201cYar\u0131n deprem olacakm\u0131\u015f gibi \u00e7al\u0131\u015f\u0131yoruz\u201d Yapt\u0131klar\u0131 \u00e7al\u0131\u015fmalar\u0131 anlatan Ba\u015fkan Tugay, \u201cYar\u0131n deprem olacakm\u0131\u015f gibi, en k\u0131sa zamanda deprem haz\u0131rl\u0131klar\u0131m\u0131z\u0131 tamamlayarak haz\u0131r olal\u0131m diye \u00e7al\u0131\u015f\u0131yoruz. Ge\u00e7ici bar\u0131nma alanlar\u0131 29\u2019dan 71\u2019e \u00e7\u0131kart\u0131ld\u0131, bunlarla ilgili altyap\u0131 \u00e7al\u0131\u015fmalar\u0131 devam ediyor. 2 bin 400\u2019den fazla &hellip;"}