{"version":"1.0","provider_name":"Av. Deniz Can K\u0131z\u0131l","provider_url":"https:\/\/denizcankizil.tr\/de","author_name":"Av. Deniz Can K\u0131z\u0131l","author_url":"https:\/\/denizcankizil.tr\/de","title":"\u0130zmir B\u00fcy\u00fck\u015fehir Belediyesi \u00e7ift\u00e7iye umut oldu","type":"rich","width":600,"height":338,"html":"<blockquote class=\"wp-embedded-content\" data-secret=\"vtbmO8eFkB\"><a href=\"https:\/\/denizcankizil.tr\/de\/haberler\/gundem\/izmir-buyuksehir-belediyesi-ciftciye-umut-oldu\/\">\u0130zmir B\u00fcy\u00fck\u015fehir Belediyesi \u00e7ift\u00e7iye umut oldu<\/a><\/blockquote><iframe sandbox=\"allow-scripts\" security=\"restricted\" src=\"https:\/\/denizcankizil.tr\/de\/haberler\/gundem\/izmir-buyuksehir-belediyesi-ciftciye-umut-oldu\/embed\/#?secret=vtbmO8eFkB\" width=\"600\" height=\"338\" title=\"&#8222;\u0130zmir B\u00fcy\u00fck\u015fehir Belediyesi \u00e7ift\u00e7iye umut oldu&#8220; &#8211; Av. Deniz Can K\u0131z\u0131l\" data-secret=\"vtbmO8eFkB\" frameborder=\"0\" marginwidth=\"0\" marginheight=\"0\" scrolling=\"no\" class=\"wp-embedded-content\"><\/iframe><script>\n\/*! This file is auto-generated *\/\n!function(d,l){\"use strict\";l.querySelector&&d.addEventListener&&\"undefined\"!=typeof URL&&(d.wp=d.wp||{},d.wp.receiveEmbedMessage||(d.wp.receiveEmbedMessage=function(e){var t=e.data;if((t||t.secret||t.message||t.value)&&!\/[^a-zA-Z0-9]\/.test(t.secret)){for(var s,r,n,a=l.querySelectorAll('iframe[data-secret=\"'+t.secret+'\"]'),o=l.querySelectorAll('blockquote[data-secret=\"'+t.secret+'\"]'),c=new RegExp(\"^https?:$\",\"i\"),i=0;i<o.length;i++)o[i].style.display=\"none\";for(i=0;i<a.length;i++)s=a[i],e.source===s.contentWindow&&(s.removeAttribute(\"style\"),\"height\"===t.message?(1e3<(r=parseInt(t.value,10))?r=1e3:~~r<200&&(r=200),s.height=r):\"link\"===t.message&&(r=new URL(s.getAttribute(\"src\")),n=new URL(t.value),c.test(n.protocol))&&n.host===r.host&&l.activeElement===s&&(d.top.location.href=t.value))}},d.addEventListener(\"message\",d.wp.receiveEmbedMessage,!1),l.addEventListener(\"DOMContentLoaded\",function(){for(var e,t,s=l.querySelectorAll(\"iframe.wp-embedded-content\"),r=0;r<s.length;r++)(t=(e=s[r]).getAttribute(\"data-secret\"))||(t=Math.random().toString(36).substring(2,12),e.src+=\"#?secret=\"+t,e.setAttribute(\"data-secret\",t)),e.contentWindow.postMessage({message:\"ready\",secret:t},\"*\")},!1)))}(window,document);\n\/\/# sourceURL=https:\/\/denizcankizil.tr\/wp-includes\/js\/wp-embed.min.js\n<\/script>","description":"\u0130zmir B\u00fcy\u00fck\u015fehir Belediyesi, \u00e7ift\u00e7iyi her alanda desteklemeyi s\u00fcrd\u00fcr\u00fcyor. T\u00fcrkiye\u2019nin ekonomik darbo\u011faz ortam\u0131nda zor g\u00fcnler ge\u00e7iren \u00e7ift\u00e7iye tar\u0131msal kalk\u0131nma kooperatifleri ve tar\u0131msal birlikler arac\u0131l\u0131\u011f\u0131yla 2024 y\u0131l\u0131nda 270 milyon TL\u2019ye yak\u0131n destek sa\u011fland\u0131. \u200b\u0130zmir B\u00fcy\u00fck\u015fehir Belediyesi, \u00e7ift\u00e7iyi her alanda desteklemeyi s\u00fcrd\u00fcr\u00fcyor. T\u00fcrkiye\u2019nin ekonomik darbo\u011faz ortam\u0131nda zor g\u00fcnler ge\u00e7iren \u00e7ift\u00e7iye tar\u0131msal kalk\u0131nma kooperatifleri ve tar\u0131msal birlikler arac\u0131l\u0131\u011f\u0131yla 2024 y\u0131l\u0131nda 270 milyon TL\u2019ye yak\u0131n destek sa\u011fland\u0131.\u00a0 \u200bHaberin Al\u0131nt\u0131land\u0131\u011f\u0131 Kaynak: www.iskenderun.org"}