{"version":"1.0","provider_name":"Av. Deniz Can K\u0131z\u0131l","provider_url":"https:\/\/denizcankizil.tr\/de","author_name":"admin","author_url":"https:\/\/denizcankizil.tr\/de\/author\/admin\/","title":"\u0130zmir Alia\u011fa'daki orman yang\u0131n\u0131 kontrol alt\u0131na al\u0131nd\u0131","type":"rich","width":600,"height":338,"html":"<blockquote class=\"wp-embedded-content\" data-secret=\"iqACCHO0hW\"><a href=\"https:\/\/denizcankizil.tr\/de\/haberler\/gundem\/izmir-aliagadaki-orman-yangini-kontrol-altina-alindi\/\">\u0130zmir Alia\u011fa&#8217;daki orman yang\u0131n\u0131 kontrol alt\u0131na al\u0131nd\u0131<\/a><\/blockquote><iframe sandbox=\"allow-scripts\" security=\"restricted\" src=\"https:\/\/denizcankizil.tr\/de\/haberler\/gundem\/izmir-aliagadaki-orman-yangini-kontrol-altina-alindi\/embed\/#?secret=iqACCHO0hW\" width=\"600\" height=\"338\" title=\"&#8222;\u0130zmir Alia\u011fa&#8217;daki orman yang\u0131n\u0131 kontrol alt\u0131na al\u0131nd\u0131&#8220; &#8211; Av. Deniz Can K\u0131z\u0131l\" data-secret=\"iqACCHO0hW\" frameborder=\"0\" marginwidth=\"0\" marginheight=\"0\" scrolling=\"no\" class=\"wp-embedded-content\"><\/iframe><script>\n\/*! This file is auto-generated *\/\n!function(d,l){\"use strict\";l.querySelector&&d.addEventListener&&\"undefined\"!=typeof URL&&(d.wp=d.wp||{},d.wp.receiveEmbedMessage||(d.wp.receiveEmbedMessage=function(e){var t=e.data;if((t||t.secret||t.message||t.value)&&!\/[^a-zA-Z0-9]\/.test(t.secret)){for(var s,r,n,a=l.querySelectorAll('iframe[data-secret=\"'+t.secret+'\"]'),o=l.querySelectorAll('blockquote[data-secret=\"'+t.secret+'\"]'),c=new RegExp(\"^https?:$\",\"i\"),i=0;i<o.length;i++)o[i].style.display=\"none\";for(i=0;i<a.length;i++)s=a[i],e.source===s.contentWindow&&(s.removeAttribute(\"style\"),\"height\"===t.message?(1e3<(r=parseInt(t.value,10))?r=1e3:~~r<200&&(r=200),s.height=r):\"link\"===t.message&&(r=new URL(s.getAttribute(\"src\")),n=new URL(t.value),c.test(n.protocol))&&n.host===r.host&&l.activeElement===s&&(d.top.location.href=t.value))}},d.addEventListener(\"message\",d.wp.receiveEmbedMessage,!1),l.addEventListener(\"DOMContentLoaded\",function(){for(var e,t,s=l.querySelectorAll(\"iframe.wp-embedded-content\"),r=0;r<s.length;r++)(t=(e=s[r]).getAttribute(\"data-secret\"))||(t=Math.random().toString(36).substring(2,12),e.src+=\"#?secret=\"+t,e.setAttribute(\"data-secret\",t)),e.contentWindow.postMessage({message:\"ready\",secret:t},\"*\")},!1)))}(window,document);\n\/\/# sourceURL=https:\/\/denizcankizil.tr\/wp-includes\/js\/wp-embed.min.js\n<\/script>","description":"\u0130zmir Alia\u011fa\u2019da d\u00fcn ba\u015flayan ve gece boyunca s\u00fcren yo\u011fun m\u00fccadele sonras\u0131 orman yang\u0131n\u0131 kontrol alt\u0131na al\u0131nd\u0131. B\u00f6lgede so\u011futma \u00e7al\u0131\u015fmalar\u0131 s\u00fcr\u00fcyor.\u0130ZM\u0130R (\u0130GFA) &#8211; \u0130zmir\u2019in Alia\u011fa il\u00e7esinde \u00e7\u0131kan orman yang\u0131n\u0131, Orman Genel M\u00fcd\u00fcrl\u00fc\u011f\u00fc ekiplerinin gece boyunca verdi\u011fi yo\u011fun m\u00fccadeleyle kontrol alt\u0131na al\u0131nd\u0131. Orman Genel M\u00fcd\u00fcrl\u00fc\u011f\u00fc\u2019n\u00fcn sosyal medya \u00fczerinden yapt\u0131\u011f\u0131 a\u00e7\u0131klamada, b\u00f6lgede so\u011futma \u00e7al\u0131\u015fmalar\u0131n\u0131n devam etti\u011fi belirtildi. Yang\u0131na kar\u015f\u0131 cansiperane m\u00fccadele eden ormanc\u0131lar, \u201cOrman\u0131n Kahramanlar\u0131\u201d olarak an\u0131l\u0131rken, operasyona destek veren kamu kurumlar\u0131, sivil toplum kurulu\u015flar\u0131 ve g\u00f6n\u00fcll\u00fclere te\u015fekk\u00fcr edildi. Gece boyunca verdi\u011fimiz yo\u011fun m\u00fccadelenin ard\u0131ndan #\u0130zmir #Alia\u011fa yang\u0131n\u0131n\u0131 kontrol alt\u0131na ald\u0131k. B\u00f6lgede so\u011futma \u00e7al\u0131\u015fmalar\u0131m\u0131z devam ediyor.#Ye\u015filVatan i\u00e7in cansiperane m\u00fccadele eden #Orman\u0131nKahramanlar\u0131&#8217;na, bizlere destek veren kurumlar\u0131m\u0131za, STK&#8217;lar\u0131m\u0131za ve\u2026 pic.twitter.com\/Adw8x7hFhT\u2014 Orman Genel M\u00fcd\u00fcrl\u00fc\u011f\u00fc (@OGMgovtr) June 26, 2025 Orman Genel M\u00fcd\u00fcrl\u00fc\u011f\u00fc, #Ye\u015filVatan\u2019\u0131 koruma kararl\u0131l\u0131\u011f\u0131n\u0131 vurgulayarak, do\u011fan\u0131n korunmas\u0131 i\u00e7in \u00e7al\u0131\u015fmalar\u0131n aral\u0131ks\u0131z s\u00fcrece\u011fini ifade etti. Ekipler, yang\u0131n\u0131n tamamen s\u00f6nd\u00fcr\u00fclmesi ve yeniden alevlenme riskinin ortadan kald\u0131r\u0131lmas\u0131 i\u00e7in so\u011futma \u00e7al\u0131\u015fmalar\u0131na devam ediyor. \u200b\u0130zmir Alia\u011fa\u2019da d\u00fcn ba\u015flayan ve gece boyunca s\u00fcren yo\u011fun m\u00fccadele sonras\u0131 orman yang\u0131n\u0131 kontrol alt\u0131na al\u0131nd\u0131. B\u00f6lgede so\u011futma \u00e7al\u0131\u015fmalar\u0131 s\u00fcr\u00fcyor.\u0130ZM\u0130R (\u0130GFA) &#8211; \u0130zmir\u2019in Alia\u011fa il\u00e7esinde \u00e7\u0131kan orman yang\u0131n\u0131, Orman Genel M\u00fcd\u00fcrl\u00fc\u011f\u00fc ekiplerinin gece boyunca verdi\u011fi yo\u011fun m\u00fccadeleyle kontrol alt\u0131na al\u0131nd\u0131. Orman Genel M\u00fcd\u00fcrl\u00fc\u011f\u00fc\u2019n\u00fcn sosyal medya \u00fczerinden yapt\u0131\u011f\u0131 a\u00e7\u0131klamada, b\u00f6lgede so\u011futma \u00e7al\u0131\u015fmalar\u0131n\u0131n devam etti\u011fi belirtildi. Yang\u0131na kar\u015f\u0131 cansiperane m\u00fccadele &hellip;"}