{"version":"1.0","provider_name":"Av. Deniz Can K\u0131z\u0131l","provider_url":"https:\/\/denizcankizil.tr\/de","author_name":"Av. Deniz Can K\u0131z\u0131l","author_url":"https:\/\/denizcankizil.tr\/de","title":"\u0130Y\u0130 Partili \u015eefik \u00c7irkin\u2019den \u00f6nemli a\u00e7\u0131klama\u2026","type":"rich","width":600,"height":338,"html":"<blockquote class=\"wp-embedded-content\" data-secret=\"jHILKp25Tf\"><a href=\"https:\/\/denizcankizil.tr\/de\/haberler\/gundem\/iyi-partili-sefik-cirkinden-onemli-aciklama\/\">\u0130Y\u0130 Partili \u015eefik \u00c7irkin\u2019den \u00f6nemli a\u00e7\u0131klama\u2026<\/a><\/blockquote><iframe sandbox=\"allow-scripts\" security=\"restricted\" src=\"https:\/\/denizcankizil.tr\/de\/haberler\/gundem\/iyi-partili-sefik-cirkinden-onemli-aciklama\/embed\/#?secret=jHILKp25Tf\" width=\"600\" height=\"338\" title=\"&#8222;\u0130Y\u0130 Partili \u015eefik \u00c7irkin\u2019den \u00f6nemli a\u00e7\u0131klama\u2026&#8220; &#8211; Av. Deniz Can K\u0131z\u0131l\" data-secret=\"jHILKp25Tf\" frameborder=\"0\" marginwidth=\"0\" marginheight=\"0\" scrolling=\"no\" class=\"wp-embedded-content\"><\/iframe><script>\n\/*! This file is auto-generated *\/\n!function(d,l){\"use strict\";l.querySelector&&d.addEventListener&&\"undefined\"!=typeof URL&&(d.wp=d.wp||{},d.wp.receiveEmbedMessage||(d.wp.receiveEmbedMessage=function(e){var t=e.data;if((t||t.secret||t.message||t.value)&&!\/[^a-zA-Z0-9]\/.test(t.secret)){for(var s,r,n,a=l.querySelectorAll('iframe[data-secret=\"'+t.secret+'\"]'),o=l.querySelectorAll('blockquote[data-secret=\"'+t.secret+'\"]'),c=new RegExp(\"^https?:$\",\"i\"),i=0;i<o.length;i++)o[i].style.display=\"none\";for(i=0;i<a.length;i++)s=a[i],e.source===s.contentWindow&&(s.removeAttribute(\"style\"),\"height\"===t.message?(1e3<(r=parseInt(t.value,10))?r=1e3:~~r<200&&(r=200),s.height=r):\"link\"===t.message&&(r=new URL(s.getAttribute(\"src\")),n=new URL(t.value),c.test(n.protocol))&&n.host===r.host&&l.activeElement===s&&(d.top.location.href=t.value))}},d.addEventListener(\"message\",d.wp.receiveEmbedMessage,!1),l.addEventListener(\"DOMContentLoaded\",function(){for(var e,t,s=l.querySelectorAll(\"iframe.wp-embedded-content\"),r=0;r<s.length;r++)(t=(e=s[r]).getAttribute(\"data-secret\"))||(t=Math.random().toString(36).substring(2,12),e.src+=\"#?secret=\"+t,e.setAttribute(\"data-secret\",t)),e.contentWindow.postMessage({message:\"ready\",secret:t},\"*\")},!1)))}(window,document);\n\/\/# sourceURL=https:\/\/denizcankizil.tr\/wp-includes\/js\/wp-embed.min.js\n<\/script>","description":"Bu s\u00fcrecin ge\u00e7mi\u015fteki \u00f6rnekler gibi ba\u015far\u0131s\u0131zl\u0131kla sonu\u00e7lanaca\u011f\u0131n\u0131 \u00f6ng\u00f6rd\u00fcklerini belirten A. \u015eefik \u00c7irkin, \u0130Y\u0130 Parti olarak bu s\u00fcrece kar\u015f\u0131 net bir duru\u015f sergilediklerini ifade etti. \u00c7irkin a\u00e7\u0131klamas\u0131nda, \u201cE\u011fer i\u00e7imizde bir \u015feylerin ger\u00e7ekten \u00e7\u00f6z\u00fclece\u011fine dair en ufak bir umut olsa, y\u0131pranma pahas\u0131na s\u00fcrecin i\u00e7inde yer al\u0131rd\u0131k. Ancak biz \u0130Y\u0130 Parti olarak kolay yolu de\u011fil, zoru se\u00e7tik ve bu s\u00fcrecin kar\u015f\u0131s\u0131nda olaca\u011f\u0131z\u201d dedi. &#8220;Bask\u0131larla Kar\u015f\u0131la\u015faca\u011f\u0131m\u0131z\u0131n Bilincindeyiz&#8221; Adnan \u015eefik \u00c7irkin, s\u00fcrece muhalif tutumlar\u0131 nedeniyle mecliste yaln\u0131z kalabileceklerini ve yo\u011fun bask\u0131larla kar\u015f\u0131la\u015fabileceklerini s\u00f6yledi. Baz\u0131 milletvekillerine istifa bask\u0131s\u0131 yap\u0131labilece\u011fini \u00f6ng\u00f6ren \u00c7irkin, \u201cHer \u015feyi g\u00f6ze ald\u0131k \u00e7\u00fcnk\u00fc milletimiz ve devletimizden b\u00fcy\u00fck bir \u015fey yoktur\u201d diyerek kararl\u0131l\u0131k mesaj\u0131 verdi. &#8220;Ge\u00e7mi\u015fte Yap\u0131lan Hatalar Tekrar Ediliyor&#8221; Yeni \u00e7\u00f6z\u00fcm s\u00fcrecinin ge\u00e7mi\u015fteki \u00f6rneklerden fark\u0131 olmad\u0131\u011f\u0131n\u0131 belirten \u00c7irkin, bu s\u00fcre\u00e7lerin sonunda ter\u00f6r\u00fcn azd\u0131\u011f\u0131n\u0131, \u00f6rg\u00fct\u00fcn itibar kazand\u0131\u011f\u0131n\u0131 ve devletin zay\u0131flad\u0131\u011f\u0131n\u0131 dile getirdi. \u00c7irkin, \u201cMuhataplar\u0131n \u00e7\u00f6z\u00fcmden ne anlad\u0131\u011f\u0131 bellidir. Hedefleri ayr\u0131 bir devlet ve ayr\u0131 bir millettir. T\u00fcrk milletinin birli\u011fi tehdit alt\u0131ndad\u0131r\u201d dedi. \u00c7irkin, K\u00fcrtlerle herhangi bir sorunlar\u0131n\u0131n olmad\u0131\u011f\u0131n\u0131 vurgularken, PKK, \u0130mral\u0131 ve di\u011fer yap\u0131lar \u00fczerinden K\u00fcrtlerin tek temsilcisi olarak g\u00f6sterilmesinin b\u00fcy\u00fck bir hata oldu\u011funu s\u00f6yledi. Cumhurba\u015fkan\u0131 Erdo\u011fan\u2019\u0131n ge\u00e7mi\u015fte dile getirdi\u011fi \u201cMuhatab\u0131m\u0131z ter\u00f6r \u00f6rg\u00fct\u00fc de\u011fil, K\u00fcrt karde\u015flerimizdir\u201d ifadesini hat\u0131rlatan \u00c7irkin, bug\u00fcn yap\u0131lanlar\u0131n bu s\u00f6ylemin tam tersi oldu\u011funu savundu. &#8220;Allah\u2019a G\u00fcveniyor, Milletimize S\u0131\u011f\u0131n\u0131yoruz&#8221; Te\u015fkilatlar\u0131n\u0131n ba\u015f\u0131n\u0131 dik &hellip;"}