{"version":"1.0","provider_name":"Av. Deniz Can K\u0131z\u0131l","provider_url":"https:\/\/denizcankizil.tr\/de","author_name":"Antalya K\u00f6rfez","author_url":"https:\/\/denizcankizil.tr\/de\/author\/www-antalyakorfez-com\/","title":"\u0130stanbul'un ard\u0131ndan Denizli'de deprem!","type":"rich","width":600,"height":338,"html":"<blockquote class=\"wp-embedded-content\" data-secret=\"HWAlJwaJBZ\"><a href=\"https:\/\/denizcankizil.tr\/de\/haberler\/gundem\/istanbulun-ardindan-denizlide-deprem\/\">\u0130stanbul&#8217;un ard\u0131ndan Denizli&#8217;de deprem!<\/a><\/blockquote><iframe sandbox=\"allow-scripts\" security=\"restricted\" src=\"https:\/\/denizcankizil.tr\/de\/haberler\/gundem\/istanbulun-ardindan-denizlide-deprem\/embed\/#?secret=HWAlJwaJBZ\" width=\"600\" height=\"338\" title=\"&#8222;\u0130stanbul&#8217;un ard\u0131ndan Denizli&#8217;de deprem!&#8220; &#8211; Av. Deniz Can K\u0131z\u0131l\" data-secret=\"HWAlJwaJBZ\" frameborder=\"0\" marginwidth=\"0\" marginheight=\"0\" scrolling=\"no\" class=\"wp-embedded-content\"><\/iframe><script>\n\/*! This file is auto-generated *\/\n!function(d,l){\"use strict\";l.querySelector&&d.addEventListener&&\"undefined\"!=typeof URL&&(d.wp=d.wp||{},d.wp.receiveEmbedMessage||(d.wp.receiveEmbedMessage=function(e){var t=e.data;if((t||t.secret||t.message||t.value)&&!\/[^a-zA-Z0-9]\/.test(t.secret)){for(var s,r,n,a=l.querySelectorAll('iframe[data-secret=\"'+t.secret+'\"]'),o=l.querySelectorAll('blockquote[data-secret=\"'+t.secret+'\"]'),c=new RegExp(\"^https?:$\",\"i\"),i=0;i<o.length;i++)o[i].style.display=\"none\";for(i=0;i<a.length;i++)s=a[i],e.source===s.contentWindow&&(s.removeAttribute(\"style\"),\"height\"===t.message?(1e3<(r=parseInt(t.value,10))?r=1e3:~~r<200&&(r=200),s.height=r):\"link\"===t.message&&(r=new URL(s.getAttribute(\"src\")),n=new URL(t.value),c.test(n.protocol))&&n.host===r.host&&l.activeElement===s&&(d.top.location.href=t.value))}},d.addEventListener(\"message\",d.wp.receiveEmbedMessage,!1),l.addEventListener(\"DOMContentLoaded\",function(){for(var e,t,s=l.querySelectorAll(\"iframe.wp-embedded-content\"),r=0;r<s.length;r++)(t=(e=s[r]).getAttribute(\"data-secret\"))||(t=Math.random().toString(36).substring(2,12),e.src+=\"#?secret=\"+t,e.setAttribute(\"data-secret\",t)),e.contentWindow.postMessage({message:\"ready\",secret:t},\"*\")},!1)))}(window,document);\n\/\/# sourceURL=https:\/\/denizcankizil.tr\/wp-includes\/js\/wp-embed.min.js\n<\/script>","description":"Silivri merkezli \u0130stanbul\u2019da meydana gelen 6.2 b\u00fcy\u00fckl\u00fc\u011f\u00fcndeki depremin ard\u0131ndan Denizli&#8217;nin Pamukkale il\u00e7esinde deprem meydana geldi. Orta \u015fiddetli meydana gelen depremde can ve mal kayb\u0131n\u0131n olmad\u0131\u011f\u0131 \u00f6\u011frenildi. DEPREM, DEN\u0130ZL\u0130 \u0130L GENEL\u0130NDE H\u0130SSED\u0130LD\u0130 Afet ve Acil Durum Y\u00f6netimi Ba\u015fkanl\u0131\u011f\u0131n\u0131n (AFAD) a\u00e7\u0131klad\u0131\u011f\u0131 verilere g\u00f6re, saat 03.30\u2019da merkez \u00fcss\u00fc Denizli\u2019nin Pamukkale il\u00e7esine ba\u011fl\u0131 Irganl\u0131 Mahallesi olan 3.9 b\u00fcy\u00fckl\u00fc\u011f\u00fcnde orta \u015fiddette bir deprem meydana geldi. Yer kabu\u011funun 13.34 kilometre derinli\u011finde kaydedilen deprem Denizli il genelinde hissedildi. K\u0131sa s\u00fcreli\u011fine pani\u011fe neden olan depremle ilgili her hangi bir can ve mal kayb\u0131n\u0131n olmad\u0131\u011f\u0131 bildirildi. \u200b\u0130stanbul&#8217;da d\u00fcn (23 Nisan) meydana gelen 6.2 b\u00fcy\u00fckl\u00fc\u011f\u00fcn ard\u0131ndan Denizli&#8217;nin Pamukkale il\u00e7esinde saat 03.30&#8217;da 3.9 b\u00fcy\u00fckl\u00fc\u011f\u00fcnde deprem meydana geldi.\u00a0 \u200bHaberin Al\u0131nt\u0131land\u0131\u011f\u0131 Kaynak: www.antalyakorfez.com"}