{"version":"1.0","provider_name":"Av. Deniz Can K\u0131z\u0131l","provider_url":"https:\/\/denizcankizil.tr\/de","author_name":"Av. Deniz Can K\u0131z\u0131l","author_url":"https:\/\/denizcankizil.tr\/de","title":"\u0130skenderun K\u00fc\u00e7\u00fck Sanayi Sitesi arsas\u0131 belirsizli\u011fi\u2026","type":"rich","width":600,"height":338,"html":"<blockquote class=\"wp-embedded-content\" data-secret=\"vRY28Hu5Kb\"><a href=\"https:\/\/denizcankizil.tr\/de\/haberler\/gundem\/iskenderun-kucuk-sanayi-sitesi-arsasi-belirsizligi\/\">\u0130skenderun K\u00fc\u00e7\u00fck Sanayi Sitesi arsas\u0131 belirsizli\u011fi\u2026<\/a><\/blockquote><iframe sandbox=\"allow-scripts\" security=\"restricted\" src=\"https:\/\/denizcankizil.tr\/de\/haberler\/gundem\/iskenderun-kucuk-sanayi-sitesi-arsasi-belirsizligi\/embed\/#?secret=vRY28Hu5Kb\" width=\"600\" height=\"338\" title=\"&#8222;\u0130skenderun K\u00fc\u00e7\u00fck Sanayi Sitesi arsas\u0131 belirsizli\u011fi\u2026&#8220; &#8211; Av. Deniz Can K\u0131z\u0131l\" data-secret=\"vRY28Hu5Kb\" frameborder=\"0\" marginwidth=\"0\" marginheight=\"0\" scrolling=\"no\" class=\"wp-embedded-content\"><\/iframe><script>\n\/*! This file is auto-generated *\/\n!function(d,l){\"use strict\";l.querySelector&&d.addEventListener&&\"undefined\"!=typeof URL&&(d.wp=d.wp||{},d.wp.receiveEmbedMessage||(d.wp.receiveEmbedMessage=function(e){var t=e.data;if((t||t.secret||t.message||t.value)&&!\/[^a-zA-Z0-9]\/.test(t.secret)){for(var s,r,n,a=l.querySelectorAll('iframe[data-secret=\"'+t.secret+'\"]'),o=l.querySelectorAll('blockquote[data-secret=\"'+t.secret+'\"]'),c=new RegExp(\"^https?:$\",\"i\"),i=0;i<o.length;i++)o[i].style.display=\"none\";for(i=0;i<a.length;i++)s=a[i],e.source===s.contentWindow&&(s.removeAttribute(\"style\"),\"height\"===t.message?(1e3<(r=parseInt(t.value,10))?r=1e3:~~r<200&&(r=200),s.height=r):\"link\"===t.message&&(r=new URL(s.getAttribute(\"src\")),n=new URL(t.value),c.test(n.protocol))&&n.host===r.host&&l.activeElement===s&&(d.top.location.href=t.value))}},d.addEventListener(\"message\",d.wp.receiveEmbedMessage,!1),l.addEventListener(\"DOMContentLoaded\",function(){for(var e,t,s=l.querySelectorAll(\"iframe.wp-embedded-content\"),r=0;r<s.length;r++)(t=(e=s[r]).getAttribute(\"data-secret\"))||(t=Math.random().toString(36).substring(2,12),e.src+=\"#?secret=\"+t,e.setAttribute(\"data-secret\",t)),e.contentWindow.postMessage({message:\"ready\",secret:t},\"*\")},!1)))}(window,document);\n\/\/# sourceURL=https:\/\/denizcankizil.tr\/wp-includes\/js\/wp-embed.min.js\n<\/script>","description":"K\u00fc\u00e7\u00fck Sanayi Sitesi Yap\u0131 Kooperatifinin Ba\u015fkan\u0131 \u0130brahim A\u00e7\u0131kg\u00f6z ile y\u00f6netimi ziyaret ettikleri \u0130skenderun Gazeteciler Cemiyeti yeni y\u00f6netimini kutlad\u0131, ba\u015far\u0131lar diledi. \u0130GC Ba\u015fkan\u0131 Diyap Atar da, ziyaretten duydu\u011fu memnuniyeti dile getirerek, Kooperatif Ba\u015fkan\u0131 \u0130brahim A\u00e7\u0131kg\u00f6z ile y\u00f6netimine te\u015fekk\u00fcr etti. \u00a0 \u0130GC Bas\u0131n Merkezindeki ziyaretinde gazetecilere kooperatifin son durumu ile ilgili bilgiler payla\u015fan Ba\u015fkan \u0130brahim A\u00e7\u0131kg\u00f6z, depremden \u00f6nce sonu\u00e7 a\u015famas\u0131na getirilen sorunun, \u015fu anda \u00e7\u00f6z\u00fcms\u00fcz bir hal ald\u0131\u011f\u0131na dikkat \u00e7ekerek \u201c3 ay \u00f6nce Cumhurba\u015fkan\u0131 kararnamesiyle, bize ait 80 d\u00f6n\u00fcm ile birlikte 565 d\u00f6n\u00fcm araz\u0131, sanayi alan\u0131na d\u00f6n\u00fc\u015ft\u00fc. \u00c7evre ve \u015eehircilik bakanl\u0131\u011f\u0131 b\u00fcnyesinde bulunan bu arazi Sanayi ve Ticaret Bakanl\u0131\u011f\u0131na devredilip, komple bir proje ile yap\u0131laca\u011f\u0131 bildirildi\u201d dedi. \u015eu anda kendilerinin ne yapaca\u011f\u0131, ne istendi\u011fi konusunda bir bilgilerinin de olmad\u0131\u011f\u0131n\u0131 aktaran \u0130brahim A\u00e7\u0131kg\u00f6z \u201cGe\u00e7ti\u011fimiz g\u00fcnlerde \u0130skenderun Belediye Ba\u015fkan\u0131 Mehmet D\u00f6nmez, Kooperatifimize ait \u00fcyelerimiz i\u00e7in Nard\u00fcz\u00fc\u2019nde planlama yap\u0131laca\u011f\u0131 s\u00f6yleminde bulundu. Biz hala ne yap\u0131lacak, ne d\u00fc\u015f\u00fcn\u00fcl\u00fcyor, bu konuda bilgimiz yok, ma\u011fduruz. 20 y\u0131ld\u0131r bu esnaf, tahsis edilen Cebike mevkiindeki arazide biran \u00f6nce i\u015fyerlerini yaparak ta\u015f\u0131n\u0131p ekme\u011fini burada kazanmak istiyor\u201d diye konu\u015ftu. \u00a0 \u200bHatay\u2019\u0131n \u0130skenderun il\u00e7esinde, kent merkezinde bulunan K\u00fc\u00e7\u00fck Sanayi Sitesi esnaf\u0131n\u0131n kurdu\u011fu Yap\u0131 Kooperatifinin 20 y\u0131ld\u0131r \u00e7\u00f6z\u00fcm\u00fcn\u00fc bekledi\u011fi arsa sorununun belirsizle\u015fmesi esnaf\u0131 tedirgin ediyor.\u00a0 \u200bHaberin Al\u0131nt\u0131land\u0131\u011f\u0131 Kaynak: www.iskenderun.org"}