{"version":"1.0","provider_name":"Av. Deniz Can K\u0131z\u0131l","provider_url":"https:\/\/denizcankizil.tr\/de","author_name":"Av. Deniz Can K\u0131z\u0131l","author_url":"https:\/\/denizcankizil.tr\/de","title":"\u0130lkokullarda yeni d\u00f6nem! Art\u0131k karne verilmeyecek!","type":"rich","width":600,"height":338,"html":"<blockquote class=\"wp-embedded-content\" data-secret=\"pJwScml0yi\"><a href=\"https:\/\/denizcankizil.tr\/de\/haberler\/gundem\/ilkokullarda-yeni-donem-artik-karne-verilmeyecek\/\">\u0130lkokullarda yeni d\u00f6nem! Art\u0131k karne verilmeyecek!<\/a><\/blockquote><iframe sandbox=\"allow-scripts\" security=\"restricted\" src=\"https:\/\/denizcankizil.tr\/de\/haberler\/gundem\/ilkokullarda-yeni-donem-artik-karne-verilmeyecek\/embed\/#?secret=pJwScml0yi\" width=\"600\" height=\"338\" title=\"&#8222;\u0130lkokullarda yeni d\u00f6nem! Art\u0131k karne verilmeyecek!&#8220; &#8211; Av. Deniz Can K\u0131z\u0131l\" data-secret=\"pJwScml0yi\" frameborder=\"0\" marginwidth=\"0\" marginheight=\"0\" scrolling=\"no\" class=\"wp-embedded-content\"><\/iframe><script>\n\/*! This file is auto-generated *\/\n!function(d,l){\"use strict\";l.querySelector&&d.addEventListener&&\"undefined\"!=typeof URL&&(d.wp=d.wp||{},d.wp.receiveEmbedMessage||(d.wp.receiveEmbedMessage=function(e){var t=e.data;if((t||t.secret||t.message||t.value)&&!\/[^a-zA-Z0-9]\/.test(t.secret)){for(var s,r,n,a=l.querySelectorAll('iframe[data-secret=\"'+t.secret+'\"]'),o=l.querySelectorAll('blockquote[data-secret=\"'+t.secret+'\"]'),c=new RegExp(\"^https?:$\",\"i\"),i=0;i<o.length;i++)o[i].style.display=\"none\";for(i=0;i<a.length;i++)s=a[i],e.source===s.contentWindow&&(s.removeAttribute(\"style\"),\"height\"===t.message?(1e3<(r=parseInt(t.value,10))?r=1e3:~~r<200&&(r=200),s.height=r):\"link\"===t.message&&(r=new URL(s.getAttribute(\"src\")),n=new URL(t.value),c.test(n.protocol))&&n.host===r.host&&l.activeElement===s&&(d.top.location.href=t.value))}},d.addEventListener(\"message\",d.wp.receiveEmbedMessage,!1),l.addEventListener(\"DOMContentLoaded\",function(){for(var e,t,s=l.querySelectorAll(\"iframe.wp-embedded-content\"),r=0;r<s.length;r++)(t=(e=s[r]).getAttribute(\"data-secret\"))||(t=Math.random().toString(36).substring(2,12),e.src+=\"#?secret=\"+t,e.setAttribute(\"data-secret\",t)),e.contentWindow.postMessage({message:\"ready\",secret:t},\"*\")},!1)))}(window,document);\n\/\/# sourceURL=https:\/\/denizcankizil.tr\/wp-includes\/js\/wp-embed.min.js\n<\/script>","description":"Milli E\u011fitim Bakan\u0131 Yusuf Tekin, ilkokullarda karne d\u00f6neminin sona erece\u011fini, \u00f6\u011frencilerin sosyal duygusal \u00f6\u011frenme becerilerini de i\u00e7eren &#8220;geli\u015fim raporu&#8221; uygulamas\u0131na ge\u00e7ilece\u011fini duyurdu.ANKARA (\u0130GFA) &#8211; Milli E\u011fitim Bakanl\u0131\u011f\u0131,\u00a0T\u00fcrkiye Y\u00fczy\u0131l\u0131 Maarif Modeli&#8217;nin uyguland\u0131\u011f\u0131 ilkokul birinci s\u0131n\u0131flarda, \u00f6\u011frencilerin sosyal duygusal \u00f6\u011frenme becerilerini de i\u00e7eren &#8220;geli\u015fim raporu&#8221; uygulamas\u0131na ge\u00e7ildi\u011fini duyurdu. Milli E\u011fitim Bakanl\u0131\u011f\u0131&#8217;n\u0131n resmi intrnet sitesnide yer alan a\u00e7\u0131klamada ilkokul birinci s\u0131n\u0131f \u00f6\u011frencilerine, sonu\u00e7 odakl\u0131 karne yerine \u00f6\u011frenciyi zihinsel, sosyal, duygusal, duyu\u015fsal ve fiziksel a\u00e7\u0131dan bir b\u00fct\u00fcn olarak g\u00f6ren &#8220;b\u00fct\u00fcnc\u00fcl e\u011fitim yakla\u015f\u0131m\u0131&#8221; do\u011frultusunda haz\u0131rlanan &#8220;geli\u015fim raporlar\u0131&#8221; verilece\u011fi a\u00e7\u0131kland\u0131.\u00a0 Velilere somut \u00f6neriler sunulacak Velilere, \u00f6\u011fretmenlerin de\u011ferlendirme s\u00fcre\u00e7lerinde dikkate ald\u0131\u011f\u0131 geli\u015fimsel \u00f6l\u00e7\u00fctler ile \u00e7ocuklar\u0131n kaydetti\u011fi ilerleme hakk\u0131nda rehberlik sa\u011flanacak. Geli\u015fim raporlar\u0131nda \u00f6\u011frencilerin geli\u015fimlerinin desteklenmesi i\u00e7in velilere somut \u00f6neriler sunulaca\u011f\u0131n\u0131 ,ilkokul birinci s\u0131n\u0131f \u00f6\u011frencilerinin geli\u015fim raporlar\u0131 ilk kez, 17 Ocak&#8217;ta ba\u015flayacak yar\u0131y\u0131l tatilinde verilecek. Ayr\u0131ca &#8220;e-okul&#8221; \u00fczerinden velilerin de eri\u015fimine a\u00e7\u0131laca\u011f\u0131 bildirildi.\u00a0Geli\u015fim raporlar\u0131 i\u00e7in uygulama ekranlar\u0131, sade ve anla\u015f\u0131l\u0131r \u015fekilde kurguland\u0131. Bu raporlar\u0131n haz\u0131rl\u0131k s\u00fcrecinde, beceri temelli \u00f6\u011fretim programlar\u0131na sahip \u00fclkelerin e\u011fitim sistemlerine dair uygulamalar incelendi. Ard\u0131ndan \u00f6\u011fretim programlar\u0131n\u0131n g\u00fcncellenmesinde g\u00f6rev alan akademisyenler ve \u00f6\u011fretmenlerle toplant\u0131lar yap\u0131ld\u0131.\u00a0Bu toplant\u0131larda, \u00f6\u011fretme ve \u00f6\u011frenme s\u00fcrecinin ayr\u0131nt\u0131l\u0131 de\u011ferlendirilebilmesi i\u00e7in rubrikler ve dereceli puanlama anahtarlar\u0131 haz\u0131rland\u0131. \u200bMilli E\u011fitim Bakan\u0131 Yusuf Tekin, ilkokullarda karne d\u00f6neminin sona erece\u011fini, \u00f6\u011frencilerin sosyal duygusal \u00f6\u011frenme becerilerini de &hellip;"}