{"version":"1.0","provider_name":"Av. Deniz Can K\u0131z\u0131l","provider_url":"https:\/\/denizcankizil.tr\/de","author_name":"admin","author_url":"https:\/\/denizcankizil.tr\/de\/author\/admin\/","title":"\u0130klim De\u011fi\u015fikli\u011fi Acil Eylem Planlar\u0131 Gerektiriyor!","type":"rich","width":600,"height":338,"html":"<blockquote class=\"wp-embedded-content\" data-secret=\"rW0IOC28wG\"><a href=\"https:\/\/denizcankizil.tr\/de\/haberler\/gundem\/iklim-degisikligi-acil-eylem-planlari-gerektiriyor\/\">\u0130klim De\u011fi\u015fikli\u011fi Acil Eylem Planlar\u0131 Gerektiriyor!<\/a><\/blockquote><iframe sandbox=\"allow-scripts\" security=\"restricted\" src=\"https:\/\/denizcankizil.tr\/de\/haberler\/gundem\/iklim-degisikligi-acil-eylem-planlari-gerektiriyor\/embed\/#?secret=rW0IOC28wG\" width=\"600\" height=\"338\" title=\"&#8222;\u0130klim De\u011fi\u015fikli\u011fi Acil Eylem Planlar\u0131 Gerektiriyor!&#8220; &#8211; Av. Deniz Can K\u0131z\u0131l\" data-secret=\"rW0IOC28wG\" frameborder=\"0\" marginwidth=\"0\" marginheight=\"0\" scrolling=\"no\" class=\"wp-embedded-content\"><\/iframe><script>\n\/*! This file is auto-generated *\/\n!function(d,l){\"use strict\";l.querySelector&&d.addEventListener&&\"undefined\"!=typeof URL&&(d.wp=d.wp||{},d.wp.receiveEmbedMessage||(d.wp.receiveEmbedMessage=function(e){var t=e.data;if((t||t.secret||t.message||t.value)&&!\/[^a-zA-Z0-9]\/.test(t.secret)){for(var s,r,n,a=l.querySelectorAll('iframe[data-secret=\"'+t.secret+'\"]'),o=l.querySelectorAll('blockquote[data-secret=\"'+t.secret+'\"]'),c=new RegExp(\"^https?:$\",\"i\"),i=0;i<o.length;i++)o[i].style.display=\"none\";for(i=0;i<a.length;i++)s=a[i],e.source===s.contentWindow&&(s.removeAttribute(\"style\"),\"height\"===t.message?(1e3<(r=parseInt(t.value,10))?r=1e3:~~r<200&&(r=200),s.height=r):\"link\"===t.message&&(r=new URL(s.getAttribute(\"src\")),n=new URL(t.value),c.test(n.protocol))&&n.host===r.host&&l.activeElement===s&&(d.top.location.href=t.value))}},d.addEventListener(\"message\",d.wp.receiveEmbedMessage,!1),l.addEventListener(\"DOMContentLoaded\",function(){for(var e,t,s=l.querySelectorAll(\"iframe.wp-embedded-content\"),r=0;r<s.length;r++)(t=(e=s[r]).getAttribute(\"data-secret\"))||(t=Math.random().toString(36).substring(2,12),e.src+=\"#?secret=\"+t,e.setAttribute(\"data-secret\",t)),e.contentWindow.postMessage({message:\"ready\",secret:t},\"*\")},!1)))}(window,document);\n\/\/# sourceURL=https:\/\/denizcankizil.tr\/wp-includes\/js\/wp-embed.min.js\n<\/script>","description":"Mevsim normallerinin \u00fczerinde seyreden hava s\u0131cakl\u0131klar\u0131, iklim de\u011fi\u015fikli\u011finin etkilerini daha da belirgin hale getirdi\u011fini belirten Prof. Dr. Abdullah Sakall\u0131 \u0130klim de\u011fi\u015fikli\u011finin insan ve ekosistem \u00fczerindeki etkilerinin acilen ara\u015ft\u0131r\u0131lmas\u0131 ve \u2018azaltt\u0131m\u2019 senaryolar\u0131n\u0131n ba\u015flat\u0131lmas\u0131 gerekti\u011fini vurgulad\u0131. SICAKLIK DE\u011eERLER\u0130 FELAKET SENARYOLARINA ZEM\u0130N HAZIRLIYOR K\u0131\u015f mevsiminde olunmas\u0131na ra\u011fmen s\u0131cakl\u0131klar\u0131n mevsim normallerinin \u00fczerinde seyretmesinin ciddi sorunlara yol a\u00e7abilece\u011fini belirten Prof. Dr. Sakall\u0131, \u201cSon 20 y\u0131ll\u0131k iklim verilerini incelediklerinde \u00e7arp\u0131c\u0131 sonu\u00e7larla kar\u015f\u0131la\u015ft\u0131. Ocak ay\u0131nda son 30 y\u0131l\u0131n ortalamas\u0131n\u0131n alt\u0131na sadece \u00fc\u00e7 g\u00fcn indik. Di\u011fer 27 g\u00fcn boyunca ortalaman\u0131n \u00fczerinde s\u0131cakl\u0131klarla kar\u015f\u0131la\u015ft\u0131k. Bu da iklim de\u011fi\u015fikli\u011finin \u015fiddetli bir \u015fekilde etkisini g\u00f6sterdi\u011fini kan\u0131tl\u0131yor\u201d dedi. K\u0131sa vadede bu s\u0131cakl\u0131k de\u011fi\u015fimlerinin bitki \u00f6rt\u00fcs\u00fc ve canl\u0131 ya\u015fam\u0131 \u00fczerinde ciddi olumsuzluklara yol a\u00e7aca\u011f\u0131n\u0131 aktaran Prof. Dr. Sakall\u0131, \u00f6zellikle ekosistemin bu h\u0131zl\u0131 de\u011fi\u015fime uyum sa\u011flayamayaca\u011f\u0131n\u0131 vurgulad\u0131. DEN\u0130Z SUYU SICAKLIKLARI VE \u00a0EKOS\u0130STEM DE\u011e\u0130\u015e\u0130M\u0130 Deniz suyu s\u0131cakl\u0131klar\u0131n\u0131n art\u0131\u015f\u0131n\u0131n olas\u0131 sonu\u00e7lar\u0131n\u0131 de\u011ferlendiren Sakall\u0131, 2017 y\u0131l\u0131nda Do\u011fu Akdeniz i\u00e7in yapt\u0131\u011f\u0131 modellemelerde, 2035 y\u0131l\u0131nda su s\u0131cakl\u0131klar\u0131nda 1,5-2\u00b0C&#8217;lik bir art\u0131\u015f \u00f6ng\u00f6rd\u00fcklerini, 2100 y\u0131l\u0131na kadar bu art\u0131\u015f\u0131n baz\u0131 b\u00f6lgelerde 8,5\u00b0C&#8217;yi bulabilece\u011fini s\u00f6yledi. Bu durumun yaln\u0131zca insanlar\u0131 de\u011fil, t\u00fcm ekosistemi etkileyece\u011fini dile getiren Sakall\u0131, \u201cDenizlerdeki s\u0131cakl\u0131k art\u0131\u015f\u0131, b\u00f6lgedeki canl\u0131 \u00e7e\u015fitlili\u011fini de\u011fi\u015ftirecek ve ekosistemi k\u00f6kl\u00fc bir \u015fekilde d\u00f6n\u00fc\u015ft\u00fcrecek\u201d dedi. TROP\u0130KAL HASTALIKLAR KAPIDA \u0130klim de\u011fi\u015fikli\u011finin sadece s\u0131cakl\u0131k art\u0131\u015flar\u0131yla s\u0131n\u0131rl\u0131 kalmayaca\u011f\u0131n\u0131 vurgulayan Prof. Dr. &hellip;"}