{"version":"1.0","provider_name":"Av. Deniz Can K\u0131z\u0131l","provider_url":"https:\/\/denizcankizil.tr\/de","author_name":"admin","author_url":"https:\/\/denizcankizil.tr\/de\/author\/admin\/","title":"\u0130klim A\u011f\u0131: \u0130klimi koruyan yasa talep ediyoruz","type":"rich","width":600,"height":338,"html":"<blockquote class=\"wp-embedded-content\" data-secret=\"CSn5merbCk\"><a href=\"https:\/\/denizcankizil.tr\/de\/haberler\/gundem\/iklim-agi-iklimi-koruyan-yasa-talep-ediyoruz\/\">\u0130klim A\u011f\u0131: \u0130klimi koruyan yasa talep ediyoruz<\/a><\/blockquote><iframe sandbox=\"allow-scripts\" security=\"restricted\" src=\"https:\/\/denizcankizil.tr\/de\/haberler\/gundem\/iklim-agi-iklimi-koruyan-yasa-talep-ediyoruz\/embed\/#?secret=CSn5merbCk\" width=\"600\" height=\"338\" title=\"&#8222;\u0130klim A\u011f\u0131: \u0130klimi koruyan yasa talep ediyoruz&#8220; &#8211; Av. Deniz Can K\u0131z\u0131l\" data-secret=\"CSn5merbCk\" frameborder=\"0\" marginwidth=\"0\" marginheight=\"0\" scrolling=\"no\" class=\"wp-embedded-content\"><\/iframe><script>\n\/*! This file is auto-generated *\/\n!function(d,l){\"use strict\";l.querySelector&&d.addEventListener&&\"undefined\"!=typeof URL&&(d.wp=d.wp||{},d.wp.receiveEmbedMessage||(d.wp.receiveEmbedMessage=function(e){var t=e.data;if((t||t.secret||t.message||t.value)&&!\/[^a-zA-Z0-9]\/.test(t.secret)){for(var s,r,n,a=l.querySelectorAll('iframe[data-secret=\"'+t.secret+'\"]'),o=l.querySelectorAll('blockquote[data-secret=\"'+t.secret+'\"]'),c=new RegExp(\"^https?:$\",\"i\"),i=0;i<o.length;i++)o[i].style.display=\"none\";for(i=0;i<a.length;i++)s=a[i],e.source===s.contentWindow&&(s.removeAttribute(\"style\"),\"height\"===t.message?(1e3<(r=parseInt(t.value,10))?r=1e3:~~r<200&&(r=200),s.height=r):\"link\"===t.message&&(r=new URL(s.getAttribute(\"src\")),n=new URL(t.value),c.test(n.protocol))&&n.host===r.host&&l.activeElement===s&&(d.top.location.href=t.value))}},d.addEventListener(\"message\",d.wp.receiveEmbedMessage,!1),l.addEventListener(\"DOMContentLoaded\",function(){for(var e,t,s=l.querySelectorAll(\"iframe.wp-embedded-content\"),r=0;r<s.length;r++)(t=(e=s[r]).getAttribute(\"data-secret\"))||(t=Math.random().toString(36).substring(2,12),e.src+=\"#?secret=\"+t,e.setAttribute(\"data-secret\",t)),e.contentWindow.postMessage({message:\"ready\",secret:t},\"*\")},!1)))}(window,document);\n\/\/# sourceURL=https:\/\/denizcankizil.tr\/wp-includes\/js\/wp-embed.min.js\n<\/script>","description":"T\u00fcrkiye&#8217;nin iklim alan\u0131nda \u00e7al\u0131\u015fan 15 sivil toplum kurulu\u015funu bir araya getiren \u0130klim A\u011f\u0131, TBMM&#8217;ye sunulan ilk \u0130klim Kanunu teklifine dair yapt\u0131\u011f\u0131 a\u00e7\u0131klamada eksikliklere dikkat \u00e7ekerek kanun teklifinin yeniden d\u00fczenlenmesini talep etti.\u0130STANBUL (\u0130GFA) &#8211;\u00a0 Hem do\u011fay\u0131, hem insanlar\u0131 hem de iklimi koruyan bir yakla\u015f\u0131m i\u00e7in \u0130klim A\u011f\u0131, TBMM&#8217;ye sunulan \u0130klim Kanunu teklifinin eksikliklerini dikkati \u00e7ekti.\u00a0 \u015eeffaf, sivil toplumu s\u00fcrece d\u00e2hil eden ve hesap verebilir, sera gaz\u0131 emisyonlar\u0131n\u0131 bug\u00fcnden itibaren azaltmay\u0131 hedefleyen, fosil yak\u0131tlar\u0131 yerin alt\u0131nda b\u0131rakan bir \u0130klim Kanunu talep ettiklerini belirten \u0130klim A\u011f\u0131 bile\u015fenleri, talep ettikleri eksiklikleri vurgulad\u0131. \u0130klim Kanunu sadece \u00e7evreyle ilgili bir d\u00fczenleme de\u011fil, ayn\u0131 zamanda \u00fclkenin ekonomik ve sosyal gelece\u011fini de belirleyecek kritik bir ad\u0131m. Ancak, kanun teklifi haz\u0131rlan\u0131rken bilim insanlar\u0131n\u0131n ve iklim alan\u0131nda \u00e7al\u0131\u015fan sivil toplum kurulu\u015flar\u0131n\u0131n (STK) g\u00f6r\u00fc\u015flerine ba\u015fvurulmad\u0131\u011f\u0131n\u0131 \u00f6ne s\u00fcren bile\u015fenler,\u00a0 &#8220;Bilim insanlar\u0131, k\u00fcresel s\u0131cakl\u0131k art\u0131\u015f\u0131n\u0131 1.5\u00b0C ile s\u0131n\u0131rlamak i\u00e7in emisyonlar\u0131n bug\u00fcnden itibaren h\u0131zla azalt\u0131lmas\u0131 gerekti\u011fini s\u00f6yl\u00fcyor. Ancak kanun teklifinde, sera gaz\u0131 emisyonlar\u0131n\u0131 bug\u00fcnden itibaren azaltmay\u0131 taahh\u00fct eden mutlak bir azalt\u0131m hedefi bulunmuyor. \u0130klim de\u011fi\u015fikli\u011fiyle m\u00fccadelede en \u00f6nemli ad\u0131m fosil yak\u0131tlar\u0131n terk edilmesi. Ancak, kanun teklifi k\u00f6m\u00fcr, petrol ve gaz kullan\u0131m\u0131n\u0131n sonland\u0131r\u0131lmas\u0131na dair bir hedef i\u00e7ermiyor. Teklif, esasen Emisyon Ticaret Sistemini (ETS) d\u00fczenlemeye odaklan\u0131yor. Ancak, sera gaz\u0131 emisyonlar\u0131n\u0131n azalt\u0131m\u0131n\u0131 hedeflemeden devreye al\u0131nacak bir ETS, &hellip;"}