{"version":"1.0","provider_name":"Av. Deniz Can K\u0131z\u0131l","provider_url":"https:\/\/denizcankizil.tr\/de","author_name":"Av. Deniz Can K\u0131z\u0131l","author_url":"https:\/\/denizcankizil.tr\/de","title":"\u0130GEF'25 Fuar haz\u0131rl\u0131klar\u0131 ba\u015flad\u0131","type":"rich","width":600,"height":338,"html":"<blockquote class=\"wp-embedded-content\" data-secret=\"ack2A8ehtI\"><a href=\"https:\/\/denizcankizil.tr\/de\/haberler\/gundem\/igef25-fuar-hazirliklari-basladi\/\">\u0130GEF&#8217;25 Fuar haz\u0131rl\u0131klar\u0131 ba\u015flad\u0131<\/a><\/blockquote><iframe sandbox=\"allow-scripts\" security=\"restricted\" src=\"https:\/\/denizcankizil.tr\/de\/haberler\/gundem\/igef25-fuar-hazirliklari-basladi\/embed\/#?secret=ack2A8ehtI\" width=\"600\" height=\"338\" title=\"&#8222;\u0130GEF&#8217;25 Fuar haz\u0131rl\u0131klar\u0131 ba\u015flad\u0131&#8220; &#8211; Av. Deniz Can K\u0131z\u0131l\" data-secret=\"ack2A8ehtI\" frameborder=\"0\" marginwidth=\"0\" marginheight=\"0\" scrolling=\"no\" class=\"wp-embedded-content\"><\/iframe><script>\n\/*! This file is auto-generated *\/\n!function(d,l){\"use strict\";l.querySelector&&d.addEventListener&&\"undefined\"!=typeof URL&&(d.wp=d.wp||{},d.wp.receiveEmbedMessage||(d.wp.receiveEmbedMessage=function(e){var t=e.data;if((t||t.secret||t.message||t.value)&&!\/[^a-zA-Z0-9]\/.test(t.secret)){for(var s,r,n,a=l.querySelectorAll('iframe[data-secret=\"'+t.secret+'\"]'),o=l.querySelectorAll('blockquote[data-secret=\"'+t.secret+'\"]'),c=new RegExp(\"^https?:$\",\"i\"),i=0;i<o.length;i++)o[i].style.display=\"none\";for(i=0;i<a.length;i++)s=a[i],e.source===s.contentWindow&&(s.removeAttribute(\"style\"),\"height\"===t.message?(1e3<(r=parseInt(t.value,10))?r=1e3:~~r<200&&(r=200),s.height=r):\"link\"===t.message&&(r=new URL(s.getAttribute(\"src\")),n=new URL(t.value),c.test(n.protocol))&&n.host===r.host&&l.activeElement===s&&(d.top.location.href=t.value))}},d.addEventListener(\"message\",d.wp.receiveEmbedMessage,!1),l.addEventListener(\"DOMContentLoaded\",function(){for(var e,t,s=l.querySelectorAll(\"iframe.wp-embedded-content\"),r=0;r<s.length;r++)(t=(e=s[r]).getAttribute(\"data-secret\"))||(t=Math.random().toString(36).substring(2,12),e.src+=\"#?secret=\"+t,e.setAttribute(\"data-secret\",t)),e.contentWindow.postMessage({message:\"ready\",secret:t},\"*\")},!1)))}(window,document);\n\/\/# sourceURL=https:\/\/denizcankizil.tr\/wp-includes\/js\/wp-embed.min.js\n<\/script>","description":"\u0130\u00e7i\u015fleri Bakanl\u0131\u011f\u0131 taraf\u0131ndan d\u00fczenlenen ve 2025 y\u0131l\u0131nda yap\u0131la cak olan \u0130\u00e7 G\u00fcvenlik Ekipmanlar\u0131 Fuar\u0131\u2019n\u0131n (\u0130GEF) tan\u0131t\u0131m toplant\u0131s\u0131 Ankara ATO Congresium&#8217;da ger\u00e7ekle\u015ftirildi.ANKARA (\u0130GFA) &#8211;\u00a0\u0130\u00e7i\u015fleri Bakanl\u0131\u011f\u0131 himayesinde; T.C. Cumhurba\u015fkanl\u0131\u011f\u0131 Savunma Sanayii Ba\u015fkanl\u0131\u011f\u0131, Emniyet Genel M\u00fcd\u00fcrl\u00fc\u011f\u00fc, Jandarma Genel Komutanl\u0131\u011f\u0131, Sahil G\u00fcvenlik Komutanl\u0131\u011f\u0131, AFAD, ATO taraf\u0131ndan desteklenen ve Expolink Fuarc\u0131l\u0131k A.\u015e. taraf\u0131ndan d\u00fczenlenen \u0130\u00e7 G\u00fcvenlik Ekipmanlar\u0131 Fuar\u0131 (\u0130GEF) tan\u0131t\u0131m\u0131 Ankara ATO Congresium&#8217;da ger\u00e7ekle\u015ftirildi. \u0130GEF payda\u015flar\u0131 ve destekleyen STK\u2019lardan; T\u00fcrk Polis Te\u015fkilat\u0131 G\u00fc\u00e7lendirme Vakf\u0131 (TPTGV) Genel M\u00fcd\u00fcr\u00fc \u0130zzet Tuna, Jandarma Asayi\u015f Vakf\u0131 (JAV) Genel M\u00fcd\u00fcr Yrd. Atilla \u00d6nal, Silah Sanayicileri ve Patlay\u0131c\u0131 Maddeler \u0130\u015f Adamlar\u0131 Derne\u011fi (S\u0130S\u0130AD) Ba\u015fkan\u0131 Mehmet Cafer Say\u0131l\u0131r ile Expolink Fuarc\u0131l\u0131k Y\u00f6netim Kurulu Ba\u015fkan\u0131 Zeki Erdo\u011fan\u2019\u0131n kat\u0131ld\u0131\u011f\u0131 bas\u0131n toplant\u0131s\u0131, yerel, sekt\u00f6rel ve ulusal medya kurulu\u015flar\u0131ndan 50\u2019ye yak\u0131n bas\u0131n mensubu taraf\u0131ndan takip edildi.\u00a0B\u00f6yle bir organizasyona ev sahipli\u011fi\u00a0yapman\u0131n T\u00fcrkiye i\u00e7in son derece \u00f6nemli oldu\u011funa dikkat \u00e7eken Expolink\u00a0Fuarc\u0131l\u0131k Y\u00f6netim Kurulu Ba\u015fkan\u0131 Zeki Erdo\u011fan, ihracat hedeflerimize katk\u0131da\u00a0bulunan fuarlar\u0131n, milli projeler ve sanayi geli\u015fimi \u00fczerinde ciddi olumlu etkileri\u00a0oldu\u011funu belirtti. \u0130GEF\u2019in Savunma sanayiindeki di\u011fer fuarlar\u0131n alternatifi\u00a0olmad\u0131\u011f\u0131n\u0131 vurgulayan Erdo\u011fan \u201cT\u00fcrkiye&#8217;nin savunma sanayii alan\u0131nda \u00e7ok g\u00fc\u00e7l\u00fc\u00a0fuarlar\u0131 var. D\u00fcnyan\u0131n bir\u00e7ok \u00fclkesinde i\u00e7 g\u00fcvenlikle ilgili fuarlar organize\u00a0edilirken \u00fclkemizde sadece iki savunma fuar\u0131 markala\u015fm\u0131\u015ft\u0131r. \u0130\u00e7i\u015fleri\u00a0Bakanl\u0131\u011f\u0131m\u0131z\u0131n ihtiya\u00e7lar\u0131n\u0131 \u00fcreten ve tedarik eden firmalar\u0131n \u00fcr\u00fcnlerini i\u00e7 ve\u00a0d\u0131\u015f pazarda g\u00f6sterebilece\u011fi kapsaml\u0131 bir \u00e7at\u0131 fuara duyulan ihtiya\u00e7 \u0130GEF\u2019i\u00a0do\u011furmu\u015ftur. &hellip;"}