{"version":"1.0","provider_name":"Av. Deniz Can K\u0131z\u0131l","provider_url":"https:\/\/denizcankizil.tr\/de","author_name":"Antalya K\u00f6rfez","author_url":"https:\/\/denizcankizil.tr\/de\/author\/www-antalyakorfez-com\/","title":"H\u0131rvatistanl\u0131 ormanc\u0131lar Antalya\u2019da\u2026","type":"rich","width":600,"height":338,"html":"<blockquote class=\"wp-embedded-content\" data-secret=\"RgQ3OEY1b1\"><a href=\"https:\/\/denizcankizil.tr\/de\/haberler\/gundem\/hirvatistanli-ormancilar-antalyada\/\">H\u0131rvatistanl\u0131 ormanc\u0131lar Antalya\u2019da\u2026<\/a><\/blockquote><iframe sandbox=\"allow-scripts\" security=\"restricted\" src=\"https:\/\/denizcankizil.tr\/de\/haberler\/gundem\/hirvatistanli-ormancilar-antalyada\/embed\/#?secret=RgQ3OEY1b1\" width=\"600\" height=\"338\" title=\"&#8222;H\u0131rvatistanl\u0131 ormanc\u0131lar Antalya\u2019da\u2026&#8220; &#8211; Av. Deniz Can K\u0131z\u0131l\" data-secret=\"RgQ3OEY1b1\" frameborder=\"0\" marginwidth=\"0\" marginheight=\"0\" scrolling=\"no\" class=\"wp-embedded-content\"><\/iframe><script>\n\/*! This file is auto-generated *\/\n!function(d,l){\"use strict\";l.querySelector&&d.addEventListener&&\"undefined\"!=typeof URL&&(d.wp=d.wp||{},d.wp.receiveEmbedMessage||(d.wp.receiveEmbedMessage=function(e){var t=e.data;if((t||t.secret||t.message||t.value)&&!\/[^a-zA-Z0-9]\/.test(t.secret)){for(var s,r,n,a=l.querySelectorAll('iframe[data-secret=\"'+t.secret+'\"]'),o=l.querySelectorAll('blockquote[data-secret=\"'+t.secret+'\"]'),c=new RegExp(\"^https?:$\",\"i\"),i=0;i<o.length;i++)o[i].style.display=\"none\";for(i=0;i<a.length;i++)s=a[i],e.source===s.contentWindow&&(s.removeAttribute(\"style\"),\"height\"===t.message?(1e3<(r=parseInt(t.value,10))?r=1e3:~~r<200&&(r=200),s.height=r):\"link\"===t.message&&(r=new URL(s.getAttribute(\"src\")),n=new URL(t.value),c.test(n.protocol))&&n.host===r.host&&l.activeElement===s&&(d.top.location.href=t.value))}},d.addEventListener(\"message\",d.wp.receiveEmbedMessage,!1),l.addEventListener(\"DOMContentLoaded\",function(){for(var e,t,s=l.querySelectorAll(\"iframe.wp-embedded-content\"),r=0;r<s.length;r++)(t=(e=s[r]).getAttribute(\"data-secret\"))||(t=Math.random().toString(36).substring(2,12),e.src+=\"#?secret=\"+t,e.setAttribute(\"data-secret\",t)),e.contentWindow.postMessage({message:\"ready\",secret:t},\"*\")},!1)))}(window,document);\n\/\/# sourceURL=https:\/\/denizcankizil.tr\/wp-includes\/js\/wp-embed.min.js\n<\/script>","description":"H\u0131rvatistan Ormanc\u0131lar Derne\u011fi \u00fcyeleri Antalya\u2019ya geldi. Heyet Orman B\u00f6lge M\u00fcd\u00fcr\u00fc Kemal Kay\u0131ran\u2019\u0131 makam\u0131nda ziyaret etti ard\u0131ndan ise d\u00fczenlenen brifinge kat\u0131ld\u0131lar. Antalya Orman B\u00f6lge M\u00fcd\u00fcr\u00fc Kemal Kay\u0131ran\u2019\u0131 makam\u0131nda ziyaret eden heyet B\u00f6lge M\u00fcd\u00fcrl\u00fc\u011f\u00fcn\u00fc tan\u0131tan k\u0131sa filmi izledi. \u00a0 \u0130\u015eB\u0130RL\u0130\u011e\u0130NE D\u0130KKAT \u00c7EK\u0130LD\u0130 Antalya Orman B\u00f6lge M\u00fcd\u00fcr\u00fc Kemal Kay\u0131ran konu\u015fmas\u0131nda, \u201c\u00dclkemizdeki ormanc\u0131l\u0131k y\u00f6netimi, orman yang\u0131nlar\u0131 ile m\u00fccadele stratejileri ve korunan alanlarla ilgili bilgi edinmek \u00fczere Antalya B\u00f6lge M\u00fcd\u00fcrl\u00fc\u011f\u00fcm\u00fcze yapm\u0131\u015f oldu\u011funuz bu \u00e7al\u0131\u015fma ziyareti ile iki \u00fclke orman \u00e7al\u0131\u015fanlar\u0131 aras\u0131ndaki i\u015f birli\u011fi ve bilgi payla\u015f\u0131m\u0131na \u00f6nemli katk\u0131lar sa\u011flayacakt\u0131r. Sizleri burada a\u011f\u0131rlamaktan b\u00fcy\u00fck memnuniyet duyuyoruz\u201d \u015feklinde konu\u015ftu. YANAN ALANLARDA \u0130NCELEMELERDE BULUNDULAR Uluslararas\u0131 Ormanc\u0131l\u0131k E\u011fitim Merkezinde orman yang\u0131nlar\u0131 ile m\u00fccadele stratejileri kapsam\u0131nda sim\u00fclasyon merkezinde kapsaml\u0131 bilgiler alan heyet daha sonra Ta\u015fa\u011f\u0131l Orman i\u015fletme M\u00fcd\u00fcrl\u00fc\u011f\u00fcne giderek 2008 y\u0131l\u0131nda yanan sahalar \u00f6zelinde Yanan Alanlar\u0131n Rehabilitasyonu ve Yang\u0131na Dayan\u0131kl\u0131 Orman Tesisi Projesi (YARDOP) hakk\u0131nda bilgi edindiler. \u200bH\u0131rvatistan Ormanc\u0131lar Derne\u011fi \u00fcyeleri Antalya\u2019ya geldi. Orman B\u00f6lge M\u00fcd\u00fcr\u00fc Kemal Kay\u0131ran\u2019\u0131 makam\u0131nda ziyaret eden 40 ki\u015filik grup, orman yang\u0131nlar\u0131 ile m\u00fccadele stratejileri hakk\u0131nda bilgi ald\u0131\u00a0 \u200bHaberin Al\u0131nt\u0131land\u0131\u011f\u0131 Kaynak: www.antalyakorfez.com"}