{"version":"1.0","provider_name":"Av. Deniz Can K\u0131z\u0131l","provider_url":"https:\/\/denizcankizil.tr\/de","author_name":"admin","author_url":"https:\/\/denizcankizil.tr\/de\/author\/admin\/","title":"Hatay\u2019da otomobil 200 metrelik u\u00e7uruma u\u00e7tu!","type":"rich","width":600,"height":338,"html":"<blockquote class=\"wp-embedded-content\" data-secret=\"NSPj4gEDz4\"><a href=\"https:\/\/denizcankizil.tr\/de\/haberler\/gundem\/hatayda-otomobil-200-metrelik-ucuruma-uctu\/\">Hatay\u2019da otomobil 200 metrelik u\u00e7uruma u\u00e7tu!<\/a><\/blockquote><iframe sandbox=\"allow-scripts\" security=\"restricted\" src=\"https:\/\/denizcankizil.tr\/de\/haberler\/gundem\/hatayda-otomobil-200-metrelik-ucuruma-uctu\/embed\/#?secret=NSPj4gEDz4\" width=\"600\" height=\"338\" title=\"&#8222;Hatay\u2019da otomobil 200 metrelik u\u00e7uruma u\u00e7tu!&#8220; &#8211; Av. Deniz Can K\u0131z\u0131l\" data-secret=\"NSPj4gEDz4\" frameborder=\"0\" marginwidth=\"0\" marginheight=\"0\" scrolling=\"no\" class=\"wp-embedded-content\"><\/iframe><script>\n\/*! This file is auto-generated *\/\n!function(d,l){\"use strict\";l.querySelector&&d.addEventListener&&\"undefined\"!=typeof URL&&(d.wp=d.wp||{},d.wp.receiveEmbedMessage||(d.wp.receiveEmbedMessage=function(e){var t=e.data;if((t||t.secret||t.message||t.value)&&!\/[^a-zA-Z0-9]\/.test(t.secret)){for(var s,r,n,a=l.querySelectorAll('iframe[data-secret=\"'+t.secret+'\"]'),o=l.querySelectorAll('blockquote[data-secret=\"'+t.secret+'\"]'),c=new RegExp(\"^https?:$\",\"i\"),i=0;i<o.length;i++)o[i].style.display=\"none\";for(i=0;i<a.length;i++)s=a[i],e.source===s.contentWindow&&(s.removeAttribute(\"style\"),\"height\"===t.message?(1e3<(r=parseInt(t.value,10))?r=1e3:~~r<200&&(r=200),s.height=r):\"link\"===t.message&&(r=new URL(s.getAttribute(\"src\")),n=new URL(t.value),c.test(n.protocol))&&n.host===r.host&&l.activeElement===s&&(d.top.location.href=t.value))}},d.addEventListener(\"message\",d.wp.receiveEmbedMessage,!1),l.addEventListener(\"DOMContentLoaded\",function(){for(var e,t,s=l.querySelectorAll(\"iframe.wp-embedded-content\"),r=0;r<s.length;r++)(t=(e=s[r]).getAttribute(\"data-secret\"))||(t=Math.random().toString(36).substring(2,12),e.src+=\"#?secret=\"+t,e.setAttribute(\"data-secret\",t)),e.contentWindow.postMessage({message:\"ready\",secret:t},\"*\")},!1)))}(window,document);\n\/\/# sourceURL=https:\/\/denizcankizil.tr\/wp-includes\/js\/wp-embed.min.js\n<\/script>","description":"Edinilen bilgilere g\u00f6re Karah\u00fcseyinli istikametinden Belen M\u00fcft\u00fcler b\u00f6lgesine seyir halindeki otomobil s\u00fcr\u00fcc\u00fcs\u00fcn\u00fcn direksiyon h\u00e2kimiyetini kaybetmesi sonucu yakla\u015f\u0131k 200 metre derinlikteki u\u00e7uruma yuvarland\u0131. Kazay\u0131 yak\u0131ndaki bir tarlada \u00e7al\u0131\u015fan vatanda\u015f\u0131n g\u00f6rmesi \u00fczerine 112 acil \u00e7a\u011fr\u0131 merkezine bilgi verildi. Jandarma ekipleri b\u00f6lgede arama tarama faaliyetlerini s\u00fcrd\u00fcrse de kaza yapan ara\u00e7 ilk etapta bulamad\u0131. Vatanda\u015flar ve jandarma yoldan yakla\u015f\u0131k 200 metre a\u015fa\u011f\u0131da kimsenin g\u00f6remeyece\u011fi yerde ters yatm\u0131\u015f \u015fekilde otomobili buldu. K\u0131sa s\u00fcrede jandarma ekipleri b\u00f6lgeye sa\u011fl\u0131k ekiplerinin inmesini sa\u011flad\u0131. Sedyelerle birlikte jandarma, sa\u011fl\u0131k ekibi ve vatanda\u015flar yaral\u0131lar\u0131 u\u00e7urumdan yukar\u0131 \u00e7\u0131kartmak i\u00e7in ciddi \u00e7aba harcad\u0131. \u0130ki ki\u015finin durumunun a\u011f\u0131r oldu\u011fu belirtilen yaral\u0131lar\u0131n tamam\u0131 ilk m\u00fcdahalenin ard\u0131ndan ambulansla hastanelere sevk edildi. Jandarma ekipleri kazayla ilgili soru\u015fturmas\u0131n\u0131 s\u00fcrd\u00fcr\u00fcyor. \u200bHatay\u2019\u0131n Arsuz il\u00e7esi Karah\u00fcseyinli Mahallesi\u2019nde ya\u015fanan trafik kazada, s\u00fcr\u00fcc\u00fcs\u00fcn\u00fcn direksiyon hakimiyetini kaybetmesi sonucu u\u00e7uruma yuvarlanan ara\u00e7ta bulunan 4 ki\u015fi, \u0130tfaiye ekiplerinin h\u0131zl\u0131 ve koordineli m\u00fcdahalesiyle kurtar\u0131ld\u0131.\u00a0 \u200bHaberin Al\u0131nt\u0131land\u0131\u011f\u0131 Kaynak: www.iskenderun.org","thumbnail_url":"https:\/\/iskenderunorg.teimg.com\/iskenderun-org\/uploads\/2025\/07\/2025\/07\/karahuseyinli-kaza-3.jpg"}