{"version":"1.0","provider_name":"Av. Deniz Can K\u0131z\u0131l","provider_url":"https:\/\/denizcankizil.tr\/de","author_name":"admin","author_url":"https:\/\/denizcankizil.tr\/de\/author\/admin\/","title":"Hatay Heyeti Bakan Ersoy\u2019la Turizmi konu\u015ftu\u2026","type":"rich","width":600,"height":338,"html":"<blockquote class=\"wp-embedded-content\" data-secret=\"beh3lHPlHp\"><a href=\"https:\/\/denizcankizil.tr\/de\/haberler\/gundem\/hatay-heyeti-bakan-ersoyla-turizmi-konustu\/\">Hatay Heyeti Bakan Ersoy\u2019la Turizmi konu\u015ftu\u2026<\/a><\/blockquote><iframe sandbox=\"allow-scripts\" security=\"restricted\" src=\"https:\/\/denizcankizil.tr\/de\/haberler\/gundem\/hatay-heyeti-bakan-ersoyla-turizmi-konustu\/embed\/#?secret=beh3lHPlHp\" width=\"600\" height=\"338\" title=\"&#8222;Hatay Heyeti Bakan Ersoy\u2019la Turizmi konu\u015ftu\u2026&#8220; &#8211; Av. Deniz Can K\u0131z\u0131l\" data-secret=\"beh3lHPlHp\" frameborder=\"0\" marginwidth=\"0\" marginheight=\"0\" scrolling=\"no\" class=\"wp-embedded-content\"><\/iframe><script>\n\/*! This file is auto-generated *\/\n!function(d,l){\"use strict\";l.querySelector&&d.addEventListener&&\"undefined\"!=typeof URL&&(d.wp=d.wp||{},d.wp.receiveEmbedMessage||(d.wp.receiveEmbedMessage=function(e){var t=e.data;if((t||t.secret||t.message||t.value)&&!\/[^a-zA-Z0-9]\/.test(t.secret)){for(var s,r,n,a=l.querySelectorAll('iframe[data-secret=\"'+t.secret+'\"]'),o=l.querySelectorAll('blockquote[data-secret=\"'+t.secret+'\"]'),c=new RegExp(\"^https?:$\",\"i\"),i=0;i<o.length;i++)o[i].style.display=\"none\";for(i=0;i<a.length;i++)s=a[i],e.source===s.contentWindow&&(s.removeAttribute(\"style\"),\"height\"===t.message?(1e3<(r=parseInt(t.value,10))?r=1e3:~~r<200&&(r=200),s.height=r):\"link\"===t.message&&(r=new URL(s.getAttribute(\"src\")),n=new URL(t.value),c.test(n.protocol))&&n.host===r.host&&l.activeElement===s&&(d.top.location.href=t.value))}},d.addEventListener(\"message\",d.wp.receiveEmbedMessage,!1),l.addEventListener(\"DOMContentLoaded\",function(){for(var e,t,s=l.querySelectorAll(\"iframe.wp-embedded-content\"),r=0;r<s.length;r++)(t=(e=s[r]).getAttribute(\"data-secret\"))||(t=Math.random().toString(36).substring(2,12),e.src+=\"#?secret=\"+t,e.setAttribute(\"data-secret\",t)),e.contentWindow.postMessage({message:\"ready\",secret:t},\"*\")},!1)))}(window,document);\n\/\/# sourceURL=https:\/\/denizcankizil.tr\/wp-includes\/js\/wp-embed.min.js\n<\/script>","description":"13 medeniyetin be\u015fi\u011fi, T\u00fcrkiye\u2019nin en \u00f6nemli k\u00fclt\u00fcr ve turizm destinasyonlar\u0131ndan Hatay y\u00fczy\u0131l\u0131n felaketine neden olan 6 \u015eubat 2023 depremlerinden en fazla etkilenerek b\u00fcy\u00fck bir y\u0131k\u0131mla kar\u015f\u0131 kar\u015f\u0131ya kald\u0131. B\u00fcy\u00fck can kay\u0131plar\u0131na neden olan deprem felaketi, ge\u00e7mi\u015ften bug\u00fcne ayakta durmaya \u00e7al\u0131\u015fan medeniyetlerin simgesi eserlerin de b\u00fcy\u00fck b\u00f6l\u00fcm\u00fc, di\u011fer yap\u0131larla birlikte enkaza d\u00f6nen Hatay\u2019da Devletin t\u00fcm birimleriyle her alanda 8\u2019inci kez aya\u011fa kald\u0131rma \u00e7al\u0131\u015fmalar\u0131 aral\u0131ks\u0131z s\u00fcr\u00fcyor. Y\u0131k\u0131lan \u015fehirlerin yerine TOK\u0130 marifetiyle depremzedelere kal\u0131c\u0131 konutlar, enkaza d\u00f6nen kadim kentte zarar g\u00f6ren ge\u00e7mi\u015fin miras\u0131 yap\u0131lar\u0131n yeniden in\u015fas\u0131yla Hatay\u2019\u0131n aya\u011fa kald\u0131r\u0131lmas\u0131 operasyonuna katk\u0131 amac\u0131yla olu\u015fturulan heyet Ba\u015fkentte K\u00fclt\u00fcr ve Turizm Bakan Mehmet Nuri Ersoy\u2019la bir araya geldi. \u00a0\u00a0\u00a0 Bakanl\u0131kta ger\u00e7ekle\u015ftirilen toplant\u0131ya Vali Mustafa Masatl\u0131, AK Parti Genel Ba\u015fkan Yard\u0131mc\u0131s\u0131 ve Hatay Milletvekili H\u00fcseyin Yayman, Hatay B\u00fcy\u00fck\u015fehir Belediye Ba\u015fkan\u0131 Mehmet \u00d6nt\u00fcrk ve ilgili kurum temsilcileri kat\u0131ld\u0131. Vali Mustafa Masatl\u0131, kadim \u015eehir Hatay\u2019\u0131n k\u00fclt\u00fcr varl\u0131klar\u0131n\u0131n yeniden ihya, in\u015fa ve imar s\u00fcrecinde gelinen son durumun de\u011ferlendirildi\u011fi toplant\u0131da; \u015fehrin turizm potansiyelini art\u0131rmak i\u00e7in hayata ge\u00e7irilecek projeler ve yat\u0131r\u0131mlar\u0131 g\u00f6r\u00fc\u015ft\u00fcklerini payla\u015ft\u0131. Hatay B\u00fcy\u00fck\u015fehir Belediye Ba\u015fkan\u0131 Mehmet \u00d6nt\u00fcrk ise, g\u00fcndemlerinde \u015fehirde s\u00fcren restorasyon \u00e7al\u0131\u015fmalar\u0131 ve ileriki d\u00f6nemde ba\u015flayacak projelerin yer ald\u0131\u011f\u0131n\u0131 belirterek, nazik ev sahipli\u011fi ve destekleri i\u00e7in Bakan Ersoy\u2019a te\u015fekk\u00fcr etti. AK Parti Genel Ba\u015fkan Yard\u0131mc\u0131s\u0131 ve Hatay Milletvekili H\u00fcseyin &hellip;"}