{"version":"1.0","provider_name":"Av. Deniz Can K\u0131z\u0131l","provider_url":"https:\/\/denizcankizil.tr\/de","author_name":"admin","author_url":"https:\/\/denizcankizil.tr\/de\/author\/admin\/","title":"Hatay Dernekleri \u0130stanbul\u2019da iftarda bulu\u015ftu","type":"rich","width":600,"height":338,"html":"<blockquote class=\"wp-embedded-content\" data-secret=\"AaXINqeOiC\"><a href=\"https:\/\/denizcankizil.tr\/de\/haberler\/gundem\/hatay-dernekleri-istanbulda-iftarda-bulustu\/\">Hatay Dernekleri \u0130stanbul\u2019da iftarda bulu\u015ftu<\/a><\/blockquote><iframe sandbox=\"allow-scripts\" security=\"restricted\" src=\"https:\/\/denizcankizil.tr\/de\/haberler\/gundem\/hatay-dernekleri-istanbulda-iftarda-bulustu\/embed\/#?secret=AaXINqeOiC\" width=\"600\" height=\"338\" title=\"&#8222;Hatay Dernekleri \u0130stanbul\u2019da iftarda bulu\u015ftu&#8220; &#8211; Av. Deniz Can K\u0131z\u0131l\" data-secret=\"AaXINqeOiC\" frameborder=\"0\" marginwidth=\"0\" marginheight=\"0\" scrolling=\"no\" class=\"wp-embedded-content\"><\/iframe><script>\n\/*! This file is auto-generated *\/\n!function(d,l){\"use strict\";l.querySelector&&d.addEventListener&&\"undefined\"!=typeof URL&&(d.wp=d.wp||{},d.wp.receiveEmbedMessage||(d.wp.receiveEmbedMessage=function(e){var t=e.data;if((t||t.secret||t.message||t.value)&&!\/[^a-zA-Z0-9]\/.test(t.secret)){for(var s,r,n,a=l.querySelectorAll('iframe[data-secret=\"'+t.secret+'\"]'),o=l.querySelectorAll('blockquote[data-secret=\"'+t.secret+'\"]'),c=new RegExp(\"^https?:$\",\"i\"),i=0;i<o.length;i++)o[i].style.display=\"none\";for(i=0;i<a.length;i++)s=a[i],e.source===s.contentWindow&&(s.removeAttribute(\"style\"),\"height\"===t.message?(1e3<(r=parseInt(t.value,10))?r=1e3:~~r<200&&(r=200),s.height=r):\"link\"===t.message&&(r=new URL(s.getAttribute(\"src\")),n=new URL(t.value),c.test(n.protocol))&&n.host===r.host&&l.activeElement===s&&(d.top.location.href=t.value))}},d.addEventListener(\"message\",d.wp.receiveEmbedMessage,!1),l.addEventListener(\"DOMContentLoaded\",function(){for(var e,t,s=l.querySelectorAll(\"iframe.wp-embedded-content\"),r=0;r<s.length;r++)(t=(e=s[r]).getAttribute(\"data-secret\"))||(t=Math.random().toString(36).substring(2,12),e.src+=\"#?secret=\"+t,e.setAttribute(\"data-secret\",t)),e.contentWindow.postMessage({message:\"ready\",secret:t},\"*\")},!1)))}(window,document);\n\/\/# sourceURL=https:\/\/denizcankizil.tr\/wp-includes\/js\/wp-embed.min.js\n<\/script>","description":"Hatay Dayan\u0131\u015fma Derne\u011fi Ba\u015fkan\u0131 Fahir Semir Abac\u0131, 1976 y\u0131l\u0131ndan beri faaliyette olan Derne\u011fi\u2019nin son iki d\u00f6nem ba\u015fkan\u0131 oldu\u011funu ifade etti\u011fi iftar program\u0131nda, \u00f6ncesi davetlileri selamlad\u0131, kat\u0131l\u0131m g\u00f6steren dernekleri alfabetik s\u0131raya g\u00f6re isimlerini takdim etti. \u2018D\u00dcNYADA 500 M\u0130LYON A\u00c7LIKLA \u0130MT\u0130HAN ED\u0130L\u0130YOR\u2019\u00a0\u00a0 Bu g\u00fczel sofran\u0131n sava\u015flardan, depremlerden, kurakl\u0131ktan, yoksulluktan, hastal\u0131ktan dolay\u0131, a\u00e7l\u0131kla imtihan edilen d\u00fcnya \u00fczerindeki 500\u00a0milyondan fazla insan\u0131n halini anlamaya vesile olmas\u0131 dile\u011finde bulunan Abac\u0131 \u201cBiz bu sofrada yer alan Hatay dernekleri olarak bulu\u015ftuk. Hem\u015ferilerimiz ile bir araya gelmemizi sa\u011flayan Beyo\u011flu Belediye ba\u015fkan\u0131m\u0131z \u0130nan G\u00fcney\u2019e, meclis \u00fcyelerine, Kent Konseyi Ba\u015fkanl\u0131\u011f\u0131\u2019na, Halkla \u0130li\u015fkiler M\u00fcd\u00fcr\u00fc\u2019ne, Kad\u0131n ve Aile Hizmetleri M\u00fcd\u00fcr\u00fc\u2019ne, iftar \u00e7ad\u0131r\u0131nda hizmet veren belediye personeli ve g\u00fcvenlik ekibine de \u00e7ok te\u015fekk\u00fcr ederiz.\u00a0Hepinize hay\u0131rl\u0131 ramazanlar s\u0131hhatli iftarlar diliyor sayg\u0131lar\u0131m\u0131z\u0131 sunuyoruz\u201d diye konu\u015ftu. \u00a0 \u0130stanbul Beyo\u011flu\u2019ndaki \u0130ftar bulu\u015fmas\u0131nda; Hatayl\u0131lar Derne\u011fi Ba\u015fkan\u0131 Av. Mehmet Denizo\u011flu ve i\u015f adam\u0131 Burak Aky\u00fcrek,\u00a0Asi-Der Ba\u015fkan\u0131 Tevfik Usluo\u011flu,\u00a0Antakya K\u00fclt\u00fcr\u00fcn\u00fc Tan\u0131tma Ya\u015fatma ve Yard\u0131mla\u015fma Derne\u011fi Ba\u015fkan\u0131 Ahmet Kara,\u00a0\u00a0Arsuzlular Sosyal Yard\u0131mla\u015fma ve Kalk\u0131nma Derne\u011fi Ba\u015fkan\u0131 Necmi Ya\u015far,\u00a0Has- Der \u0130stanbul Hatay Hassa Sosyal Yard\u0131mla\u015fma ve Dayan\u0131\u015fma Derne\u011fi Ba\u015fkan\u0131 Cemil Durgun,\u00a0\u0130stanbul Alt\u0131n\u00f6z\u00fc K\u00fclt\u00fcr ve Dayan\u0131\u015fma Derne\u011fi Ba\u015fkan\u0131 Alparslan \u00d6zdemir,\u00a0\u0130stanbul Hatay Gastronomi ve E\u011fitim Derne\u011fi Ba\u015fkan\u0131 Ahmet Solako\u011flu,\u00a0\u0130stanbul K\u0131r\u0131khanl\u0131lar Derne\u011fi Ba\u015fkan\u0131 Mustafa Uyar,\u00a0\u00a0\u0130KSAD \u2013 \u0130skenderun K\u00fclt\u00fcr ve Dayan\u0131\u015fma Derne\u011fi Ba\u015fkan\u0131 Asuman S\u00fcar,\u00a0Samanda\u011f Sosyal Yard\u0131mla\u015fma ve &hellip;"}