{"version":"1.0","provider_name":"Av. Deniz Can K\u0131z\u0131l","provider_url":"https:\/\/denizcankizil.tr\/de","author_name":"admin","author_url":"https:\/\/denizcankizil.tr\/de\/author\/admin\/","title":"G\u00fcney Ege ve Bat\u0131 Akdeniz'e toz ta\u015f\u0131n\u0131m\u0131 uyar\u0131s\u0131!","type":"rich","width":600,"height":338,"html":"<blockquote class=\"wp-embedded-content\" data-secret=\"0NpXemKBf5\"><a href=\"https:\/\/denizcankizil.tr\/de\/haberler\/gundem\/guney-ege-ve-bati-akdenize-toz-tasinimi-uyarisi\/\">G\u00fcney Ege ve Bat\u0131 Akdeniz&#8217;e toz ta\u015f\u0131n\u0131m\u0131 uyar\u0131s\u0131!<\/a><\/blockquote><iframe sandbox=\"allow-scripts\" security=\"restricted\" src=\"https:\/\/denizcankizil.tr\/de\/haberler\/gundem\/guney-ege-ve-bati-akdenize-toz-tasinimi-uyarisi\/embed\/#?secret=0NpXemKBf5\" width=\"600\" height=\"338\" title=\"&#8222;G\u00fcney Ege ve Bat\u0131 Akdeniz&#8217;e toz ta\u015f\u0131n\u0131m\u0131 uyar\u0131s\u0131!&#8220; &#8211; Av. Deniz Can K\u0131z\u0131l\" data-secret=\"0NpXemKBf5\" frameborder=\"0\" marginwidth=\"0\" marginheight=\"0\" scrolling=\"no\" class=\"wp-embedded-content\"><\/iframe><script>\n\/*! This file is auto-generated *\/\n!function(d,l){\"use strict\";l.querySelector&&d.addEventListener&&\"undefined\"!=typeof URL&&(d.wp=d.wp||{},d.wp.receiveEmbedMessage||(d.wp.receiveEmbedMessage=function(e){var t=e.data;if((t||t.secret||t.message||t.value)&&!\/[^a-zA-Z0-9]\/.test(t.secret)){for(var s,r,n,a=l.querySelectorAll('iframe[data-secret=\"'+t.secret+'\"]'),o=l.querySelectorAll('blockquote[data-secret=\"'+t.secret+'\"]'),c=new RegExp(\"^https?:$\",\"i\"),i=0;i<o.length;i++)o[i].style.display=\"none\";for(i=0;i<a.length;i++)s=a[i],e.source===s.contentWindow&&(s.removeAttribute(\"style\"),\"height\"===t.message?(1e3<(r=parseInt(t.value,10))?r=1e3:~~r<200&&(r=200),s.height=r):\"link\"===t.message&&(r=new URL(s.getAttribute(\"src\")),n=new URL(t.value),c.test(n.protocol))&&n.host===r.host&&l.activeElement===s&&(d.top.location.href=t.value))}},d.addEventListener(\"message\",d.wp.receiveEmbedMessage,!1),l.addEventListener(\"DOMContentLoaded\",function(){for(var e,t,s=l.querySelectorAll(\"iframe.wp-embedded-content\"),r=0;r<s.length;r++)(t=(e=s[r]).getAttribute(\"data-secret\"))||(t=Math.random().toString(36).substring(2,12),e.src+=\"#?secret=\"+t,e.setAttribute(\"data-secret\",t)),e.contentWindow.postMessage({message:\"ready\",secret:t},\"*\")},!1)))}(window,document);\n\/\/# sourceURL=https:\/\/denizcankizil.tr\/wp-includes\/js\/wp-embed.min.js\n<\/script>","description":"Hava s\u0131cakl\u0131\u011f\u0131n\u0131n, yurt genelinde mevsim normallerinin \u00fczerinde seyretmeye devam edece\u011fi tahmin ediliyor. G\u00fcney Ege ve Bat\u0131 Akdeniz\u2019de toz ta\u015f\u0131n\u0131m\u0131 beklendi\u011finden ula\u015f\u0131mda aksamalar, g\u00f6r\u00fc\u015f mesafesinde d\u00fc\u015fme, hava kalitesinde azalma, \u00e7amur \u015feklinde ya\u011f\u0131\u015f gibi olumsuzluklara kar\u015f\u0131 dikkatli ve tedbirli olunmas\u0131 istendi.ANKARA (\u0130GFA) &#8211; Meteoroloji Genel M\u00fcd\u00fcrl\u00fc\u011f\u00fc, 8 May\u0131s Per\u015fembe g\u00fcn\u00fcne ili\u015fkin hava tahmin raporunu yay\u0131mlad\u0131. Buna g\u00f6re \u00fclkemiz genelinin par\u00e7al\u0131 ve \u00e7ok bulutlu, Akdeniz\u2019in Toroslar mevkii, Bat\u0131 Karadeniz&#8217;in i\u00e7 kesimleri, Orta ve Do\u011fu Karadeniz, Do\u011fu Anadolu ile K\u0131rklareli, Kahramanmara\u015f, Karaman, Yozgat, Kayseri, Sivas, Ni\u011fde, Ad\u0131yaman, Diyarbak\u0131r, Batman ve Siirt \u00e7evreleri ile Antalya&#8217;n\u0131n i\u00e7 kesimlerinin sa\u011fanak ve g\u00f6k g\u00fcr\u00fclt\u00fcl\u00fc sa\u011fanak ya\u011f\u0131\u015fl\u0131 ge\u00e7ece\u011fi tahmin ediliyor. G\u00fcney Ege ve Bat\u0131 Akdeniz\u2019de toz ta\u015f\u0131n\u0131m\u0131 bekleniyor. Genellikle r\u00fczgar\u0131n g\u00fcney y\u00f6nlerden hafif, ara s\u0131ra orta kuvvette, G\u00fcney ve \u0130\u00e7 Ege\u2019de g\u00fcney ve g\u00fcneybat\u0131 y\u00f6nlerden kuvvetli (40-60 km\/saat) olarak esmesi beklenirken, Meteoroloji olumsuzluklara kar\u015f\u0131 dikkatli ve tedbirli olumas\u0131n\u0131 istedi. Meteoroloji&#8217;den yap\u0131lan bir ba\u015fka uyar\u0131 ise toz ta\u015f\u0131n\u0131m\u0131 konusunda oldu. G\u00fcney Ege ve Bat\u0131 Akdeniz\u2019de toz ta\u015f\u0131n\u0131m\u0131 beklendi\u011finden ula\u015f\u0131mda aksamalar, g\u00f6r\u00fc\u015f mesafesinde d\u00fc\u015fme, hava kalitesinde azalma, \u00e7amur \u015feklinde ya\u011f\u0131\u015f gibi olumsuzluklara kar\u015f\u0131 dikkatli ve tedbirli olunmas\u0131 istendi. \u200bHava s\u0131cakl\u0131\u011f\u0131n\u0131n, yurt genelinde mevsim normallerinin \u00fczerinde seyretmeye devam edece\u011fi tahmin ediliyor. G\u00fcney Ege ve Bat\u0131 Akdeniz\u2019de toz ta\u015f\u0131n\u0131m\u0131 beklendi\u011finden ula\u015f\u0131mda aksamalar, g\u00f6r\u00fc\u015f &hellip;"}