{"version":"1.0","provider_name":"Av. Deniz Can K\u0131z\u0131l","provider_url":"https:\/\/denizcankizil.tr\/de","author_name":"admin","author_url":"https:\/\/denizcankizil.tr\/de\/author\/admin\/","title":"F\u0131rt\u0131na ve toz ta\u015f\u0131n\u0131m\u0131 etkili olacak!","type":"rich","width":600,"height":338,"html":"<blockquote class=\"wp-embedded-content\" data-secret=\"EAZ4nfjiD0\"><a href=\"https:\/\/denizcankizil.tr\/de\/haberler\/gundem\/firtina-ve-toz-tasinimi-etkili-olacak\/\">F\u0131rt\u0131na ve toz ta\u015f\u0131n\u0131m\u0131 etkili olacak!<\/a><\/blockquote><iframe sandbox=\"allow-scripts\" security=\"restricted\" src=\"https:\/\/denizcankizil.tr\/de\/haberler\/gundem\/firtina-ve-toz-tasinimi-etkili-olacak\/embed\/#?secret=EAZ4nfjiD0\" width=\"600\" height=\"338\" title=\"&#8222;F\u0131rt\u0131na ve toz ta\u015f\u0131n\u0131m\u0131 etkili olacak!&#8220; &#8211; Av. Deniz Can K\u0131z\u0131l\" data-secret=\"EAZ4nfjiD0\" frameborder=\"0\" marginwidth=\"0\" marginheight=\"0\" scrolling=\"no\" class=\"wp-embedded-content\"><\/iframe><script>\n\/*! This file is auto-generated *\/\n!function(d,l){\"use strict\";l.querySelector&&d.addEventListener&&\"undefined\"!=typeof URL&&(d.wp=d.wp||{},d.wp.receiveEmbedMessage||(d.wp.receiveEmbedMessage=function(e){var t=e.data;if((t||t.secret||t.message||t.value)&&!\/[^a-zA-Z0-9]\/.test(t.secret)){for(var s,r,n,a=l.querySelectorAll('iframe[data-secret=\"'+t.secret+'\"]'),o=l.querySelectorAll('blockquote[data-secret=\"'+t.secret+'\"]'),c=new RegExp(\"^https?:$\",\"i\"),i=0;i<o.length;i++)o[i].style.display=\"none\";for(i=0;i<a.length;i++)s=a[i],e.source===s.contentWindow&&(s.removeAttribute(\"style\"),\"height\"===t.message?(1e3<(r=parseInt(t.value,10))?r=1e3:~~r<200&&(r=200),s.height=r):\"link\"===t.message&&(r=new URL(s.getAttribute(\"src\")),n=new URL(t.value),c.test(n.protocol))&&n.host===r.host&&l.activeElement===s&&(d.top.location.href=t.value))}},d.addEventListener(\"message\",d.wp.receiveEmbedMessage,!1),l.addEventListener(\"DOMContentLoaded\",function(){for(var e,t,s=l.querySelectorAll(\"iframe.wp-embedded-content\"),r=0;r<s.length;r++)(t=(e=s[r]).getAttribute(\"data-secret\"))||(t=Math.random().toString(36).substring(2,12),e.src+=\"#?secret=\"+t,e.setAttribute(\"data-secret\",t)),e.contentWindow.postMessage({message:\"ready\",secret:t},\"*\")},!1)))}(window,document);\n\/\/# sourceURL=https:\/\/denizcankizil.tr\/wp-includes\/js\/wp-embed.min.js\n<\/script>","description":"Meteoroloji&#8217;den yap\u0131lan hava tahmin raporuna g\u00f6re, T\u00fcrkiye genelinde ya\u011f\u0131\u015f beklenmiyor. G\u00fcneydo\u011fu Anadolu&#8217;da toz ta\u015f\u0131n\u0131m\u0131 g\u00f6r\u00fclecek. \u0130\u00e7 b\u00f6lgelerde buzlanma, \u00e7\u0131\u011f ve don tehlikesi devam ediyor.ANKARA (\u0130GFA) &#8211;\u00a0Meteoroloji Genel M\u00fcd\u00fcrl\u00fc\u011f\u00fc taraf\u0131ndan yap\u0131lan tahminlere g\u00f6re \u00fclke\u00a0genelinde ya\u011f\u0131\u015f beklenmiyor. Orta ve Do\u011fu Karadeniz k\u0131y\u0131lar\u0131n\u0131n par\u00e7al\u0131 bulutlu, di\u011fer yerlerin az bulutlu ve a\u00e7\u0131k ge\u00e7ece\u011fi tahmin ediliyor. R\u00fczgar\u0131n; kuzeyli y\u00f6nlerden, \u00c7anakkale \u00e7evrelerinde kuvvetli (30-50 km\/saat), Do\u011fu Akdeniz\u2019in do\u011fusunda f\u0131rt\u0131na (40-60 km\/saat) \u015feklinde esmesi bekleniyor. Sabah ve gece saatlerinde i\u00e7 ve do\u011fu kesimlerde buzlanma ve don ile birlikte pus ve yer yer sis bekleniyor. Do\u011fu Karadeniz\u2019in i\u00e7 kesimlerinin y\u00fcksekleri ile Do\u011fu Anadolu\u2019nun y\u00fcksek ve dik yama\u00e7lar\u0131nda \u00e7\u0131\u011f tehlikesi bulunmaktad\u0131r. Do\u011fu Akdeniz ve G\u00fcneydo\u011fu Anadolu\u2019da toz ta\u015f\u0131n\u0131m\u0131 beklenmektedir. Hava s\u0131cakl\u0131klar\u0131n\u0131n yurt genelinde artarak mevsim normallerinin 4-8 derece \u00fczerinde seyretmesi bekleniyor. R\u00fczgar genellikle kuzeyli, yurdun g\u00fcneydo\u011fu kesimlerinde g\u00fcney ve do\u011fu y\u00f6nlerden hafif, ara s\u0131ra orta kuvvette, \u00c7anakkale \u00e7evrelerinde kuvvetli (30-50 km\/saat), Do\u011fu Akdeniz\u2019in do\u011fusunda f\u0131rt\u0131na \u015feklinde esmesi bekleniyor. KUVVETL\u0130 R\u00dcZGAR UYARISI: Kuzeyli y\u00f6nlerden, \u00c7anakkale \u00e7evrelerinde kuvvetli (30-50 km\/saat), Do\u011fu Akdeniz\u2019in do\u011fusunda f\u0131rt\u0131na (40-60 km\/saat) \u015feklinde esmesi beklendi\u011finden ya\u015fanabilecek olumsuzluklara kar\u015f\u0131 dikkatli ve tedbirli olunmas\u0131 gerekmektedir. \u00c7I\u011e TEHL\u0130KES\u0130 \u0130LE BUZLANMA VE DON OLAYI UYARISI Son g\u00fcnlerde meydana gelen kar ya\u011f\u0131\u015flar\u0131 sebebi ile Do\u011fu Karadeniz ile Do\u011fu Anadolu&#8217;da y\u00fcksek kar \u00f6rt\u00fcs\u00fc &hellip;"}