{"version":"1.0","provider_name":"Av. Deniz Can K\u0131z\u0131l","provider_url":"https:\/\/denizcankizil.tr\/de","author_name":"admin","author_url":"https:\/\/denizcankizil.tr\/de\/author\/admin\/","title":"Eylemleri 51 haftad\u0131r s\u00fcr\u00fcyor... Sa\u011fl\u0131k\u00e7\u0131lar ne istiyor?","type":"rich","width":600,"height":338,"html":"<blockquote class=\"wp-embedded-content\" data-secret=\"rS7gSz0Bxf\"><a href=\"https:\/\/denizcankizil.tr\/de\/haberler\/gundem\/eylemleri-51-haftadir-suruyor-saglikcilar-ne-istiyor\/\">Eylemleri 51 haftad\u0131r s\u00fcr\u00fcyor&#8230; Sa\u011fl\u0131k\u00e7\u0131lar ne istiyor?<\/a><\/blockquote><iframe sandbox=\"allow-scripts\" security=\"restricted\" src=\"https:\/\/denizcankizil.tr\/de\/haberler\/gundem\/eylemleri-51-haftadir-suruyor-saglikcilar-ne-istiyor\/embed\/#?secret=rS7gSz0Bxf\" width=\"600\" height=\"338\" title=\"&#8222;Eylemleri 51 haftad\u0131r s\u00fcr\u00fcyor&#8230; Sa\u011fl\u0131k\u00e7\u0131lar ne istiyor?&#8220; &#8211; Av. Deniz Can K\u0131z\u0131l\" data-secret=\"rS7gSz0Bxf\" frameborder=\"0\" marginwidth=\"0\" marginheight=\"0\" scrolling=\"no\" class=\"wp-embedded-content\"><\/iframe><script>\n\/*! This file is auto-generated *\/\n!function(d,l){\"use strict\";l.querySelector&&d.addEventListener&&\"undefined\"!=typeof URL&&(d.wp=d.wp||{},d.wp.receiveEmbedMessage||(d.wp.receiveEmbedMessage=function(e){var t=e.data;if((t||t.secret||t.message||t.value)&&!\/[^a-zA-Z0-9]\/.test(t.secret)){for(var s,r,n,a=l.querySelectorAll('iframe[data-secret=\"'+t.secret+'\"]'),o=l.querySelectorAll('blockquote[data-secret=\"'+t.secret+'\"]'),c=new RegExp(\"^https?:$\",\"i\"),i=0;i<o.length;i++)o[i].style.display=\"none\";for(i=0;i<a.length;i++)s=a[i],e.source===s.contentWindow&&(s.removeAttribute(\"style\"),\"height\"===t.message?(1e3<(r=parseInt(t.value,10))?r=1e3:~~r<200&&(r=200),s.height=r):\"link\"===t.message&&(r=new URL(s.getAttribute(\"src\")),n=new URL(t.value),c.test(n.protocol))&&n.host===r.host&&l.activeElement===s&&(d.top.location.href=t.value))}},d.addEventListener(\"message\",d.wp.receiveEmbedMessage,!1),l.addEventListener(\"DOMContentLoaded\",function(){for(var e,t,s=l.querySelectorAll(\"iframe.wp-embedded-content\"),r=0;r<s.length;r++)(t=(e=s[r]).getAttribute(\"data-secret\"))||(t=Math.random().toString(36).substring(2,12),e.src+=\"#?secret=\"+t,e.setAttribute(\"data-secret\",t)),e.contentWindow.postMessage({message:\"ready\",secret:t},\"*\")},!1)))}(window,document);\n\/\/# sourceURL=https:\/\/denizcankizil.tr\/wp-includes\/js\/wp-embed.min.js\n<\/script>","description":"Birlik ve Dayan\u0131\u015fma Sendikas\u0131 1 No&#8217;lu \u015eube Ba\u015fkan\u0131 Dr. Ahmet Mehlep\u00e7i, bug\u00fcn \u00dcmraniye Hekimba\u015f\u0131 Aile Sa\u011fl\u0131\u011f\u0131 Merkezi \u00f6n\u00fcnde ger\u00e7ekle\u015ftirilen ortak bas\u0131n a\u00e7\u0131klamas\u0131nda sa\u011fl\u0131k \u00e7al\u0131\u015fanlar\u0131n\u0131n kar\u015f\u0131la\u015ft\u0131\u011f\u0131 zorluklara dikkat \u00e7ekilerek, sa\u011fl\u0131kta \u015fiddetin sona ermesi gerekti\u011fi bir kez daha vurguland\u0131.ANKARA (\u0130GFA) &#8211;\u00a0 Birlik ve Dayan\u0131\u015fma Sendikas\u0131 1 No&#8217;lu \u015eube Ba\u015fkan\u0131 Dr. Ahmet Mehlep\u00e7i ortak bas\u0131n a\u00e7\u0131klamas\u0131 yapt\u0131. Birlik ve Dayan\u0131\u015fma Sendikas\u0131 1 No&#8217;lu \u015eube Ba\u015fkan\u0131 Dr. Ahmet Mehlep\u00e7i, bug\u00fcn \u00dcmraniye Hekimba\u015f\u0131 Aile Sa\u011fl\u0131\u011f\u0131 Merkezi \u00f6n\u00fcnde ger\u00e7ekle\u015ftirilen ortak bas\u0131n a\u00e7\u0131klamas\u0131nda sa\u011fl\u0131k \u00e7al\u0131\u015fanlar\u0131n\u0131n kar\u015f\u0131la\u015ft\u0131\u011f\u0131 zorluklara dikkat \u00e7ekti ve sa\u011fl\u0131kta \u015fiddetin sona ermesi gerekti\u011fini vurgulad\u0131. Dr. Ahmet Mehlep\u00e7i, 51 haftad\u0131r s\u00fcren eylemlerimizde, sa\u011fl\u0131k \u00e7al\u0131\u015fanlar\u0131n\u0131n g\u00fcvenli ortamda \u00e7al\u0131\u015fmas\u0131 ve can g\u00fcvenli\u011finin sa\u011flanmas\u0131 i\u00e7in seslerini y\u00fckselttiklerini belirterek, &#8220;Bug\u00fcn, \u015fiddet ve g\u00fcvencesizlikle m\u00fccadele eden sa\u011fl\u0131k \u00e7al\u0131\u015fanlar\u0131, \u00e7al\u0131\u015fma ortamlar\u0131nda hayati tehlikelerle kar\u015f\u0131 kar\u015f\u0131ya kalmaya devam ediyor. Sa\u011fl\u0131k \u00e7al\u0131\u015fan\u0131na \u015fiddet sona ersin&#8221; dedi. &#8220;Ersin Arslan&#8217;\u0131n 17 Nisan 2012&#8217;de hastanede bir hasta yak\u0131n\u0131 taraf\u0131ndan b\u0131\u00e7aklanarak hayat\u0131n\u0131 kaybetmesinden sonra, bu \u00e7a\u011fr\u0131y\u0131 her hafta yap\u0131yoruz&#8221; diyen Dr. Mehlep\u00e7i, &#8220;O g\u00fcnden beri, bir daha sa\u011fl\u0131k \u00e7al\u0131\u015fanlar\u0131n\u0131n g\u00f6rev ba\u015f\u0131nda \u00f6ld\u00fcr\u00fclmemesi i\u00e7in m\u00fccadelemizi s\u00fcrd\u00fcr\u00fcyoruz. Ancak maalesef, bu kadar uzun s\u00fcren \u00e7abalara ra\u011fmen, sa\u011fl\u0131kta \u015fiddet sona ermemi\u015ftir. Bug\u00fcn hala hastanelere silahla girilebiliyor, sa\u011fl\u0131k \u00e7al\u0131\u015fanlar\u0131 tehdit ediliyor ve \u015fiddet g\u00f6r\u00fcyor&#8221; dedi. NE \u0130ST\u0130YORUZ? Dr. Ahmet Mehlep\u00e7i a\u00e7\u0131klamas\u0131n\u0131n devam\u0131nda, sa\u011fl\u0131k &hellip;"}