{"version":"1.0","provider_name":"Av. Deniz Can K\u0131z\u0131l","provider_url":"https:\/\/denizcankizil.tr\/de","author_name":"admin","author_url":"https:\/\/denizcankizil.tr\/de\/author\/admin\/","title":"Elektrik Kesintisi H\u0131rs\u0131zl\u0131\u011fa Davetiye \u00c7\u0131kard\u0131!","type":"rich","width":600,"height":338,"html":"<blockquote class=\"wp-embedded-content\" data-secret=\"ZyrfmWGuof\"><a href=\"https:\/\/denizcankizil.tr\/de\/haberler\/gundem\/elektrik-kesintisi-hirsizliga-davetiye-cikardi\/\">Elektrik Kesintisi H\u0131rs\u0131zl\u0131\u011fa Davetiye \u00c7\u0131kard\u0131!<\/a><\/blockquote><iframe sandbox=\"allow-scripts\" security=\"restricted\" src=\"https:\/\/denizcankizil.tr\/de\/haberler\/gundem\/elektrik-kesintisi-hirsizliga-davetiye-cikardi\/embed\/#?secret=ZyrfmWGuof\" width=\"600\" height=\"338\" title=\"&#8222;Elektrik Kesintisi H\u0131rs\u0131zl\u0131\u011fa Davetiye \u00c7\u0131kard\u0131!&#8220; &#8211; Av. Deniz Can K\u0131z\u0131l\" data-secret=\"ZyrfmWGuof\" frameborder=\"0\" marginwidth=\"0\" marginheight=\"0\" scrolling=\"no\" class=\"wp-embedded-content\"><\/iframe><script>\n\/*! This file is auto-generated *\/\n!function(d,l){\"use strict\";l.querySelector&&d.addEventListener&&\"undefined\"!=typeof URL&&(d.wp=d.wp||{},d.wp.receiveEmbedMessage||(d.wp.receiveEmbedMessage=function(e){var t=e.data;if((t||t.secret||t.message||t.value)&&!\/[^a-zA-Z0-9]\/.test(t.secret)){for(var s,r,n,a=l.querySelectorAll('iframe[data-secret=\"'+t.secret+'\"]'),o=l.querySelectorAll('blockquote[data-secret=\"'+t.secret+'\"]'),c=new RegExp(\"^https?:$\",\"i\"),i=0;i<o.length;i++)o[i].style.display=\"none\";for(i=0;i<a.length;i++)s=a[i],e.source===s.contentWindow&&(s.removeAttribute(\"style\"),\"height\"===t.message?(1e3<(r=parseInt(t.value,10))?r=1e3:~~r<200&&(r=200),s.height=r):\"link\"===t.message&&(r=new URL(s.getAttribute(\"src\")),n=new URL(t.value),c.test(n.protocol))&&n.host===r.host&&l.activeElement===s&&(d.top.location.href=t.value))}},d.addEventListener(\"message\",d.wp.receiveEmbedMessage,!1),l.addEventListener(\"DOMContentLoaded\",function(){for(var e,t,s=l.querySelectorAll(\"iframe.wp-embedded-content\"),r=0;r<s.length;r++)(t=(e=s[r]).getAttribute(\"data-secret\"))||(t=Math.random().toString(36).substring(2,12),e.src+=\"#?secret=\"+t,e.setAttribute(\"data-secret\",t)),e.contentWindow.postMessage({message:\"ready\",secret:t},\"*\")},!1)))}(window,document);\n\/\/# sourceURL=https:\/\/denizcankizil.tr\/wp-includes\/js\/wp-embed.min.js\n<\/script>","description":"Elektri\u011fin olmamas\u0131n\u0131 f\u0131rsat bilen kimli\u011fi belirsiz ki\u015fi veya ki\u015filer, gece saatlerinde binaya girerek klima, g\u00fcvenlik kamera sistemi, bilgisayar monit\u00f6r\u00fc ve baz\u0131 \u00f6zel e\u015fyalar\u0131 \u00e7ald\u0131. G\u00fcll\u00fcbah\u00e7e Muhtar\u0131 Rafet Yavrum, konuyla ilgili yapt\u0131\u011f\u0131 a\u00e7\u0131klamada, muhtarl\u0131k binas\u0131n\u0131n hi\u00e7bir borcu olmamas\u0131na ra\u011fmen 9 ayd\u0131r elektriksiz oldu\u011funu ve bu durumun defalarca ilgili mercilere bildirilmesine ra\u011fmen hi\u00e7bir \u00f6nlem al\u0131nmad\u0131\u011f\u0131n\u0131 belirterek &#8220;Hi\u00e7bir borcum olmamas\u0131na ra\u011fmen elektri\u011fimiz kesik. Bunu defalarca bildirmeme ra\u011fmen ilgilenen olmad\u0131. Gece karanl\u0131\u011f\u0131nda gelen h\u0131rs\u0131zlar; klima, g\u00fcvenlik kamera sistemi, bilgisayar monit\u00f6r\u00fcm ve baz\u0131 \u00f6zel e\u015fyalar\u0131m\u0131 \u00e7alm\u0131\u015f. Elektrik olsayd\u0131 kameralar \u00e7al\u0131\u015f\u0131rd\u0131, belki de bu h\u0131rs\u0131zl\u0131k ya\u015fanmazd\u0131&#8221; diye konu\u015ftu. &#8220;HIRSIZLIKTAN ELEKTR\u0130\u011e\u0130M\u0130 KESEN YETK\u0130L\u0130LER DE SORUMLU!&#8221; Ya\u015fanan h\u0131rs\u0131zl\u0131k olay\u0131ndan dolay\u0131 sadece h\u0131rs\u0131zlar\u0131 de\u011fil, ayn\u0131 zamanda muhtarl\u0131k binas\u0131n\u0131 9 ayd\u0131r elektriksiz b\u0131rakan yetkilileri de sorumlu tutan Muhtar Yavrum, &#8220;Devletin bana emanet etti\u011fi malzemeler \u00e7al\u0131nd\u0131. Bu, basit bir ihmal de\u011fil, ciddi bir g\u00fcvenlik zaaf\u0131d\u0131r. Bu olay\u0131n sorumlulu\u011funu muhtarl\u0131k binas\u0131n\u0131 9 ayd\u0131r elektriksiz b\u0131rakanlar da sorumludur. Onlar\u0131 Allah\u2019a havale ediyorum&#8221; dedi. Mahalle sakinleri de, kamuya ait bir binada bu denli uzun s\u00fcren bir elektrik kesintisinin kabul edilemez oldu\u011funu vurgulayarak, yetkilileri acilen g\u00f6reve \u00e7a\u011f\u0131rd\u0131. Ya\u015fanan bu h\u0131rs\u0131zl\u0131k olay\u0131, kamu binalar\u0131n\u0131n g\u00fcvenli\u011fi ve altyap\u0131 sorunlar\u0131 konusundaki ihmallerin nelere yol a\u00e7abilece\u011fini bir kez daha g\u00f6zler \u00f6n\u00fcne serdi. Yetkililerin bu duruma ne zaman ve nas\u0131l &hellip;"}