{"version":"1.0","provider_name":"Av. Deniz Can K\u0131z\u0131l","provider_url":"https:\/\/denizcankizil.tr\/de","author_name":"admin","author_url":"https:\/\/denizcankizil.tr\/de\/author\/admin\/","title":"Edirne Ke\u015fan'da seyir halinde ara\u00e7 alev ald\u0131!","type":"rich","width":600,"height":338,"html":"<blockquote class=\"wp-embedded-content\" data-secret=\"vXz04vDyJr\"><a href=\"https:\/\/denizcankizil.tr\/de\/haberler\/gundem\/edirne-kesanda-seyir-halinde-arac-alev-aldi\/\">Edirne Ke\u015fan&#8217;da seyir halinde ara\u00e7 alev ald\u0131!<\/a><\/blockquote><iframe sandbox=\"allow-scripts\" security=\"restricted\" src=\"https:\/\/denizcankizil.tr\/de\/haberler\/gundem\/edirne-kesanda-seyir-halinde-arac-alev-aldi\/embed\/#?secret=vXz04vDyJr\" width=\"600\" height=\"338\" title=\"&#8222;Edirne Ke\u015fan&#8217;da seyir halinde ara\u00e7 alev ald\u0131!&#8220; &#8211; Av. Deniz Can K\u0131z\u0131l\" data-secret=\"vXz04vDyJr\" frameborder=\"0\" marginwidth=\"0\" marginheight=\"0\" scrolling=\"no\" class=\"wp-embedded-content\"><\/iframe><script>\n\/*! This file is auto-generated *\/\n!function(d,l){\"use strict\";l.querySelector&&d.addEventListener&&\"undefined\"!=typeof URL&&(d.wp=d.wp||{},d.wp.receiveEmbedMessage||(d.wp.receiveEmbedMessage=function(e){var t=e.data;if((t||t.secret||t.message||t.value)&&!\/[^a-zA-Z0-9]\/.test(t.secret)){for(var s,r,n,a=l.querySelectorAll('iframe[data-secret=\"'+t.secret+'\"]'),o=l.querySelectorAll('blockquote[data-secret=\"'+t.secret+'\"]'),c=new RegExp(\"^https?:$\",\"i\"),i=0;i<o.length;i++)o[i].style.display=\"none\";for(i=0;i<a.length;i++)s=a[i],e.source===s.contentWindow&&(s.removeAttribute(\"style\"),\"height\"===t.message?(1e3<(r=parseInt(t.value,10))?r=1e3:~~r<200&&(r=200),s.height=r):\"link\"===t.message&&(r=new URL(s.getAttribute(\"src\")),n=new URL(t.value),c.test(n.protocol))&&n.host===r.host&&l.activeElement===s&&(d.top.location.href=t.value))}},d.addEventListener(\"message\",d.wp.receiveEmbedMessage,!1),l.addEventListener(\"DOMContentLoaded\",function(){for(var e,t,s=l.querySelectorAll(\"iframe.wp-embedded-content\"),r=0;r<s.length;r++)(t=(e=s[r]).getAttribute(\"data-secret\"))||(t=Math.random().toString(36).substring(2,12),e.src+=\"#?secret=\"+t,e.setAttribute(\"data-secret\",t)),e.contentWindow.postMessage({message:\"ready\",secret:t},\"*\")},!1)))}(window,document);\n\/\/# sourceURL=https:\/\/denizcankizil.tr\/wp-includes\/js\/wp-embed.min.js\n<\/script>","description":"Edirne&#8217;nin Ke\u015fan il\u00e7esi Yeni Mahalle&#8217;de seyir halindeyken durup yeniden \u00e7al\u0131\u015ft\u0131r\u0131lmaya \u00e7al\u0131\u015f\u0131lan bir ara\u00e7 aniden alev ald\u0131. \u0130tfaiyenin m\u00fcdahalesiyle s\u00f6nd\u00fcr\u00fclen yang\u0131n sonras\u0131 ara\u00e7 kullan\u0131lamaz hale geldi.Erdo\u011fan DEM\u0130R \/ ED\u0130RNE (\u0130GFA) &#8211; Olay, Edirne&#8217;nin Ke\u015fan il\u00e7esinde Yeni Mahalle semtinde ya\u015fand\u0131. Seyir halindeki otomobil yang\u0131n\u0131, pani\u011fe yol a\u00e7t\u0131. Kemal Sokak \u00fczerinde seyir halindeyken aniden duran bir ara\u00e7, s\u00fcr\u00fcc\u00fcs\u00fcn\u00fcn \u00e7al\u0131\u015ft\u0131rma \u00e7abas\u0131 s\u0131ras\u0131nda bir anda alev ald\u0131. S\u00fcr\u00fcc\u00fc S.D.&#8217;nin ifadesine g\u00f6re, ara\u00e7 durduktan sonra motor k\u0131sm\u0131ndan dumanlar y\u00fckselmeye ba\u015flad\u0131. Durumu fark eden s\u00fcr\u00fcc\u00fc, h\u0131zla ara\u00e7tan inerek itfaiyeye haber verdi. Olay yerine k\u0131sa s\u00fcrede ula\u015fan ekipler, alevlere m\u00fcdahale ederek yang\u0131n\u0131 kontrol alt\u0131na ald\u0131. Yang\u0131n\u0131n tamamen s\u00f6nd\u00fcr\u00fclmesinin ard\u0131ndan yap\u0131lan incelemelerde, arac\u0131n kullan\u0131lamaz hale geldi\u011fi tespit edildi. Yang\u0131n\u0131n \u00e7\u0131k\u0131\u015f nedeni hen\u00fcz netlik kazanmazken, polis olayla ilgili ara\u015ft\u0131rmalar\u0131n\u0131 s\u00fcrd\u00fcr\u00fcyor. \u200bEdirne&#8217;nin Ke\u015fan il\u00e7esi Yeni Mahalle&#8217;de seyir halindeyken durup yeniden \u00e7al\u0131\u015ft\u0131r\u0131lmaya \u00e7al\u0131\u015f\u0131lan bir ara\u00e7 aniden alev ald\u0131. \u0130tfaiyenin m\u00fcdahalesiyle s\u00f6nd\u00fcr\u00fclen yang\u0131n sonras\u0131 ara\u00e7 kullan\u0131lamaz hale geldi.Erdo\u011fan DEM\u0130R \/ ED\u0130RNE (\u0130GFA) &#8211; Olay, Edirne&#8217;nin Ke\u015fan il\u00e7esinde Yeni Mahalle semtinde ya\u015fand\u0131. Seyir halindeki otomobil yang\u0131n\u0131, pani\u011fe yol a\u00e7t\u0131. Kemal Sokak \u00fczerinde seyir halindeyken aniden duran bir ara\u00e7, s\u00fcr\u00fcc\u00fcs\u00fcn\u00fcn \u00e7al\u0131\u015ft\u0131rma \u00e7abas\u0131 s\u0131ras\u0131nda bir anda alev ald\u0131. S\u00fcr\u00fcc\u00fc S.D.&#8217;nin ifadesine g\u00f6re, ara\u00e7 durduktan sonra motor k\u0131sm\u0131ndan dumanlar y\u00fckselmeye ba\u015flad\u0131. Durumu fark eden s\u00fcr\u00fcc\u00fc, h\u0131zla ara\u00e7tan &hellip;"}